{"id":35945,"date":"2024-10-09T07:54:38","date_gmt":"2024-10-09T05:54:38","guid":{"rendered":"https:\/\/culturefrancia.com\/?page_id=35945"},"modified":"2026-04-22T12:07:00","modified_gmt":"2026-04-22T10:07:00","slug":"strasbourg-things-to-do","status":"publish","type":"page","link":"https:\/\/culturefrancia.com\/en\/strasbourg-things-to-do\/","title":{"rendered":"30+ Things to Do in Strasbourg"},"content":{"rendered":"\t\t<div data-elementor-type=\"wp-page\" data-elementor-id=\"35945\" class=\"elementor elementor-35945\" data-elementor-post-type=\"page\">\n\t\t\t\t<div class=\"elementor-element elementor-element-6baa06c e-flex e-con-boxed e-con e-parent\" data-id=\"6baa06c\" data-element_type=\"container\" data-e-type=\"container\">\n\t\t\t\t\t<div class=\"e-con-inner\">\n\t\t\t\t<div class=\"elementor-element elementor-element-37f73bf elementor-widget elementor-widget-template\" data-id=\"37f73bf\" data-element_type=\"widget\" data-e-type=\"widget\" data-widget_type=\"template.default\">\n\t\t\t\t<div class=\"elementor-widget-container\">\n\t\t\t\t\t\t\t<div class=\"elementor-template\">\n\t\t\t\t\t<\/div>\n\t\t\t\t\t\t<\/div>\n\t\t\t\t<\/div>\n\t\t\t\t\t<\/div>\n\t\t\t\t<\/div>\n\t\t<div class=\"elementor-element elementor-element-14e8a9b container-h2 e-flex e-con-boxed e-con e-parent\" data-id=\"14e8a9b\" data-element_type=\"container\" data-e-type=\"container\">\n\t\t\t\t\t<div class=\"e-con-inner\">\n\t\t<div class=\"elementor-element elementor-element-f28bae7 e-con-full container-titre-h2 e-flex e-con e-child\" data-id=\"f28bae7\" data-element_type=\"container\" data-e-type=\"container\">\n\t\t\t\t<div class=\"elementor-element elementor-element-14b9424 elementor-widget elementor-widget-heading\" data-id=\"14b9424\" data-element_type=\"widget\" data-e-type=\"widget\" data-widget_type=\"heading.default\">\n\t\t\t\t<div class=\"elementor-widget-container\">\n\t\t\t\t\t<h2 class=\"elementor-heading-title elementor-size-default\">YOUTUBE VIDEO (12:12)<\/h2>\t\t\t\t<\/div>\n\t\t\t\t<\/div>\n\t\t\t\t<\/div>\n\t\t<div class=\"elementor-element elementor-element-91d5ff6 e-con-full container-yt e-flex e-con e-child\" data-id=\"91d5ff6\" data-element_type=\"container\" data-e-type=\"container\">\n\t\t\t\t<div class=\"elementor-element elementor-element-f8529d1 image-yt-video elementor-widget elementor-widget-image\" data-id=\"f8529d1\" data-element_type=\"widget\" data-e-type=\"widget\" data-widget_type=\"image.default\">\n\t\t\t\t<div class=\"elementor-widget-container\">\n\t\t\t\t\t\t\t\t\t\t\t\t\t\t\t\t<a href=\"https:\/\/youtu.be\/6ROyRoAo_a4\" target=\"_blank\" rel=\"noopener\">\n\t\t\t\t\t\t\t<img fetchpriority=\"high\" decoding=\"async\" width=\"1280\" height=\"720\" src=\"https:\/\/culturefrancia.com\/wp-content\/uploads\/strasbourg-youtube-things-to-do-2.webp\" class=\"attachment-full size-full wp-image-58925\" alt=\"\" srcset=\"https:\/\/culturefrancia.com\/wp-content\/uploads\/strasbourg-youtube-things-to-do-2.webp 1280w, https:\/\/culturefrancia.com\/wp-content\/uploads\/strasbourg-youtube-things-to-do-2-300x169.webp 300w, https:\/\/culturefrancia.com\/wp-content\/uploads\/strasbourg-youtube-things-to-do-2-1024x576.webp 1024w, https:\/\/culturefrancia.com\/wp-content\/uploads\/strasbourg-youtube-things-to-do-2-768x432.webp 768w\" sizes=\"(max-width: 1280px) 100vw, 1280px\" \/>\t\t\t\t\t\t\t\t<\/a>\n\t\t\t\t\t\t\t\t\t\t\t\t\t\t\t<\/div>\n\t\t\t\t<\/div>\n\t\t\t\t<\/div>\n\t\t\t\t\t<\/div>\n\t\t\t\t<\/div>\n\t\t<div class=\"elementor-element elementor-element-19eda64e container-h2 e-flex e-con-boxed e-con e-parent\" data-id=\"19eda64e\" data-element_type=\"container\" data-e-type=\"container\">\n\t\t\t\t\t<div class=\"e-con-inner\">\n\t\t<div class=\"elementor-element elementor-element-23535d19 e-con-full container-titre-h2 e-flex e-con e-child\" data-id=\"23535d19\" data-element_type=\"container\" data-e-type=\"container\">\n\t\t\t\t<div class=\"elementor-element elementor-element-50ff6e5d elementor-widget elementor-widget-heading\" data-id=\"50ff6e5d\" data-element_type=\"widget\" data-e-type=\"widget\" data-widget_type=\"heading.default\">\n\t\t\t\t<div class=\"elementor-widget-container\">\n\t\t\t\t\t<h2 class=\"elementor-heading-title elementor-size-default\">INTERACTIVE MAP<\/h2>\t\t\t\t<\/div>\n\t\t\t\t<\/div>\n\t\t\t\t<\/div>\n\t\t<div class=\"elementor-element elementor-element-7fb3faf container-h3 e-con-full e-flex e-con e-child\" data-id=\"7fb3faf\" data-element_type=\"container\" data-e-type=\"container\">\n\t\t\t\t<div class=\"elementor-element elementor-element-0ea8ed5 map-image elementor-widget elementor-widget-image\" data-id=\"0ea8ed5\" data-element_type=\"widget\" data-e-type=\"widget\" data-widget_type=\"image.default\">\n\t\t\t\t<div class=\"elementor-widget-container\">\n\t\t\t\t\t\t\t\t\t\t\t\t\t\t\t\t<a href=\"https:\/\/culturefrancia.com\/en\/strasbourg-tourist-map-full-screen\/\" rel=\"nofollow\">\n\t\t\t\t\t\t\t<img decoding=\"async\" width=\"1200\" height=\"675\" src=\"https:\/\/culturefrancia.com\/wp-content\/uploads\/strasbourg-tourist-map.webp\" class=\"attachment-full size-full wp-image-59489\" alt=\"Strasbourg tourist map highlighting a walking route through the old town and along canals with stops near Petite France, the cathedral, and central squares.\" srcset=\"https:\/\/culturefrancia.com\/wp-content\/uploads\/strasbourg-tourist-map.webp 1200w, https:\/\/culturefrancia.com\/wp-content\/uploads\/strasbourg-tourist-map-300x169.webp 300w, https:\/\/culturefrancia.com\/wp-content\/uploads\/strasbourg-tourist-map-1024x576.webp 1024w, https:\/\/culturefrancia.com\/wp-content\/uploads\/strasbourg-tourist-map-768x432.webp 768w\" sizes=\"(max-width: 1200px) 100vw, 1200px\" \/>\t\t\t\t\t\t\t\t<\/a>\n\t\t\t\t\t\t\t\t\t\t\t\t\t\t\t<\/div>\n\t\t\t\t<\/div>\n\t\t\t\t<div class=\"elementor-element elementor-element-1895d8f map-iframe elementor-widget elementor-widget-html\" data-id=\"1895d8f\" data-element_type=\"widget\" data-e-type=\"widget\" data-widget_type=\"html.default\">\n\t\t\t\t<div class=\"elementor-widget-container\">\n\t\t\t\t\t<iframe src=\"https:\/\/www.google.com\/maps\/d\/embed?mid=10q-dgkhZj0S13NfmwhZmttb_muRnU_8&ehbc=2E312F&noprof=1\" width=\"640\" height=\"480\"><\/iframe>\t\t\t\t<\/div>\n\t\t\t\t<\/div>\n\t\t\t\t<div class=\"elementor-element elementor-element-f1c393d elementor-widget elementor-widget-template\" data-id=\"f1c393d\" data-element_type=\"widget\" data-e-type=\"widget\" data-widget_type=\"template.default\">\n\t\t\t\t<div class=\"elementor-widget-container\">\n\t\t\t\t\t\t\t<div class=\"elementor-template\">\n\t\t\t\t\t<div data-elementor-type=\"container\" data-elementor-id=\"53785\" class=\"elementor elementor-53785\" data-elementor-post-type=\"elementor_library\">\n\t\t\t\t<div class=\"elementor-element elementor-element-c579edb e-flex e-con-boxed e-con e-parent\" data-id=\"c579edb\" data-element_type=\"container\" data-e-type=\"container\">\n\t\t\t\t\t<div class=\"e-con-inner\">\n\t\t\t\t<div class=\"elementor-element elementor-element-b6626f5 elementor-hidden-tablet elementor-hidden-mobile elementor-widget elementor-widget-text-editor\" data-id=\"b6626f5\" data-element_type=\"widget\" data-e-type=\"widget\" data-widget_type=\"text-editor.default\">\n\t\t\t\t<div class=\"elementor-widget-container\">\n\t\t\t\t\t\t\t\t\t<p>Click on the icon <img decoding=\"async\" class=\"alignnone size-full wp-image-53557\" src=\"https:\/\/culturefrancia.com\/wp-content\/uploads\/fullscreen-map-icon.png\" alt=\"\" width=\"18\" height=\"18\" \/> in the top-right corner to view the map in full screen.<\/p><p>Show\/Hide layers as needed.<\/p>\t\t\t\t\t\t\t\t<\/div>\n\t\t\t\t<\/div>\n\t\t\t\t<div class=\"elementor-element elementor-element-09f66a5 elementor-hidden-desktop elementor-hidden-laptop elementor-widget elementor-widget-text-editor\" data-id=\"09f66a5\" data-element_type=\"widget\" data-e-type=\"widget\" data-widget_type=\"text-editor.default\">\n\t\t\t\t<div class=\"elementor-widget-container\">\n\t\t\t\t\t\t\t\t\t<p>After clicking on the image,<br \/>click on the icon <img loading=\"lazy\" decoding=\"async\" class=\"image-icon alignnone wp-image-59228 size-full\" src=\"https:\/\/culturefrancia.com\/wp-content\/uploads\/icon-map-legend-mymaps.png\" alt=\"\" width=\"256\" height=\"204\" \/> in the top-left corner to display the map legend.<\/p><p>Show\/Hide layers as needed.<\/p>\t\t\t\t\t\t\t\t<\/div>\n\t\t\t\t<\/div>\n\t\t\t\t\t<\/div>\n\t\t\t\t<\/div>\n\t\t\t\t<\/div>\n\t\t\t\t<\/div>\n\t\t\t\t\t\t<\/div>\n\t\t\t\t<\/div>\n\t\t\t\t<\/div>\n\t\t\t\t\t<\/div>\n\t\t\t\t<\/div>\n\t\t<div class=\"elementor-element elementor-element-03897f6 container-h2 e-flex e-con-boxed e-con e-parent\" data-id=\"03897f6\" data-element_type=\"container\" data-e-type=\"container\">\n\t\t\t\t\t<div class=\"e-con-inner\">\n\t\t<div class=\"elementor-element elementor-element-85d52fb e-con-full container-titre-h2 e-flex e-con e-child\" data-id=\"85d52fb\" data-element_type=\"container\" data-e-type=\"container\">\n\t\t\t\t<div class=\"elementor-element elementor-element-d336b59 elementor-widget elementor-widget-heading\" data-id=\"d336b59\" data-element_type=\"widget\" data-e-type=\"widget\" data-widget_type=\"heading.default\">\n\t\t\t\t<div class=\"elementor-widget-container\">\n\t\t\t\t\t<h2 class=\"elementor-heading-title elementor-size-default\">STROLLS<\/h2>\t\t\t\t<\/div>\n\t\t\t\t<\/div>\n\t\t\t\t<\/div>\n\t\t<div class=\"elementor-element elementor-element-732d1df e-con-full container-h3 e-flex e-con e-child\" data-id=\"732d1df\" data-element_type=\"container\" data-e-type=\"container\">\n\t\t\t\t<div class=\"elementor-element elementor-element-7b257d9 elementor-widget elementor-widget-heading\" data-id=\"7b257d9\" data-element_type=\"widget\" data-e-type=\"widget\" data-widget_type=\"heading.default\">\n\t\t\t\t<div class=\"elementor-widget-container\">\n\t\t\t\t\t<h4 class=\"elementor-heading-title elementor-size-default\">Overview Table<\/h4>\t\t\t\t<\/div>\n\t\t\t\t<\/div>\n\t\t\t\t<div class=\"elementor-element elementor-element-e1a6288 tableau elementor-widget elementor-widget-eael-advanced-data-table\" data-id=\"e1a6288\" data-element_type=\"widget\" data-e-type=\"widget\" data-widget_type=\"eael-advanced-data-table.default\">\n\t\t\t\t<div class=\"elementor-widget-container\">\n\t\t\t\t\t<div class=\"ea-advanced-data-table-wrap\" data-id=\"e1a6288\"><div class=\"ea-advanced-data-table-wrap-inner\">\n                <table class=\"ea-advanced-data-table ea-advanced-data-table-csv ea-advanced-data-table-e1a6288\" data-id=\"e1a6288\"><thead><tr><th><\/th><th>\tName<\/th><th>\tAppeal<\/th><th>\tType<\/th><\/tr><\/thead><tbody><tr><td>1<\/td><td>\tGrande \u00cele<\/td><td>\t\u2726\u2726\u2726\u2726\u2726<\/td><td>\tOld Town<\/td><\/tr><tr><td>2<\/td><td>\tPetite France<\/td><td>\t\u2726\u2726\u2726\u2726\u2726<\/td><td>\tNeighborhood<\/td><\/tr><tr><td>3<\/td><td>\tPonts Couverts<\/td><td>\t\u2726\u2726\u2726\u2727\u2727<\/td><td>\tBridge<\/td><\/tr><tr><td>4<\/td><td>\tBarrage Vauban<\/td><td>\t\u2726\u2726\u2727\u2727\u2727<\/td><td>\tDam + Passage<\/td><\/tr><\/tbody><\/table>\n            <\/div><\/div>\t\t\t\t<\/div>\n\t\t\t\t<\/div>\n\t\t\t\t<\/div>\n\t\t<div class=\"elementor-element elementor-element-a020699 e-con-full container-h3 e-flex e-con e-child\" data-id=\"a020699\" data-element_type=\"container\" data-e-type=\"container\">\n\t\t\t\t<div class=\"elementor-element elementor-element-b5393af elementor-widget elementor-widget-heading\" data-id=\"b5393af\" data-element_type=\"widget\" data-e-type=\"widget\" data-widget_type=\"heading.default\">\n\t\t\t\t<div class=\"elementor-widget-container\">\n\t\t\t\t\t<h3 class=\"elementor-heading-title elementor-size-default\">1. Grande \u00cele<\/h3>\t\t\t\t<\/div>\n\t\t\t\t<\/div>\n\t\t\t\t<div class=\"elementor-element elementor-element-62512b9 elementor-widget elementor-widget-image\" data-id=\"62512b9\" data-element_type=\"widget\" data-e-type=\"widget\" data-widget_type=\"image.default\">\n\t\t\t\t<div class=\"elementor-widget-container\">\n\t\t\t\t\t\t\t\t\t\t\t\t\t\t\t<img loading=\"lazy\" decoding=\"async\" width=\"1200\" height=\"481\" src=\"https:\/\/culturefrancia.com\/wp-content\/uploads\/city-center-strasbourg.webp\" class=\"attachment-full size-full wp-image-35741\" alt=\"\" srcset=\"https:\/\/culturefrancia.com\/wp-content\/uploads\/city-center-strasbourg.webp 1200w, https:\/\/culturefrancia.com\/wp-content\/uploads\/city-center-strasbourg-300x120.webp 300w, https:\/\/culturefrancia.com\/wp-content\/uploads\/city-center-strasbourg-1024x410.webp 1024w, https:\/\/culturefrancia.com\/wp-content\/uploads\/city-center-strasbourg-768x308.webp 768w\" sizes=\"(max-width: 1200px) 100vw, 1200px\" \/>\t\t\t\t\t\t\t\t\t\t\t\t\t\t\t<\/div>\n\t\t\t\t<\/div>\n\t\t\t\t<div class=\"elementor-element elementor-element-c8fbc9c elementor-widget elementor-widget-text-editor\" data-id=\"c8fbc9c\" data-element_type=\"widget\" data-e-type=\"widget\" data-widget_type=\"text-editor.default\">\n\t\t\t\t<div class=\"elementor-widget-container\">\n\t\t\t\t\t\t\t\t\t<p><span style=\"text-decoration: underline;\">In Video<\/span>\u00a0 Yes<\/p><p><span style=\"text-decoration: underline;\">Appeal<\/span> \u00a0<span data-sheets-root=\"1\">\u2726\u2726\u2726\u2726\u2726<\/span><br \/><span style=\"text-decoration: underline;\">Type<\/span> \u00a0<span data-sheets-root=\"1\">Old Town<\/span><\/p><p><span style=\"text-decoration: underline;\">Full Names<\/span><br \/><em>Grande \u00cele<br \/>Centre Ville<\/em><\/p><p>The historic heart of Strasbourg is called &#8220;Grande \u00cele&#8221; in French, meaning &#8220;Big Island,&#8221; because it is surrounded by the arms of the <em>ill<\/em> River.<\/p><p>It&#8217;s a UNESCO World Heritage site boasting remarkable architectural and cultural wealth, blending medieval, Renaissance, and Baroque styles.<\/p><p>The Grande \u00cele is particularly known for the Notre-Dame Cathedral, but it is also dotted with half-timbered houses, narrow and wide cobblestone streets, and picturesque squares.<\/p><p>Numerous museums, shops, and caf\u00e9s enliven the island, making it a vibrant and dynamic place to be. The Grande \u00cele is a must-visit destination for anyone wishing to explore the rich cultural and historical heritage of Strasbourg.<\/p><p>\ud83c\udfde\ufe0f\u00a0<a href=\"https:\/\/www.google.fr\/search?q=ruelles+centre+ville+strasbourg&amp;udm=2\" rel=\"nofollow noopener\" data-wpel-link=\"external\" target=\"_blank\">Google Images<\/a><\/p><p>\ud83d\udcdc <a href=\"https:\/\/en.wikipedia.org\/wiki\/Grande_%C3%8Ele,_Strasbourg\" rel=\"nofollow noopener\" target=\"_blank\">Wikipedia<\/a><\/p>\t\t\t\t\t\t\t\t<\/div>\n\t\t\t\t<\/div>\n\t\t\t\t<\/div>\n\t\t<div class=\"elementor-element elementor-element-9125959 e-con-full container-h3 e-flex e-con e-child\" data-id=\"9125959\" data-element_type=\"container\" data-e-type=\"container\">\n\t\t\t\t<div class=\"elementor-element elementor-element-7bee1d1 elementor-widget elementor-widget-heading\" data-id=\"7bee1d1\" data-element_type=\"widget\" data-e-type=\"widget\" data-widget_type=\"heading.default\">\n\t\t\t\t<div class=\"elementor-widget-container\">\n\t\t\t\t\t<h3 class=\"elementor-heading-title elementor-size-default\">2. Petite France<\/h3>\t\t\t\t<\/div>\n\t\t\t\t<\/div>\n\t\t\t\t<div class=\"elementor-element elementor-element-809f78e elementor-widget elementor-widget-image\" data-id=\"809f78e\" data-element_type=\"widget\" data-e-type=\"widget\" data-widget_type=\"image.default\">\n\t\t\t\t<div class=\"elementor-widget-container\">\n\t\t\t\t\t\t\t\t\t\t\t\t\t\t\t<img loading=\"lazy\" decoding=\"async\" width=\"1200\" height=\"480\" src=\"https:\/\/culturefrancia.com\/wp-content\/uploads\/strasbourg-petite-france.jpg\" class=\"attachment-full size-full wp-image-58492\" alt=\"\" srcset=\"https:\/\/culturefrancia.com\/wp-content\/uploads\/strasbourg-petite-france.jpg 1200w, https:\/\/culturefrancia.com\/wp-content\/uploads\/strasbourg-petite-france-300x120.jpg 300w, https:\/\/culturefrancia.com\/wp-content\/uploads\/strasbourg-petite-france-1024x410.jpg 1024w, https:\/\/culturefrancia.com\/wp-content\/uploads\/strasbourg-petite-france-768x307.jpg 768w\" sizes=\"(max-width: 1200px) 100vw, 1200px\" \/>\t\t\t\t\t\t\t\t\t\t\t\t\t\t\t<\/div>\n\t\t\t\t<\/div>\n\t\t\t\t<div class=\"elementor-element elementor-element-01746c0 elementor-widget elementor-widget-text-editor\" data-id=\"01746c0\" data-element_type=\"widget\" data-e-type=\"widget\" data-widget_type=\"text-editor.default\">\n\t\t\t\t<div class=\"elementor-widget-container\">\n\t\t\t\t\t\t\t\t\t<p><span style=\"text-decoration: underline;\">In Video<\/span>\u00a0 Yes<\/p><p><span style=\"text-decoration: underline;\">Appeal<\/span> \u00a0<span data-sheets-root=\"1\">\u2726\u2726\u2726\u2726\u2726<\/span><br \/><span style=\"text-decoration: underline;\">Type<\/span>\u00a0 Neighborhood<\/p><p><span style=\"text-decoration: underline;\">Full Names<\/span><br \/><em>Petite France<br \/>Franz\u00f6sel<br \/><\/em><\/p><p>La Petite France, located in the southwest part of the city center, is one of the most charming and iconic neighborhoods of Strasbourg. This picturesque area is known for its well-preserved half-timbered houses, narrow streets, and scenic canals. Once a district for fishermen and tanners, La Petite France retains a historic atmosphere, with colorful fa\u00e7ades and flower-filled balconies.<\/p><p>\ud83d\udccd <a href=\"https:\/\/maps.app.goo.gl\/z5Pg3wuzy4mto5PHA\" rel=\"nofollow noopener\" target=\"_blank\">Google Maps<\/a><\/p><p>\ud83c\udfde\ufe0f\u00a0<a href=\"https:\/\/www.google.fr\/search?q=rues+petite+france+strasbourg&amp;udm=2\" rel=\"nofollow noopener\" data-wpel-link=\"external\" target=\"_blank\">Google Images<\/a><\/p><p>\ud83d\udcdc <a href=\"https:\/\/en.wikipedia.org\/wiki\/Petite_France,_Strasbourg\" rel=\"nofollow noopener\" target=\"_blank\">Wikipedia<\/a><\/p>\t\t\t\t\t\t\t\t<\/div>\n\t\t\t\t<\/div>\n\t\t\t\t<\/div>\n\t\t<div class=\"elementor-element elementor-element-95f8e0c e-con-full container-h3 e-flex e-con e-child\" data-id=\"95f8e0c\" data-element_type=\"container\" data-e-type=\"container\">\n\t\t\t\t<div class=\"elementor-element elementor-element-201a58a elementor-widget elementor-widget-heading\" data-id=\"201a58a\" data-element_type=\"widget\" data-e-type=\"widget\" data-widget_type=\"heading.default\">\n\t\t\t\t<div class=\"elementor-widget-container\">\n\t\t\t\t\t<h3 class=\"elementor-heading-title elementor-size-default\">3. Ponts Couverts<\/h3>\t\t\t\t<\/div>\n\t\t\t\t<\/div>\n\t\t\t\t<div class=\"elementor-element elementor-element-56f5e6e elementor-widget elementor-widget-image\" data-id=\"56f5e6e\" data-element_type=\"widget\" data-e-type=\"widget\" data-widget_type=\"image.default\">\n\t\t\t\t<div class=\"elementor-widget-container\">\n\t\t\t\t\t\t\t\t\t\t\t\t\t\t\t<img loading=\"lazy\" decoding=\"async\" width=\"1200\" height=\"479\" src=\"https:\/\/culturefrancia.com\/wp-content\/uploads\/3-bridges-strasbourg.webp\" class=\"attachment-full size-full wp-image-35681\" alt=\"\" srcset=\"https:\/\/culturefrancia.com\/wp-content\/uploads\/3-bridges-strasbourg.webp 1200w, https:\/\/culturefrancia.com\/wp-content\/uploads\/3-bridges-strasbourg-300x120.webp 300w, https:\/\/culturefrancia.com\/wp-content\/uploads\/3-bridges-strasbourg-1024x409.webp 1024w, https:\/\/culturefrancia.com\/wp-content\/uploads\/3-bridges-strasbourg-768x307.webp 768w\" sizes=\"(max-width: 1200px) 100vw, 1200px\" \/>\t\t\t\t\t\t\t\t\t\t\t\t\t\t\t<\/div>\n\t\t\t\t<\/div>\n\t\t\t\t<div class=\"elementor-element elementor-element-c09e431 elementor-widget elementor-widget-text-editor\" data-id=\"c09e431\" data-element_type=\"widget\" data-e-type=\"widget\" data-widget_type=\"text-editor.default\">\n\t\t\t\t<div class=\"elementor-widget-container\">\n\t\t\t\t\t\t\t\t\t<p><span style=\"text-decoration: underline;\">In Video<\/span>\u00a0 Yes<\/p><p><span style=\"text-decoration: underline;\">Appeal<\/span> \u00a0<span data-sheets-root=\"1\">\u2726\u2726\u2726\u2727\u2727<\/span><br \/><span style=\"text-decoration: underline;\">Type<\/span> \u00a0<span data-sheets-root=\"1\">Bridge<\/span><\/p><p><span style=\"text-decoration: underline;\">Full Name<\/span><br \/><em>Ponts Couverts<\/em><\/p><p>The &#8220;Covered&#8221; Bridges of Strasbourg are a set of 3 stone bridges dating back to the 13th century, located over the <em>ill<\/em> River and connecting the <em>Grande \u00cele<\/em> to the surrounding neighborhoods. These bridges are emblematic of the city\u2019s medieval architecture and were originally built to protect access routes to Strasbourg and to monitor the rivers.<\/p><p>The name &#8220;Covered&#8221; comes from the wooden roofs that once covered the structures, providing protection from the elements. Although these roofs have largely been removed, the bridges retain their historic charm and are surrounded by beautiful half-timbered houses.<\/p><p>\ud83d\udccd <a href=\"https:\/\/maps.app.goo.gl\/yEFx2nXHATVcvahLA\" rel=\"nofollow noopener\" target=\"_blank\">Google Maps<\/a><\/p><p>\ud83c\udfde\ufe0f\u00a0<a href=\"https:\/\/www.google.fr\/search?q=ponts+couverts+strasbourg&amp;udm=2\" rel=\"nofollow noopener\" data-wpel-link=\"external\" target=\"_blank\">Google Images<\/a><\/p><p>\ud83d\udcdc <a href=\"https:\/\/en.wikipedia.org\/wiki\/Ponts_Couverts,_Strasbourg\" rel=\"nofollow noopener\" target=\"_blank\">Wikipedia<\/a><\/p>\t\t\t\t\t\t\t\t<\/div>\n\t\t\t\t<\/div>\n\t\t\t\t<\/div>\n\t\t<div class=\"elementor-element elementor-element-a09fb57 e-con-full container-h3 e-flex e-con e-child\" data-id=\"a09fb57\" data-element_type=\"container\" data-e-type=\"container\">\n\t\t\t\t<div class=\"elementor-element elementor-element-60fc9ab elementor-widget elementor-widget-heading\" data-id=\"60fc9ab\" data-element_type=\"widget\" data-e-type=\"widget\" data-widget_type=\"heading.default\">\n\t\t\t\t<div class=\"elementor-widget-container\">\n\t\t\t\t\t<h3 class=\"elementor-heading-title elementor-size-default\">4. Barrage Vauban<\/h3>\t\t\t\t<\/div>\n\t\t\t\t<\/div>\n\t\t\t\t<div class=\"elementor-element elementor-element-bffb700 elementor-widget elementor-widget-image\" data-id=\"bffb700\" data-element_type=\"widget\" data-e-type=\"widget\" data-widget_type=\"image.default\">\n\t\t\t\t<div class=\"elementor-widget-container\">\n\t\t\t\t\t\t\t\t\t\t\t\t\t\t\t<img loading=\"lazy\" decoding=\"async\" width=\"1200\" height=\"480\" src=\"https:\/\/culturefrancia.com\/wp-content\/uploads\/strasbourg-vauban-dam.webp\" class=\"attachment-full size-full wp-image-58490\" alt=\"\" srcset=\"https:\/\/culturefrancia.com\/wp-content\/uploads\/strasbourg-vauban-dam.webp 1200w, https:\/\/culturefrancia.com\/wp-content\/uploads\/strasbourg-vauban-dam-300x120.webp 300w, https:\/\/culturefrancia.com\/wp-content\/uploads\/strasbourg-vauban-dam-1024x410.webp 1024w, https:\/\/culturefrancia.com\/wp-content\/uploads\/strasbourg-vauban-dam-768x307.webp 768w\" sizes=\"(max-width: 1200px) 100vw, 1200px\" \/>\t\t\t\t\t\t\t\t\t\t\t\t\t\t\t<\/div>\n\t\t\t\t<\/div>\n\t\t\t\t<div class=\"elementor-element elementor-element-f347aad elementor-widget elementor-widget-text-editor\" data-id=\"f347aad\" data-element_type=\"widget\" data-e-type=\"widget\" data-widget_type=\"text-editor.default\">\n\t\t\t\t<div class=\"elementor-widget-container\">\n\t\t\t\t\t\t\t\t\t<p><span style=\"text-decoration: underline;\">In Video<\/span>\u00a0 Yes (in the Viewpoints category)<\/p><p><span style=\"text-decoration: underline;\">Appeal<\/span> \u00a0<span data-sheets-root=\"1\">\u2726\u2726\u2727\u2727\u2727<\/span><br \/><span style=\"text-decoration: underline;\">Type<\/span> \u00a0<span data-sheets-root=\"1\">Dam + Passage<\/span><\/p><p><span style=\"text-decoration: underline;\">Full Names<\/span><br \/><em>Barrage Vauban<br \/>Grande \u00c9cluse de Fortification<br \/><\/em><\/p><p>The terrace of the Vauban Dam, stretching 120 meters along the <em>ill<\/em> River, is a promenade offering a panoramic view of the <em>Petite France<\/em> district and the <em>3 Covered Bridges<\/em>. Built in the 17th century, this dam was designed both as a defensive structure and as a means of regulating water levels.<\/p><p>\ud83d\udccd <a href=\"https:\/\/maps.app.goo.gl\/bUNiYCbUd8QD6bbW7\" rel=\"nofollow noopener\" target=\"_blank\">Google Maps<\/a><\/p><p>\u2699\ufe0f\u00a0<a href=\"https:\/\/www.visitstrasbourg.fr\/en\/fiche-sit\/F223005692_the-vauban-dam-strasbourg\/\" rel=\"nofollow noopener\" target=\"_blank\">Hours (Tourist Office Website)<\/a><\/p><p>\ud83d\udcdc <a href=\"https:\/\/en.wikipedia.org\/wiki\/Barrage_Vauban\" rel=\"nofollow noopener\" target=\"_blank\">Wikipedia<\/a><\/p><p><span style=\"text-decoration: underline;\">Full Name<\/span><br \/><em>Passage Georges Frankhauser<\/em><\/p><div class=\"flex max-w-full flex-col flex-grow\"><div class=\"min-h-8 text-message flex w-full flex-col items-end gap-2 whitespace-normal break-words [.text-message+&amp;]:mt-5\" dir=\"auto\" data-message-author-role=\"assistant\" data-message-id=\"204222b2-afb4-4395-a36b-175c8afe1c4f\"><div class=\"flex w-full flex-col gap-1 empty:hidden first:pt-[3px]\"><div class=\"markdown prose w-full break-words dark:prose-invert light\"><p>Beneath the terrace lies the <em>Frankhauser<\/em> passage, a pedestrian tunnel showcasing sculptures and other stone elements mainly related to the Strasbourg Cathedral.<\/p><\/div><\/div><\/div><\/div><p>\ud83d\udccd <a href=\"https:\/\/maps.app.goo.gl\/hD4ww89EuUq5WYDd8\" rel=\"nofollow noopener\" target=\"_blank\">Google Maps<\/a><\/p><p>\ud83c\udfde\ufe0f\u00a0<a href=\"https:\/\/www.google.fr\/search?q=passage+georges+frankhauser+strasbourg+int\u00e9rieur&amp;udm=2\" rel=\"nofollow noopener\" data-wpel-link=\"external\" target=\"_blank\">Google Images &#8211; Interior<\/a><\/p>\t\t\t\t\t\t\t\t<\/div>\n\t\t\t\t<\/div>\n\t\t\t\t<\/div>\n\t\t\t\t\t<\/div>\n\t\t\t\t<\/div>\n\t\t<div class=\"elementor-element elementor-element-02a9818 container-h2 e-flex e-con-boxed e-con e-parent\" data-id=\"02a9818\" data-element_type=\"container\" data-e-type=\"container\">\n\t\t\t\t\t<div class=\"e-con-inner\">\n\t\t<div class=\"elementor-element elementor-element-99d1917 e-con-full container-titre-h2 e-flex e-con e-child\" data-id=\"99d1917\" data-element_type=\"container\" data-e-type=\"container\">\n\t\t\t\t<div class=\"elementor-element elementor-element-cbcd440 elementor-widget elementor-widget-heading\" data-id=\"cbcd440\" data-element_type=\"widget\" data-e-type=\"widget\" data-widget_type=\"heading.default\">\n\t\t\t\t<div class=\"elementor-widget-container\">\n\t\t\t\t\t<h2 class=\"elementor-heading-title elementor-size-default\">FOOD MARKET<\/h2>\t\t\t\t<\/div>\n\t\t\t\t<\/div>\n\t\t\t\t<\/div>\n\t\t<div class=\"elementor-element elementor-element-ede6d77 e-con-full container-h3 e-flex e-con e-child\" data-id=\"ede6d77\" data-element_type=\"container\" data-e-type=\"container\">\n\t\t\t\t<div class=\"elementor-element elementor-element-7c83462 elementor-widget elementor-widget-heading\" data-id=\"7c83462\" data-element_type=\"widget\" data-e-type=\"widget\" data-widget_type=\"heading.default\">\n\t\t\t\t<div class=\"elementor-widget-container\">\n\t\t\t\t\t<h4 class=\"elementor-heading-title elementor-size-default\">Overview Table<\/h4>\t\t\t\t<\/div>\n\t\t\t\t<\/div>\n\t\t\t\t<div class=\"elementor-element elementor-element-9e58dcf tableau elementor-widget elementor-widget-eael-advanced-data-table\" data-id=\"9e58dcf\" data-element_type=\"widget\" data-e-type=\"widget\" data-widget_type=\"eael-advanced-data-table.default\">\n\t\t\t\t<div class=\"elementor-widget-container\">\n\t\t\t\t\t<div class=\"ea-advanced-data-table-wrap\" data-id=\"9e58dcf\"><div class=\"ea-advanced-data-table-wrap-inner\">\n                <table class=\"ea-advanced-data-table ea-advanced-data-table-csv ea-advanced-data-table-9e58dcf\" data-id=\"9e58dcf\"><thead><tr><th><\/th><th>\tName<\/th><th>\tAppeal<\/th><th>\tOpening<\/th><th>\tSetting<\/th><\/tr><\/thead><tbody><tr><td>1<\/td><td>\tBroglie<\/td><td>\t\u2726\u2726\u2726\u2727\u2727<\/td><td>\tWed\u201a Fri<\/td><td>\tOutdoor<\/td><\/tr><\/tbody><\/table>\n            <\/div><\/div>\t\t\t\t<\/div>\n\t\t\t\t<\/div>\n\t\t\t\t<\/div>\n\t\t<div class=\"elementor-element elementor-element-1d1a725 e-con-full container-h3 e-flex e-con e-child\" data-id=\"1d1a725\" data-element_type=\"container\" data-e-type=\"container\">\n\t\t\t\t<div class=\"elementor-element elementor-element-e39e586 elementor-widget elementor-widget-heading\" data-id=\"e39e586\" data-element_type=\"widget\" data-e-type=\"widget\" data-widget_type=\"heading.default\">\n\t\t\t\t<div class=\"elementor-widget-container\">\n\t\t\t\t\t<h3 class=\"elementor-heading-title elementor-size-default\">1. Broglie<\/h3>\t\t\t\t<\/div>\n\t\t\t\t<\/div>\n\t\t\t\t<div class=\"elementor-element elementor-element-a29e0ab elementor-widget elementor-widget-image\" data-id=\"a29e0ab\" data-element_type=\"widget\" data-e-type=\"widget\" data-widget_type=\"image.default\">\n\t\t\t\t<div class=\"elementor-widget-container\">\n\t\t\t\t\t\t\t\t\t\t\t\t\t\t\t<img loading=\"lazy\" decoding=\"async\" width=\"1200\" height=\"481\" src=\"https:\/\/culturefrancia.com\/wp-content\/uploads\/food-market-broglie-strasbourg.webp\" class=\"attachment-full size-full wp-image-35753\" alt=\"\" srcset=\"https:\/\/culturefrancia.com\/wp-content\/uploads\/food-market-broglie-strasbourg.webp 1200w, https:\/\/culturefrancia.com\/wp-content\/uploads\/food-market-broglie-strasbourg-300x120.webp 300w, https:\/\/culturefrancia.com\/wp-content\/uploads\/food-market-broglie-strasbourg-1024x410.webp 1024w, https:\/\/culturefrancia.com\/wp-content\/uploads\/food-market-broglie-strasbourg-768x308.webp 768w\" sizes=\"(max-width: 1200px) 100vw, 1200px\" \/>\t\t\t\t\t\t\t\t\t\t\t\t\t\t\t<\/div>\n\t\t\t\t<\/div>\n\t\t\t\t<div class=\"elementor-element elementor-element-d557ce4 elementor-widget elementor-widget-text-editor\" data-id=\"d557ce4\" data-element_type=\"widget\" data-e-type=\"widget\" data-widget_type=\"text-editor.default\">\n\t\t\t\t<div class=\"elementor-widget-container\">\n\t\t\t\t\t\t\t\t\t<p><span style=\"text-decoration: underline;\">In Video<\/span>\u00a0 Yes<\/p><p><span style=\"text-decoration: underline;\">Appeal<\/span> \u00a0<span data-sheets-root=\"1\">\u2726\u2726\u2726\u2727\u2727<\/span><br \/><u>Opening<\/u>\u00a0 Wednesdays and Fridays<u><br \/>Setting<\/u>\u00a0 Outdoor<\/p><p><span style=\"text-decoration: underline;\">Full Name<br \/><\/span><em>March\u00e9 de la Place Broglie<\/em><\/p><p>The city&#8217;s main food market takes place on Wednesday and Friday mornings at <em>Place Broglie<\/em> square.<\/p><p>\ud83d\udccd <a href=\"https:\/\/maps.app.goo.gl\/RaTccwUoJTtEVdee9\" rel=\"nofollow noopener\" target=\"_blank\">Google Maps<\/a><\/p><p>\ud83c\udfde\ufe0f\u00a0<a href=\"https:\/\/www.google.fr\/search?q=march\u00e9+broglie+strasbourg+-noel&amp;udm=2\" rel=\"nofollow noopener\" data-wpel-link=\"external\" target=\"_blank\">Google Images<\/a><\/p>\t\t\t\t\t\t\t\t<\/div>\n\t\t\t\t<\/div>\n\t\t\t\t<\/div>\n\t\t\t\t\t<\/div>\n\t\t\t\t<\/div>\n\t\t<div class=\"elementor-element elementor-element-73478fd container-h2 e-flex e-con-boxed e-con e-parent\" data-id=\"73478fd\" data-element_type=\"container\" data-e-type=\"container\">\n\t\t\t\t\t<div class=\"e-con-inner\">\n\t\t<div class=\"elementor-element elementor-element-37eea2f e-con-full container-titre-h2 e-flex e-con e-child\" data-id=\"37eea2f\" data-element_type=\"container\" data-e-type=\"container\">\n\t\t\t\t<div class=\"elementor-element elementor-element-ce3c3a0 elementor-widget elementor-widget-heading\" data-id=\"ce3c3a0\" data-element_type=\"widget\" data-e-type=\"widget\" data-widget_type=\"heading.default\">\n\t\t\t\t<div class=\"elementor-widget-container\">\n\t\t\t\t\t<h2 class=\"elementor-heading-title elementor-size-default\">CHURCHES<\/h2>\t\t\t\t<\/div>\n\t\t\t\t<\/div>\n\t\t\t\t<\/div>\n\t\t<div class=\"elementor-element elementor-element-1743250 e-con-full container-h3 e-flex e-con e-child\" data-id=\"1743250\" data-element_type=\"container\" data-e-type=\"container\">\n\t\t\t\t<div class=\"elementor-element elementor-element-003e339 elementor-widget elementor-widget-heading\" data-id=\"003e339\" data-element_type=\"widget\" data-e-type=\"widget\" data-widget_type=\"heading.default\">\n\t\t\t\t<div class=\"elementor-widget-container\">\n\t\t\t\t\t<h4 class=\"elementor-heading-title elementor-size-default\">Overview Table<\/h4>\t\t\t\t<\/div>\n\t\t\t\t<\/div>\n\t\t\t\t<div class=\"elementor-element elementor-element-2cca3bd tableau elementor-widget elementor-widget-eael-advanced-data-table\" data-id=\"2cca3bd\" data-element_type=\"widget\" data-e-type=\"widget\" data-widget_type=\"eael-advanced-data-table.default\">\n\t\t\t\t<div class=\"elementor-widget-container\">\n\t\t\t\t\t<div class=\"ea-advanced-data-table-wrap\" data-id=\"2cca3bd\"><div class=\"ea-advanced-data-table-wrap-inner\">\n                <table class=\"ea-advanced-data-table ea-advanced-data-table-csv ea-advanced-data-table-2cca3bd\" data-id=\"2cca3bd\"><thead><tr><th><\/th><th>\tName<\/th><th>\tAppeal<\/th><th>\tFaith<\/th><th>\tType<\/th><\/tr><\/thead><tbody><tr><td>1<\/td><td>\tStrasbourg Cathedral<\/td><td>\t\u2726\u2726\u2726\u2726\u2726<\/td><td>\tCatholic<\/td><td>\tCathedral<\/td><\/tr><tr><td>2<\/td><td>\tSt-Thomas<\/td><td>\t\u2726\u2726\u2726\u2727\u2727<\/td><td>\tProtestant<\/td><td>\tChurch<\/td><\/tr><tr><td>3<\/td><td>\tSt-Pierre-le-Jeune<\/td><td>\t\u2726\u2726\u2726\u2727\u2727<\/td><td>\tProtestant<\/td><td>\tChurch<\/td><\/tr><tr><td>4<\/td><td>\tSt-Pierre-le-Jeune<\/td><td>\t\u2726\u2726\u2726\u2727\u2727<\/td><td>\tCatholic<\/td><td>\tChurch<\/td><\/tr><tr><td>5<\/td><td>\tSt-Paul<\/td><td>\t\u2726\u2726\u2726\u2727\u2727<\/td><td>\tProtestant<\/td><td>\tChurch<\/td><\/tr><tr><td>6<\/td><td>\tTemple-Neuf<\/td><td>\t\u2726\u2726\u2726\u2727\u2727<\/td><td>\tProtestant<\/td><td>\tChurch<\/td><\/tr><tr><td>7<\/td><td>\tSt-Pierre-le-Vieux<\/td><td>\t\u2726\u2726\u2727\u2727\u2727<\/td><td>\tCatholic &amp; Protestant<\/td><td>\t2 Churches<\/td><\/tr><tr><td>8<\/td><td>\tSt-Maurice<\/td><td>\t\u2726\u2726\u2727\u2727\u2727<\/td><td>\tCatholic<\/td><td>\tChurch<\/td><\/tr><tr><td>9<\/td><td>\tTous-les-Saints<\/td><td>\t\u2726\u2727\u2727\u2727\u2727<\/td><td>\tOrthodox<\/td><td>\tChurch<\/td><\/tr><\/tbody><\/table>\n            <\/div><\/div>\t\t\t\t<\/div>\n\t\t\t\t<\/div>\n\t\t\t\t<\/div>\n\t\t<div class=\"elementor-element elementor-element-4684939 container-h3 e-con-full e-flex e-con e-child\" data-id=\"4684939\" data-element_type=\"container\" data-e-type=\"container\">\n\t\t\t\t<div class=\"elementor-element elementor-element-e9d2645 elementor-widget elementor-widget-heading\" data-id=\"e9d2645\" data-element_type=\"widget\" data-e-type=\"widget\" data-widget_type=\"heading.default\">\n\t\t\t\t<div class=\"elementor-widget-container\">\n\t\t\t\t\t<h3 class=\"elementor-heading-title elementor-size-default\">1.\tStrasbourg Cathedral<\/h3>\t\t\t\t<\/div>\n\t\t\t\t<\/div>\n\t\t\t\t<div class=\"elementor-element elementor-element-46c8fb5 elementor-widget elementor-widget-image\" data-id=\"46c8fb5\" data-element_type=\"widget\" data-e-type=\"widget\" data-widget_type=\"image.default\">\n\t\t\t\t<div class=\"elementor-widget-container\">\n\t\t\t\t\t\t\t\t\t\t\t\t\t\t\t<img loading=\"lazy\" decoding=\"async\" width=\"1200\" height=\"480\" src=\"https:\/\/culturefrancia.com\/wp-content\/uploads\/cathedral-strasbourg.webp\" class=\"attachment-full size-full wp-image-35708\" alt=\"\" srcset=\"https:\/\/culturefrancia.com\/wp-content\/uploads\/cathedral-strasbourg.webp 1200w, https:\/\/culturefrancia.com\/wp-content\/uploads\/cathedral-strasbourg-300x120.webp 300w, https:\/\/culturefrancia.com\/wp-content\/uploads\/cathedral-strasbourg-1024x410.webp 1024w, https:\/\/culturefrancia.com\/wp-content\/uploads\/cathedral-strasbourg-768x307.webp 768w\" sizes=\"(max-width: 1200px) 100vw, 1200px\" \/>\t\t\t\t\t\t\t\t\t\t\t\t\t\t\t<\/div>\n\t\t\t\t<\/div>\n\t\t\t\t<div class=\"elementor-element elementor-element-1f852b7 elementor-widget elementor-widget-text-editor\" data-id=\"1f852b7\" data-element_type=\"widget\" data-e-type=\"widget\" data-widget_type=\"text-editor.default\">\n\t\t\t\t<div class=\"elementor-widget-container\">\n\t\t\t\t\t\t\t\t\t<p><span style=\"text-decoration: underline;\">In Video<\/span>\u00a0 Yes<\/p><p><span style=\"text-decoration: underline;\">Appeal<\/span> \u00a0<span data-sheets-root=\"1\">\u2726\u2726\u2726\u2726\u2726<\/span><br \/><u>Faith<\/u>\u00a0 Catholic<u><br \/>Type<\/u>\u00a0 Cathedral<\/p><p><span style=\"text-decoration: underline;\">Full Name<\/span><br \/><em>Cath\u00e9drale Notre-Dame de Strasbourg<\/em><\/p><p><strong>Cathedral<br \/><\/strong><\/p><p>The Strasbourg Cathedral of Notre-Dame is a true gem of Gothic architecture. A Romanesque-style cathedral was erected in 1015, of which only the crypt remains today. After a fire in 1176, the building was progressively reconstructed in a Gothic style and was completed in 1439 with its spire reaching 142 meters, making it the tallest structure in Christendom at the time.<\/p><p>It is particularly known for its majestic pink sandstone fa\u00e7ade, which gives it a distinctive hue that changes throughout the day depending on the light. The richness of its sculptures, adorning every corner of the fa\u00e7ade, depicts biblical scenes, the lives of saints, and medieval symbols.<\/p><p>The interior of the cathedral, with its towering height and bathed in light from its magnificent stained glass windows dating from the 12th to 14th centuries, is equally impressive. The stained glass panels recount biblical stories and scenes from the life of Christ while subtly coloring the dark stone of the nave. The choir, on the other hand, is embellished with more intimate side chapels, each with its unique atmosphere, relics, and decorative elements.<\/p><p>\ud83d\udccd <a href=\"https:\/\/maps.app.goo.gl\/UzgMrVquZJ3E5krz5\" rel=\"nofollow noopener\" target=\"_blank\">Google Maps<\/a><\/p><p>\ud83c\udfde\ufe0f\u00a0<a href=\"https:\/\/www.google.fr\/search?q=cath\u00e9drale+strasbourg+ext%C3%A9rieur&amp;udm=2\" rel=\"nofollow noopener\" data-wpel-link=\"external\" target=\"_blank\">Google Images \u2013 Exterior<\/a><\/p><p>\ud83c\udfde\ufe0f\u00a0<a href=\"https:\/\/www.google.fr\/search?q=cath\u00e9drale+strasbourg+int%C3%A9rieur&amp;udm=2\" rel=\"nofollow noopener\" data-wpel-link=\"external\" target=\"_blank\">Google Images \u2013 Interior<\/a><\/p><p>\u2699\ufe0f\u00a0<a href=\"https:\/\/www.visitstrasbourg.fr\/en\/fiche-sit\/F223007269_the-cathedral-of-notre-dame-strasbourg\/\" rel=\"nofollow noopener\" target=\"_blank\">Hours (Tourist Office Website)<\/a><\/p><p>\ud83d\udcdc <a href=\"https:\/\/en.wikipedia.org\/wiki\/Strasbourg_Cathedral\" rel=\"nofollow noopener\" target=\"_blank\">Wikipedia<\/a><\/p><p><strong>Astronomical Clock<\/strong><\/p><p>The astronomical clock is a Renaissance masterpiece, originally designed in the 16th century by Swiss clockmakers and mathematicians. The current mechanism dates from 1842.<\/p><p>Standing 18 meters tall, it captivates with the complexity of its mechanisms and the richness of its decorations. Its multiple dials display the movements of the planets, the phases of the moon, the equinoxes, and religious feast days, while its automatons, animated every day at noon, depict the procession of the apostles before Christ.<\/p><p>\ud83d\udccd <a href=\"https:\/\/maps.app.goo.gl\/VUUmakxN5bkDi4N2A\" rel=\"nofollow noopener\" target=\"_blank\">Google Maps<\/a><\/p><p>\ud83c\udfde\ufe0f\u00a0<a href=\"https:\/\/www.google.fr\/search?q=horloge+astronomique+strasbourg&amp;udm=2\" rel=\"nofollow noopener\" data-wpel-link=\"external\" target=\"_blank\">Google Images<\/a><\/p><p>\u2699\ufe0f\u00a0<a href=\"https:\/\/www.visitstrasbourg.fr\/en\/fiche-sit\/F223007613_the-astronomical-clock-strasbourg\/\" rel=\"nofollow noopener\" target=\"_blank\">Hours &amp; Prices (Tourist Office Website)<\/a><\/p><p>\ud83d\udcdc <a href=\"https:\/\/en.wikipedia.org\/wiki\/Strasbourg_astronomical_clock\" rel=\"nofollow noopener\" target=\"_blank\">Wikipedia<\/a><\/p>\t\t\t\t\t\t\t\t<\/div>\n\t\t\t\t<\/div>\n\t\t\t\t<\/div>\n\t\t<div class=\"elementor-element elementor-element-8de23bd container-h3 e-con-full e-flex e-con e-child\" data-id=\"8de23bd\" data-element_type=\"container\" data-e-type=\"container\">\n\t\t\t\t<div class=\"elementor-element elementor-element-03340b7 elementor-widget elementor-widget-heading\" data-id=\"03340b7\" data-element_type=\"widget\" data-e-type=\"widget\" data-widget_type=\"heading.default\">\n\t\t\t\t<div class=\"elementor-widget-container\">\n\t\t\t\t\t<h3 class=\"elementor-heading-title elementor-size-default\">2. St-Thomas<\/h3>\t\t\t\t<\/div>\n\t\t\t\t<\/div>\n\t\t\t\t<div class=\"elementor-element elementor-element-3194689 elementor-widget elementor-widget-image\" data-id=\"3194689\" data-element_type=\"widget\" data-e-type=\"widget\" data-widget_type=\"image.default\">\n\t\t\t\t<div class=\"elementor-widget-container\">\n\t\t\t\t\t\t\t\t\t\t\t\t\t\t\t<img loading=\"lazy\" decoding=\"async\" width=\"1200\" height=\"479\" src=\"https:\/\/culturefrancia.com\/wp-content\/uploads\/church-saint-thomas-strasbourg.webp\" class=\"attachment-full size-full wp-image-35735\" alt=\"\" srcset=\"https:\/\/culturefrancia.com\/wp-content\/uploads\/church-saint-thomas-strasbourg.webp 1200w, https:\/\/culturefrancia.com\/wp-content\/uploads\/church-saint-thomas-strasbourg-300x120.webp 300w, https:\/\/culturefrancia.com\/wp-content\/uploads\/church-saint-thomas-strasbourg-1024x409.webp 1024w, https:\/\/culturefrancia.com\/wp-content\/uploads\/church-saint-thomas-strasbourg-768x307.webp 768w\" sizes=\"(max-width: 1200px) 100vw, 1200px\" \/>\t\t\t\t\t\t\t\t\t\t\t\t\t\t\t<\/div>\n\t\t\t\t<\/div>\n\t\t\t\t<div class=\"elementor-element elementor-element-db8cb7f elementor-widget elementor-widget-text-editor\" data-id=\"db8cb7f\" data-element_type=\"widget\" data-e-type=\"widget\" data-widget_type=\"text-editor.default\">\n\t\t\t\t<div class=\"elementor-widget-container\">\n\t\t\t\t\t\t\t\t\t<p><span style=\"text-decoration: underline;\">In Video<\/span>\u00a0 Yes<\/p><p><span style=\"text-decoration: underline;\">Appeal<\/span> \u00a0<span data-sheets-root=\"1\">\u2726\u2726\u2726\u2727\u2727<br \/><\/span><u>Faith<\/u>\u00a0 Protestant<u><br \/>Type<\/u>\u00a0 Church<\/p><p><span style=\"text-decoration: underline;\">Full Name<br \/><\/span><em>\u00c9glise Saint-Thomas<\/em><\/p><p>This is one of the most important Protestant churches in Strasbourg and a beautiful example of Gothic architecture. Constructed between the 12th and 16th centuries, it stands out for its imposing structure and austere style, typical of Lutheran buildings.<\/p><p>Inside, the church is renowned for its historic organ, on which <em>Mozart<\/em> played during his visit to Strasbourg in 1778.<\/p><p>It also houses several tombs of historical figures.<\/p><p>\ud83d\udccd <a href=\"https:\/\/maps.app.goo.gl\/7ri3v1eMv2BJAMSW9\" rel=\"nofollow noopener\" target=\"_blank\">Google Maps<\/a><\/p><p>\ud83c\udfde\ufe0f\u00a0<a href=\"https:\/\/www.google.fr\/search?q=\u00e9glise+saint+thomas+strasbourg+ext%C3%A9rieur&amp;udm=2\" rel=\"nofollow noopener\" data-wpel-link=\"external\" target=\"_blank\">Google Images \u2013 Exterior<\/a><\/p><p>\ud83c\udfde\ufe0f\u00a0<a href=\"https:\/\/www.google.fr\/search?q=\u00e9glise+saint+thomas+strasbourg+int%C3%A9rieur&amp;udm=2\" rel=\"nofollow noopener\" data-wpel-link=\"external\" target=\"_blank\">Google Images \u2013 Interior<\/a><\/p><p>\u2699\ufe0f <a href=\"https:\/\/www.visitstrasbourg.fr\/en\/fiche-sit\/F223005691_the-church-of-saint-thomas-strasbourg\/\" rel=\"nofollow noopener\" target=\"_blank\">Hours (Tourist Office Website)<\/a><\/p><p>\ud83d\udcdc <a href=\"https:\/\/en.wikipedia.org\/wiki\/St_Thomas%27_Church,_Strasbourg\" rel=\"nofollow noopener\" target=\"_blank\">Wikipedia<\/a><\/p>\t\t\t\t\t\t\t\t<\/div>\n\t\t\t\t<\/div>\n\t\t\t\t<\/div>\n\t\t<div class=\"elementor-element elementor-element-fe40a1d e-con-full container-h3 e-flex e-con e-child\" data-id=\"fe40a1d\" data-element_type=\"container\" data-e-type=\"container\">\n\t\t\t\t<div class=\"elementor-element elementor-element-0d5dfe1 elementor-widget elementor-widget-heading\" data-id=\"0d5dfe1\" data-element_type=\"widget\" data-e-type=\"widget\" data-widget_type=\"heading.default\">\n\t\t\t\t<div class=\"elementor-widget-container\">\n\t\t\t\t\t<h3 class=\"elementor-heading-title elementor-size-default\">3. St-Pierre-le-Jeune (Protestant)<\/h3>\t\t\t\t<\/div>\n\t\t\t\t<\/div>\n\t\t\t\t<div class=\"elementor-element elementor-element-609e712 elementor-widget elementor-widget-image\" data-id=\"609e712\" data-element_type=\"widget\" data-e-type=\"widget\" data-widget_type=\"image.default\">\n\t\t\t\t<div class=\"elementor-widget-container\">\n\t\t\t\t\t\t\t\t\t\t\t\t\t\t\t<img loading=\"lazy\" decoding=\"async\" width=\"1200\" height=\"480\" src=\"https:\/\/culturefrancia.com\/wp-content\/uploads\/church-saint-pierre-le-jeune-protestant-strasbourg.webp\" class=\"attachment-full size-full wp-image-35729\" alt=\"\" srcset=\"https:\/\/culturefrancia.com\/wp-content\/uploads\/church-saint-pierre-le-jeune-protestant-strasbourg.webp 1200w, https:\/\/culturefrancia.com\/wp-content\/uploads\/church-saint-pierre-le-jeune-protestant-strasbourg-300x120.webp 300w, https:\/\/culturefrancia.com\/wp-content\/uploads\/church-saint-pierre-le-jeune-protestant-strasbourg-1024x410.webp 1024w, https:\/\/culturefrancia.com\/wp-content\/uploads\/church-saint-pierre-le-jeune-protestant-strasbourg-768x307.webp 768w\" sizes=\"(max-width: 1200px) 100vw, 1200px\" \/>\t\t\t\t\t\t\t\t\t\t\t\t\t\t\t<\/div>\n\t\t\t\t<\/div>\n\t\t\t\t<div class=\"elementor-element elementor-element-5e263de elementor-widget elementor-widget-text-editor\" data-id=\"5e263de\" data-element_type=\"widget\" data-e-type=\"widget\" data-widget_type=\"text-editor.default\">\n\t\t\t\t<div class=\"elementor-widget-container\">\n\t\t\t\t\t\t\t\t\t<p><span style=\"text-decoration: underline;\">In Video<\/span>\u00a0 Yes<\/p><p><span style=\"text-decoration: underline;\">Appeal<\/span> \u00a0<span data-sheets-root=\"1\">\u2726\u2726\u2726\u2727\u2727<br \/><\/span><u>Faith<\/u>\u00a0 Protestant<br \/><span style=\"text-decoration: underline;\">Type<\/span> \u00a0<span data-sheets-root=\"1\">Church<\/span><\/p><p><span style=\"text-decoration: underline;\">Full Name<\/span><br \/><em>\u00c9glise Protestante Saint-Pierre-le-Jeune<\/em><\/p><p>This church was built in the 14th century in Gothic style. Its history is marked by several transformations that reflect the city\u2019s religious evolution. Originally Catholic, it became Protestant during the <em>Reformation<\/em> in 1524 and remains one of the most important Lutheran churches in Strasbourg today.<\/p><p>Inside, the church stands out for its rich decor, including colorful medieval wall frescoes, an imposing rood screen, and a Baroque altar, showcasing different periods of religious art.<\/p><p>\ud83d\udccd <a href=\"https:\/\/maps.app.goo.gl\/H4iq6yb7jPBAKSDc7\" rel=\"nofollow noopener\" target=\"_blank\">Google Maps<\/a><\/p><p>\ud83c\udfde\ufe0f\u00a0<a href=\"https:\/\/www.google.fr\/search?q=\u00e9glise+protestante+saint+pierre+le+jeune+strasbourg+ext%C3%A9rieur+-catholique&amp;udm=2\" rel=\"nofollow noopener\" data-wpel-link=\"external\" target=\"_blank\">Google Images \u2013 Exterior<\/a><\/p><p>\ud83c\udfde\ufe0f\u00a0<a href=\"https:\/\/www.google.fr\/search?q=\u00e9glise+protestante+saint+pierre+le+jeune+strasbourg+int%C3%A9rieur+-catholique&amp;udm=2\" rel=\"nofollow noopener\" data-wpel-link=\"external\" target=\"_blank\">Google Images \u2013 Interior<\/a><\/p><p>\u2699\ufe0f <a href=\"https:\/\/www.visitstrasbourg.fr\/en\/fiche-sit\/F223005690_the-protestant-church-of-saint-pierre-le-jeune-a-well-hidden-treasure-strasbourg\/\" rel=\"nofollow noopener\" target=\"_blank\">Hours (Tourist Office Website)<\/a><\/p><p>\ud83d\udcdc <a href=\"https:\/\/en.wikipedia.org\/wiki\/Saint-Pierre-le-Jeune_Protestant_Church\" rel=\"nofollow noopener\" target=\"_blank\">Wikipedia<\/a><\/p><p>It also features the only cloister in Strasbourg, which surrounds a tiny garden.<\/p><p>\ud83d\udccd <a href=\"https:\/\/maps.app.goo.gl\/h5RtyfqT6QzzfZNm9\" rel=\"nofollow noopener\" target=\"_blank\">Google Maps<\/a><\/p>\t\t\t\t\t\t\t\t<\/div>\n\t\t\t\t<\/div>\n\t\t\t\t<\/div>\n\t\t<div class=\"elementor-element elementor-element-9bb34fd e-con-full container-h3 e-flex e-con e-child\" data-id=\"9bb34fd\" data-element_type=\"container\" data-e-type=\"container\">\n\t\t\t\t<div class=\"elementor-element elementor-element-e25a1ce elementor-widget elementor-widget-heading\" data-id=\"e25a1ce\" data-element_type=\"widget\" data-e-type=\"widget\" data-widget_type=\"heading.default\">\n\t\t\t\t<div class=\"elementor-widget-container\">\n\t\t\t\t\t<h3 class=\"elementor-heading-title elementor-size-default\">4. St-Pierre-le-Jeune (Catholic)<\/h3>\t\t\t\t<\/div>\n\t\t\t\t<\/div>\n\t\t\t\t<div class=\"elementor-element elementor-element-1c42ccc elementor-widget elementor-widget-image\" data-id=\"1c42ccc\" data-element_type=\"widget\" data-e-type=\"widget\" data-widget_type=\"image.default\">\n\t\t\t\t<div class=\"elementor-widget-container\">\n\t\t\t\t\t\t\t\t\t\t\t\t\t\t\t<img loading=\"lazy\" decoding=\"async\" width=\"1200\" height=\"480\" src=\"https:\/\/culturefrancia.com\/wp-content\/uploads\/church-saint-pierre-le-jeune-catholic-strasbourg.webp\" class=\"attachment-full size-full wp-image-35726\" alt=\"\" srcset=\"https:\/\/culturefrancia.com\/wp-content\/uploads\/church-saint-pierre-le-jeune-catholic-strasbourg.webp 1200w, https:\/\/culturefrancia.com\/wp-content\/uploads\/church-saint-pierre-le-jeune-catholic-strasbourg-300x120.webp 300w, https:\/\/culturefrancia.com\/wp-content\/uploads\/church-saint-pierre-le-jeune-catholic-strasbourg-1024x410.webp 1024w, https:\/\/culturefrancia.com\/wp-content\/uploads\/church-saint-pierre-le-jeune-catholic-strasbourg-768x307.webp 768w\" sizes=\"(max-width: 1200px) 100vw, 1200px\" \/>\t\t\t\t\t\t\t\t\t\t\t\t\t\t\t<\/div>\n\t\t\t\t<\/div>\n\t\t\t\t<div class=\"elementor-element elementor-element-150d6d4 elementor-widget elementor-widget-text-editor\" data-id=\"150d6d4\" data-element_type=\"widget\" data-e-type=\"widget\" data-widget_type=\"text-editor.default\">\n\t\t\t\t<div class=\"elementor-widget-container\">\n\t\t\t\t\t\t\t\t\t<div class=\"flex max-w-full flex-col flex-grow\"><p><span style=\"text-decoration: underline;\">In Video<\/span>\u00a0 Yes<\/p><p><span style=\"text-decoration: underline;\">Appeal<\/span> \u00a0<span data-sheets-root=\"1\">\u2726\u2726\u2726\u2727\u2727<br \/><u>Faith<\/u>\u00a0 Catholic<\/span><br \/><span style=\"text-decoration: underline;\">Type<\/span> \u00a0<span data-sheets-root=\"1\">Church<\/span><\/p><p><span style=\"text-decoration: underline;\">Full Name<\/span><br \/><em>\u00c9glise Catholique Saint-Pierre-le-Jeune<\/em><\/p><div class=\"min-h-8 text-message flex w-full flex-col items-end gap-2 whitespace-normal break-words [.text-message+&amp;]:mt-5\" dir=\"auto\" data-message-author-role=\"assistant\" data-message-id=\"cd0ff7cc-5795-4a93-a322-e7c4705c864b\"><div class=\"flex w-full flex-col gap-1 empty:hidden first:pt-[3px]\"><div class=\"markdown prose w-full break-words dark:prose-invert light\"><p>The Catholic Church of Saint-Pierre-le-Jeune is a distinct building from the Protestant church of the same name in Strasbourg. It was constructed at the end of the 19th century during the period of German annexation of the Alsace region.<\/p><p>The church combines Neo-Romanesque and Neo-Gothic styles. It is characterized by its tall dome and spacious, bright interior.<\/p><\/div><\/div><\/div><\/div><p>\ud83d\udccd <a href=\"https:\/\/maps.app.goo.gl\/CYAqgHVWpymWmA5eA\" rel=\"nofollow noopener\" target=\"_blank\">Google Maps<\/a><\/p><p>\ud83c\udfde\ufe0f\u00a0<a href=\"https:\/\/www.google.fr\/search?q=\u00e9glise+catholique+saint+pierre+le+jeune+strasbourg+ext%C3%A9rieur+-protestante&amp;udm=2\" rel=\"nofollow noopener\" data-wpel-link=\"external\" target=\"_blank\">Google Images \u2013 Exterior<\/a><\/p><p>\ud83c\udfde\ufe0f\u00a0<a href=\"https:\/\/www.google.fr\/search?q=\u00e9glise+catholique+saint+pierre+le+jeune+strasbourg+int%C3%A9rieur+-protestante&amp;udm=2\" rel=\"nofollow noopener\" data-wpel-link=\"external\" target=\"_blank\">Google Images \u2013 Interior<\/a><\/p><p>\u2699\ufe0f <a href=\"https:\/\/www.visitstrasbourg.fr\/en\/fiche-sit\/F223013769_leglise-catholique-saint-pierre-le-jeune-strasbourg-en\/\" rel=\"nofollow noopener\" target=\"_blank\">Hours (Tourist Office Website)<\/a><\/p><p>\ud83d\udcdc <a href=\"https:\/\/en.wikipedia.org\/wiki\/Saint-Pierre-le-Jeune_Catholic_Church\" rel=\"nofollow noopener\" target=\"_blank\">Wikipedia<\/a><\/p>\t\t\t\t\t\t\t\t<\/div>\n\t\t\t\t<\/div>\n\t\t\t\t<\/div>\n\t\t<div class=\"elementor-element elementor-element-e591082 e-con-full container-h3 e-flex e-con e-child\" data-id=\"e591082\" data-element_type=\"container\" data-e-type=\"container\">\n\t\t\t\t<div class=\"elementor-element elementor-element-e9eec4d elementor-widget elementor-widget-heading\" data-id=\"e9eec4d\" data-element_type=\"widget\" data-e-type=\"widget\" data-widget_type=\"heading.default\">\n\t\t\t\t<div class=\"elementor-widget-container\">\n\t\t\t\t\t<h3 class=\"elementor-heading-title elementor-size-default\">5. St-Paul<\/h3>\t\t\t\t<\/div>\n\t\t\t\t<\/div>\n\t\t\t\t<div class=\"elementor-element elementor-element-34a4102 elementor-widget elementor-widget-image\" data-id=\"34a4102\" data-element_type=\"widget\" data-e-type=\"widget\" data-widget_type=\"image.default\">\n\t\t\t\t<div class=\"elementor-widget-container\">\n\t\t\t\t\t\t\t\t\t\t\t\t\t\t\t<img loading=\"lazy\" decoding=\"async\" width=\"1200\" height=\"480\" src=\"https:\/\/culturefrancia.com\/wp-content\/uploads\/strasbourg-saint-paul-church.webp\" class=\"attachment-full size-full wp-image-58488\" alt=\"\" srcset=\"https:\/\/culturefrancia.com\/wp-content\/uploads\/strasbourg-saint-paul-church.webp 1200w, https:\/\/culturefrancia.com\/wp-content\/uploads\/strasbourg-saint-paul-church-300x120.webp 300w, https:\/\/culturefrancia.com\/wp-content\/uploads\/strasbourg-saint-paul-church-1024x410.webp 1024w, https:\/\/culturefrancia.com\/wp-content\/uploads\/strasbourg-saint-paul-church-768x307.webp 768w\" sizes=\"(max-width: 1200px) 100vw, 1200px\" \/>\t\t\t\t\t\t\t\t\t\t\t\t\t\t\t<\/div>\n\t\t\t\t<\/div>\n\t\t\t\t<div class=\"elementor-element elementor-element-41e0d5c elementor-widget elementor-widget-text-editor\" data-id=\"41e0d5c\" data-element_type=\"widget\" data-e-type=\"widget\" data-widget_type=\"text-editor.default\">\n\t\t\t\t<div class=\"elementor-widget-container\">\n\t\t\t\t\t\t\t\t\t<p><span style=\"text-decoration: underline;\">In Video<\/span>\u00a0 No<\/p><p><span style=\"text-decoration: underline;\">Appeal<\/span> \u00a0<span data-sheets-root=\"1\">\u2726\u2726\u2726\u2727\u2727<br \/><\/span><u>Faith<\/u>\u00a0 Protestant<br \/><span style=\"text-decoration: underline;\">Type<\/span> \u00a0<span data-sheets-root=\"1\">Church<\/span><\/p><p><span style=\"text-decoration: underline;\">Full Names<\/span><br \/><em>\u00c9glise Saint-Paul<br \/>\u00c9glise R\u00e9form\u00e9e Saint-Paul<br \/><\/em><\/p><p>This Protestant church dates from the 19th century and is built in Neo-Gothic style. It notably features two slender spires and stained-glass windows.<\/p><p>The interior is rarely open to visitors, though it may be more accessible during the summer.<\/p><p>\ud83d\udccd <a href=\"https:\/\/maps.app.goo.gl\/nJmqkEQR26ZB5jwn7\" rel=\"nofollow noopener\" target=\"_blank\">Google Maps<\/a><\/p><p>\ud83c\udfde\ufe0f\u00a0<a href=\"https:\/\/www.google.fr\/search?q=\u00e9glise+saint+paul+strasbourg+ext%C3%A9rieur&amp;udm=2\" rel=\"nofollow noopener\" data-wpel-link=\"external\" target=\"_blank\">Google Images \u2013 Exterior<\/a><\/p><p>\ud83c\udfde\ufe0f\u00a0<a href=\"https:\/\/www.google.fr\/search?q=\u00e9glise+saint+paul+strasbourg+int%C3%A9rieur&amp;udm=2\" rel=\"nofollow noopener\" data-wpel-link=\"external\" target=\"_blank\">Google Images \u2013 Interior<\/a><\/p><p>\ud83d\udcdc <a href=\"https:\/\/en.wikipedia.org\/wiki\/St._Paul%27s_Church,_Strasbourg\" rel=\"nofollow noopener\" target=\"_blank\">Wikipedia<\/a><\/p>\t\t\t\t\t\t\t\t<\/div>\n\t\t\t\t<\/div>\n\t\t\t\t<\/div>\n\t\t<div class=\"elementor-element elementor-element-d687f1d e-con-full container-h3 e-flex e-con e-child\" data-id=\"d687f1d\" data-element_type=\"container\" data-e-type=\"container\">\n\t\t\t\t<div class=\"elementor-element elementor-element-5ec4d71 elementor-widget elementor-widget-heading\" data-id=\"5ec4d71\" data-element_type=\"widget\" data-e-type=\"widget\" data-widget_type=\"heading.default\">\n\t\t\t\t<div class=\"elementor-widget-container\">\n\t\t\t\t\t<h3 class=\"elementor-heading-title elementor-size-default\">6. Temple-Neuf<\/h3>\t\t\t\t<\/div>\n\t\t\t\t<\/div>\n\t\t\t\t<div class=\"elementor-element elementor-element-1bb57d5 elementor-widget elementor-widget-image\" data-id=\"1bb57d5\" data-element_type=\"widget\" data-e-type=\"widget\" data-widget_type=\"image.default\">\n\t\t\t\t<div class=\"elementor-widget-container\">\n\t\t\t\t\t\t\t\t\t\t\t\t\t\t\t<img loading=\"lazy\" decoding=\"async\" width=\"1200\" height=\"480\" src=\"https:\/\/culturefrancia.com\/wp-content\/uploads\/church-temple-neuf-strasbourg.webp\" class=\"attachment-full size-full wp-image-35738\" alt=\"\" srcset=\"https:\/\/culturefrancia.com\/wp-content\/uploads\/church-temple-neuf-strasbourg.webp 1200w, https:\/\/culturefrancia.com\/wp-content\/uploads\/church-temple-neuf-strasbourg-300x120.webp 300w, https:\/\/culturefrancia.com\/wp-content\/uploads\/church-temple-neuf-strasbourg-1024x410.webp 1024w, https:\/\/culturefrancia.com\/wp-content\/uploads\/church-temple-neuf-strasbourg-768x307.webp 768w\" sizes=\"(max-width: 1200px) 100vw, 1200px\" \/>\t\t\t\t\t\t\t\t\t\t\t\t\t\t\t<\/div>\n\t\t\t\t<\/div>\n\t\t\t\t<div class=\"elementor-element elementor-element-751fc48 elementor-widget elementor-widget-text-editor\" data-id=\"751fc48\" data-element_type=\"widget\" data-e-type=\"widget\" data-widget_type=\"text-editor.default\">\n\t\t\t\t<div class=\"elementor-widget-container\">\n\t\t\t\t\t\t\t\t\t<p><span style=\"text-decoration: underline;\">In Video<\/span>\u00a0 No<\/p><p><span style=\"text-decoration: underline;\">Appeal<\/span> \u00a0<span data-sheets-root=\"1\">\u2726\u2726\u2726\u2727\u2727<br \/><\/span><u>Faith<\/u>\u00a0 Protestant<br \/><span style=\"text-decoration: underline;\">Type<\/span> \u00a0<span data-sheets-root=\"1\">Church<\/span><\/p><p><span style=\"text-decoration: underline;\">Full Names<\/span><br \/><em>Temple-Neuf<br \/>\u00c9glise du Temple-Neuf<\/em><\/p><p>This Protestant church was built at the end of the 19th century in pink sandstone and features Neo-Romanesque style.<\/p><p>\ud83d\udccd <a href=\"https:\/\/maps.app.goo.gl\/qethCwotcFKq5piL6\" rel=\"nofollow noopener\" target=\"_blank\">Google Maps<\/a><\/p><p>\ud83c\udfde\ufe0f\u00a0<a href=\"https:\/\/www.google.fr\/search?q=\u00e9glise+du+temple+neuf+strasbourg+ext%C3%A9rieur&amp;udm=2\" rel=\"nofollow noopener\" data-wpel-link=\"external\" target=\"_blank\">Google Images \u2013 Exterior<\/a><\/p><p>\ud83c\udfde\ufe0f\u00a0<a href=\"https:\/\/www.google.fr\/search?q=\u00e9glise+du+temple+neuf+strasbourg+int%C3%A9rieur&amp;udm=2\" rel=\"nofollow noopener\" data-wpel-link=\"external\" target=\"_blank\">Google Images \u2013 Interior<\/a><\/p><p>\ud83d\udcdc <a href=\"https:\/\/en.wikipedia.org\/wiki\/Temple_Neuf,_Strasbourg\" rel=\"nofollow noopener\" target=\"_blank\">Wikipedia<\/a><\/p>\t\t\t\t\t\t\t\t<\/div>\n\t\t\t\t<\/div>\n\t\t\t\t<\/div>\n\t\t<div class=\"elementor-element elementor-element-7f621be e-con-full container-h3 e-flex e-con e-child\" data-id=\"7f621be\" data-element_type=\"container\" data-e-type=\"container\">\n\t\t\t\t<div class=\"elementor-element elementor-element-0c39a0c elementor-widget elementor-widget-heading\" data-id=\"0c39a0c\" data-element_type=\"widget\" data-e-type=\"widget\" data-widget_type=\"heading.default\">\n\t\t\t\t<div class=\"elementor-widget-container\">\n\t\t\t\t\t<h3 class=\"elementor-heading-title elementor-size-default\">7. St-Pierre-le-Vieux<\/h3>\t\t\t\t<\/div>\n\t\t\t\t<\/div>\n\t\t\t\t<div class=\"elementor-element elementor-element-7a3075e elementor-widget elementor-widget-image\" data-id=\"7a3075e\" data-element_type=\"widget\" data-e-type=\"widget\" data-widget_type=\"image.default\">\n\t\t\t\t<div class=\"elementor-widget-container\">\n\t\t\t\t\t\t\t\t\t\t\t\t\t\t\t<img loading=\"lazy\" decoding=\"async\" width=\"1200\" height=\"480\" src=\"https:\/\/culturefrancia.com\/wp-content\/uploads\/church-saint-pierre-le-vieux-strasbourg.webp\" class=\"attachment-full size-full wp-image-35732\" alt=\"\" srcset=\"https:\/\/culturefrancia.com\/wp-content\/uploads\/church-saint-pierre-le-vieux-strasbourg.webp 1200w, https:\/\/culturefrancia.com\/wp-content\/uploads\/church-saint-pierre-le-vieux-strasbourg-300x120.webp 300w, https:\/\/culturefrancia.com\/wp-content\/uploads\/church-saint-pierre-le-vieux-strasbourg-1024x410.webp 1024w, https:\/\/culturefrancia.com\/wp-content\/uploads\/church-saint-pierre-le-vieux-strasbourg-768x307.webp 768w\" sizes=\"(max-width: 1200px) 100vw, 1200px\" \/>\t\t\t\t\t\t\t\t\t\t\t\t\t\t\t<\/div>\n\t\t\t\t<\/div>\n\t\t\t\t<div class=\"elementor-element elementor-element-2968c67 elementor-widget elementor-widget-text-editor\" data-id=\"2968c67\" data-element_type=\"widget\" data-e-type=\"widget\" data-widget_type=\"text-editor.default\">\n\t\t\t\t<div class=\"elementor-widget-container\">\n\t\t\t\t\t\t\t\t\t<p><span style=\"text-decoration: underline;\">In Video<\/span>\u00a0 No<\/p><p><span style=\"text-decoration: underline;\">Appeal<\/span> \u00a0<span data-sheets-root=\"1\">\u2726\u2726\u2727\u2727\u2727<br \/><\/span><span data-sheets-root=\"1\"><u>Faith<\/u>\u00a0 Catholic &amp; Protestant<\/span><br \/><span style=\"text-decoration: underline;\">Type<\/span>\u00a0 2 <span data-sheets-root=\"1\">Churches<\/span><\/p><p><span style=\"text-decoration: underline;\">Full Name<\/span><br \/><em>\u00c9glise Saint-Pierre-le-Vieux<\/em><\/p><p>The Saint-Pierre-le-Vieux religious structure is actually composed of two interlocking churches, one Catholic and the other Protestant, positioned perpendicularly. The initial structure was built in the 14th century, with a second section added in the 19th century.<\/p><p>\ud83d\udccd <a href=\"https:\/\/maps.app.goo.gl\/FN8fccUXNxU5nooY9\" rel=\"nofollow noopener\" target=\"_blank\">Google Maps<\/a><\/p><p>\ud83c\udfde\ufe0f\u00a0<a href=\"https:\/\/www.google.fr\/search?q=\u00e9glise+saint+pierre+le+vieux+strasbourg+ext%C3%A9rieur&amp;udm=2\" rel=\"nofollow noopener\" data-wpel-link=\"external\" target=\"_blank\">Google Images \u2013 Exterior<\/a><\/p><p>\ud83d\udcdc <a href=\"https:\/\/en.wikipedia.org\/wiki\/Old_Saint_Peter%27s_Church,_Strasbourg\" rel=\"nofollow noopener\" target=\"_blank\">Wikipedia<\/a><\/p><p>The Catholic church corresponds to the northern part of the building and is open to visitors.<\/p><p>\ud83c\udfde\ufe0f\u00a0<a href=\"https:\/\/www.google.fr\/search?q=\u00e9glise+catholique+saint+pierre+le+vieux+strasbourg+int%C3%A9rieur+-jeune&amp;udm=2\" rel=\"nofollow noopener\" data-wpel-link=\"external\" target=\"_blank\">Google Images \u2013 Interior<\/a><\/p><p>The Protestant church makes up the western part and is rarely open to visitors.<\/p>\t\t\t\t\t\t\t\t<\/div>\n\t\t\t\t<\/div>\n\t\t\t\t<\/div>\n\t\t<div class=\"elementor-element elementor-element-d3a793d e-con-full container-h3 e-flex e-con e-child\" data-id=\"d3a793d\" data-element_type=\"container\" data-e-type=\"container\">\n\t\t\t\t<div class=\"elementor-element elementor-element-b11f0a2 elementor-widget elementor-widget-heading\" data-id=\"b11f0a2\" data-element_type=\"widget\" data-e-type=\"widget\" data-widget_type=\"heading.default\">\n\t\t\t\t<div class=\"elementor-widget-container\">\n\t\t\t\t\t<h3 class=\"elementor-heading-title elementor-size-default\">8. St-Maurice<\/h3>\t\t\t\t<\/div>\n\t\t\t\t<\/div>\n\t\t\t\t<div class=\"elementor-element elementor-element-7854294 elementor-widget elementor-widget-image\" data-id=\"7854294\" data-element_type=\"widget\" data-e-type=\"widget\" data-widget_type=\"image.default\">\n\t\t\t\t<div class=\"elementor-widget-container\">\n\t\t\t\t\t\t\t\t\t\t\t\t\t\t\t<img loading=\"lazy\" decoding=\"async\" width=\"1200\" height=\"480\" src=\"https:\/\/culturefrancia.com\/wp-content\/uploads\/church-saint-maurice.webp\" class=\"attachment-full size-full wp-image-35720\" alt=\"\" srcset=\"https:\/\/culturefrancia.com\/wp-content\/uploads\/church-saint-maurice.webp 1200w, https:\/\/culturefrancia.com\/wp-content\/uploads\/church-saint-maurice-300x120.webp 300w, https:\/\/culturefrancia.com\/wp-content\/uploads\/church-saint-maurice-1024x410.webp 1024w, https:\/\/culturefrancia.com\/wp-content\/uploads\/church-saint-maurice-768x307.webp 768w\" sizes=\"(max-width: 1200px) 100vw, 1200px\" \/>\t\t\t\t\t\t\t\t\t\t\t\t\t\t\t<\/div>\n\t\t\t\t<\/div>\n\t\t\t\t<div class=\"elementor-element elementor-element-79e41e9 elementor-widget elementor-widget-text-editor\" data-id=\"79e41e9\" data-element_type=\"widget\" data-e-type=\"widget\" data-widget_type=\"text-editor.default\">\n\t\t\t\t<div class=\"elementor-widget-container\">\n\t\t\t\t\t\t\t\t\t<p><span style=\"text-decoration: underline;\">In Video<\/span>\u00a0 No<\/p><p><span style=\"text-decoration: underline;\">Appeal<\/span> \u00a0<span data-sheets-root=\"1\">\u2726\u2726\u2727\u2727\u2727<br \/><\/span><span data-sheets-root=\"1\"><u>Faith<\/u>\u00a0 Catholic<\/span><br \/><span style=\"text-decoration: underline;\">Type<\/span> \u00a0<span data-sheets-root=\"1\">Church<\/span><\/p><p><span style=\"text-decoration: underline;\">Full Name<\/span><br \/><em>\u00c9glise Saint-Maurice<\/em><\/p><p>This Catholic church was constructed at the end of the 19th century during the period of German annexation of the Alsace region. It features a Neo-Gothic style.<\/p><p>\ud83d\udccd <a href=\"https:\/\/maps.app.goo.gl\/dRtEsrxV7DYyrDjB9\" rel=\"nofollow noopener\" target=\"_blank\">Google Maps<\/a><\/p><p>\ud83c\udfde\ufe0f\u00a0<a href=\"https:\/\/www.google.fr\/search?q=\u00e9glise+saint+maurice+strasbourg+ext%C3%A9rieur&amp;udm=2\" rel=\"nofollow noopener\" data-wpel-link=\"external\" target=\"_blank\">Google Images \u2013 Exterior<\/a><\/p><p>\ud83c\udfde\ufe0f\u00a0<a href=\"https:\/\/www.google.fr\/search?q=\u00e9glise+saint+maurice+strasbourg+int%C3%A9rieur&amp;udm=2\" rel=\"nofollow noopener\" data-wpel-link=\"external\" target=\"_blank\">Google Images \u2013 Interior<\/a><\/p><p>\ud83d\udcdc <a href=\"https:\/\/en.wikipedia.org\/wiki\/St_Maurice%27s_Church,_Strasbourg\" rel=\"nofollow noopener\" target=\"_blank\">Wikipedia<\/a><\/p>\t\t\t\t\t\t\t\t<\/div>\n\t\t\t\t<\/div>\n\t\t\t\t<\/div>\n\t\t<div class=\"elementor-element elementor-element-88477d8 e-con-full container-h3 e-flex e-con e-child\" data-id=\"88477d8\" data-element_type=\"container\" data-e-type=\"container\">\n\t\t\t\t<div class=\"elementor-element elementor-element-e7573e6 elementor-widget elementor-widget-heading\" data-id=\"e7573e6\" data-element_type=\"widget\" data-e-type=\"widget\" data-widget_type=\"heading.default\">\n\t\t\t\t<div class=\"elementor-widget-container\">\n\t\t\t\t\t<h3 class=\"elementor-heading-title elementor-size-default\">9. Tous Les Saints<\/h3>\t\t\t\t<\/div>\n\t\t\t\t<\/div>\n\t\t\t\t<div class=\"elementor-element elementor-element-394cb42 elementor-widget elementor-widget-image\" data-id=\"394cb42\" data-element_type=\"widget\" data-e-type=\"widget\" data-widget_type=\"image.default\">\n\t\t\t\t<div class=\"elementor-widget-container\">\n\t\t\t\t\t\t\t\t\t\t\t\t\t\t\t<img loading=\"lazy\" decoding=\"async\" width=\"1200\" height=\"481\" src=\"https:\/\/culturefrancia.com\/wp-content\/uploads\/church-orthodox-strasbourg.webp\" class=\"attachment-full size-full wp-image-35717\" alt=\"\" srcset=\"https:\/\/culturefrancia.com\/wp-content\/uploads\/church-orthodox-strasbourg.webp 1200w, https:\/\/culturefrancia.com\/wp-content\/uploads\/church-orthodox-strasbourg-300x120.webp 300w, https:\/\/culturefrancia.com\/wp-content\/uploads\/church-orthodox-strasbourg-1024x410.webp 1024w, https:\/\/culturefrancia.com\/wp-content\/uploads\/church-orthodox-strasbourg-768x308.webp 768w\" sizes=\"(max-width: 1200px) 100vw, 1200px\" \/>\t\t\t\t\t\t\t\t\t\t\t\t\t\t\t<\/div>\n\t\t\t\t<\/div>\n\t\t\t\t<div class=\"elementor-element elementor-element-84b28e7 elementor-widget elementor-widget-text-editor\" data-id=\"84b28e7\" data-element_type=\"widget\" data-e-type=\"widget\" data-widget_type=\"text-editor.default\">\n\t\t\t\t<div class=\"elementor-widget-container\">\n\t\t\t\t\t\t\t\t\t<p><span style=\"text-decoration: underline;\">In Video<\/span>\u00a0 No<\/p><p><span style=\"text-decoration: underline;\">Appeal<\/span> \u00a0<span data-sheets-root=\"1\">\u2726\u2727\u2727\u2727\u2727<br \/><u>Faith<\/u>\u00a0 Orthodox<\/span><br \/><span style=\"text-decoration: underline;\">Type<\/span> \u00a0<span data-sheets-root=\"1\">Church<\/span><\/p><p><span style=\"text-decoration: underline;\">Full Name<\/span><br \/><em>\u00c9glise de Tous-les-Saints<\/em><\/p><p>This Russian church is affiliated with the Orthodox faith and dates back to 2018.<\/p><p>\ud83d\udccd <a href=\"https:\/\/maps.app.goo.gl\/EYsvNRrj2VqGP3Fa9\" rel=\"nofollow noopener\" target=\"_blank\">Google Maps<\/a><\/p><p>\ud83c\udfde\ufe0f\u00a0<a href=\"https:\/\/www.google.fr\/search?q=\u00e9glise+de+tous+les+saints+strasbourg+ext%C3%A9rieur&amp;udm=2\" rel=\"nofollow noopener\" data-wpel-link=\"external\" target=\"_blank\">Google Images \u2013 Exterior<\/a><\/p><p>\ud83c\udfde\ufe0f\u00a0<a href=\"https:\/\/www.google.fr\/search?q=\u00e9glise+de+tous+les+saints+strasbourg+int%C3%A9rieur&amp;udm=2\" rel=\"nofollow noopener\" data-wpel-link=\"external\" target=\"_blank\">Google Images \u2013 Interior<\/a><\/p><p>\ud83d\udcdc <a href=\"https:\/\/fr.wikipedia.org\/wiki\/%C3%89glise_de_Tous-les-Saints_de_Strasbourg\" rel=\"nofollow noopener\" target=\"_blank\">Wikipedia (Fr)<\/a><\/p>\t\t\t\t\t\t\t\t<\/div>\n\t\t\t\t<\/div>\n\t\t\t\t<\/div>\n\t\t\t\t\t<\/div>\n\t\t\t\t<\/div>\n\t\t<div class=\"elementor-element elementor-element-3515417 container-h2 e-flex e-con-boxed e-con e-parent\" data-id=\"3515417\" data-element_type=\"container\" data-e-type=\"container\">\n\t\t\t\t\t<div class=\"e-con-inner\">\n\t\t<div class=\"elementor-element elementor-element-333f474 e-con-full container-titre-h2 e-flex e-con e-child\" data-id=\"333f474\" data-element_type=\"container\" data-e-type=\"container\">\n\t\t\t\t<div class=\"elementor-element elementor-element-9eb56b3 elementor-widget elementor-widget-heading\" data-id=\"9eb56b3\" data-element_type=\"widget\" data-e-type=\"widget\" data-widget_type=\"heading.default\">\n\t\t\t\t<div class=\"elementor-widget-container\">\n\t\t\t\t\t<h2 class=\"elementor-heading-title elementor-size-default\">MUSEUMS<\/h2>\t\t\t\t<\/div>\n\t\t\t\t<\/div>\n\t\t\t\t<\/div>\n\t\t<div class=\"elementor-element elementor-element-df03709 e-con-full container-h3 e-flex e-con e-child\" data-id=\"df03709\" data-element_type=\"container\" data-e-type=\"container\">\n\t\t\t\t<div class=\"elementor-element elementor-element-9ecc105 elementor-widget elementor-widget-heading\" data-id=\"9ecc105\" data-element_type=\"widget\" data-e-type=\"widget\" data-widget_type=\"heading.default\">\n\t\t\t\t<div class=\"elementor-widget-container\">\n\t\t\t\t\t<h4 class=\"elementor-heading-title elementor-size-default\">Overview Table<\/h4>\t\t\t\t<\/div>\n\t\t\t\t<\/div>\n\t\t\t\t<div class=\"elementor-element elementor-element-8dd3e16 tableau elementor-widget elementor-widget-eael-advanced-data-table\" data-id=\"8dd3e16\" data-element_type=\"widget\" data-e-type=\"widget\" data-widget_type=\"eael-advanced-data-table.default\">\n\t\t\t\t<div class=\"elementor-widget-container\">\n\t\t\t\t\t<div class=\"ea-advanced-data-table-wrap\" data-id=\"8dd3e16\"><div class=\"ea-advanced-data-table-wrap-inner\">\n                <table class=\"ea-advanced-data-table ea-advanced-data-table-csv ea-advanced-data-table-8dd3e16\" data-id=\"8dd3e16\"><thead><tr><th><\/th><th>\tName<\/th><th>\tAppeal<\/th><th>\tTheme<\/th><th>\t\u20ac<\/th><\/tr><\/thead><tbody><tr><td>1<\/td><td>\tOeuvre Notre-Dame<\/td><td>\t\u2726\u2726\u2726\u2727\u2727<\/td><td>\tMedieval &amp; Renaissance Art<\/td><td>\t\u20ac7.50<\/td><\/tr><tr><td>2<\/td><td>\tDecorative Art<\/td><td>\t\u2726\u2726\u2726\u2727\u2727<\/td><td>\tDecorative Art<\/td><td>\t\u20ac7.50<\/td><\/tr><tr><td>3<\/td><td>\tFine Arts<\/td><td>\t\u2726\u2726\u2726\u2727\u2727<\/td><td>\tFine Arts<\/td><td>\t\u20ac7.50<\/td><\/tr><tr><td>4<\/td><td>\tArcheological<\/td><td>\t\u2726\u2726\u2727\u2727\u2727<\/td><td>\tPrehistory &amp; Archeology<\/td><td>\t\u20ac7.50<\/td><\/tr><tr><td>5<\/td><td>\tHistory of Strasbourg<\/td><td>\t\u2726\u2726\u2727\u2727\u2727<\/td><td>\tCity History<\/td><td>\t\u20ac7.50<\/td><\/tr><tr><td>6<\/td><td>\tModern &amp; Contemporary Art<\/td><td>\t\u2726\u2726\u2726\u2727\u2727<\/td><td>\tModern &amp; Contemporary Art<\/td><td>\t\u20ac7.50<\/td><\/tr><tr><td>7<\/td><td>\tHospice Cellars<\/td><td>\t\u2726\u2726\u2727\u2727\u2727<\/td><td>\tHistoric Wine Cellar<\/td><td>\t0<\/td><\/tr><tr><td>8<\/td><td>\t5e Lieu<\/td><td>\t\u2726\u2726\u2727\u2727\u2727<\/td><td>\tUrbanism<\/td><td>\t0<\/td><\/tr><tr><td>9<\/td><td>\tLe Vaisseau<\/td><td>\t\u2726\u2726\u2726\u2727\u2727<\/td><td>\tScience for Kids<\/td><td>\t\u20ac12<\/td><\/tr><tr><td>10<\/td><td>\tVodou<\/td><td>\t\u2726\u2727\u2727\u2727\u2727<\/td><td>\tVodou<\/td><td>\t\u20ac14<\/td><\/tr><tr><td>11<\/td><td>\tTomi Ungerer<\/td><td>\t\u2726\u2727\u2727\u2727\u2727<\/td><td>\tIllustrations<\/td><td>\t\u20ac7.50<\/td><\/tr><tr><td>12<\/td><td>\tZoological<\/td><td>\t\u2726\u2727\u2727\u2727\u2727<\/td><td>\tZoological<\/td><td>\t\u20ac9<\/td><\/tr><tr><td>13<\/td><td>\tECCAS<\/td><td>\t\u2726\u2727\u2727\u2727\u2727<\/td><td>\tContemporary Art<\/td><td>\t0<\/td><\/tr><\/tbody><\/table>\n            <\/div><\/div>\t\t\t\t<\/div>\n\t\t\t\t<\/div>\n\t\t\t\t<\/div>\n\t\t<div class=\"elementor-element elementor-element-61cf3e3 e-con-full container-h3 e-flex e-con e-child\" data-id=\"61cf3e3\" data-element_type=\"container\" data-e-type=\"container\">\n\t\t\t\t<div class=\"elementor-element elementor-element-641b9e4 elementor-widget elementor-widget-heading\" data-id=\"641b9e4\" data-element_type=\"widget\" data-e-type=\"widget\" data-widget_type=\"heading.default\">\n\t\t\t\t<div class=\"elementor-widget-container\">\n\t\t\t\t\t<h3 class=\"elementor-heading-title elementor-size-default\">1. Oeuvre Notre-Dame<\/h3>\t\t\t\t<\/div>\n\t\t\t\t<\/div>\n\t\t\t\t<div class=\"elementor-element elementor-element-0d3dfa5 elementor-widget elementor-widget-image\" data-id=\"0d3dfa5\" data-element_type=\"widget\" data-e-type=\"widget\" data-widget_type=\"image.default\">\n\t\t\t\t<div class=\"elementor-widget-container\">\n\t\t\t\t\t\t\t\t\t\t\t\t\t\t\t<img loading=\"lazy\" decoding=\"async\" width=\"1200\" height=\"480\" src=\"https:\/\/culturefrancia.com\/wp-content\/uploads\/museum-oeuvre-notre-dame-strasbourg.webp\" class=\"attachment-full size-full wp-image-35786\" alt=\"\" srcset=\"https:\/\/culturefrancia.com\/wp-content\/uploads\/museum-oeuvre-notre-dame-strasbourg.webp 1200w, https:\/\/culturefrancia.com\/wp-content\/uploads\/museum-oeuvre-notre-dame-strasbourg-300x120.webp 300w, https:\/\/culturefrancia.com\/wp-content\/uploads\/museum-oeuvre-notre-dame-strasbourg-1024x410.webp 1024w, https:\/\/culturefrancia.com\/wp-content\/uploads\/museum-oeuvre-notre-dame-strasbourg-768x307.webp 768w\" sizes=\"(max-width: 1200px) 100vw, 1200px\" \/>\t\t\t\t\t\t\t\t\t\t\t\t\t\t\t<\/div>\n\t\t\t\t<\/div>\n\t\t\t\t<div class=\"elementor-element elementor-element-2c0c2d0 elementor-widget elementor-widget-text-editor\" data-id=\"2c0c2d0\" data-element_type=\"widget\" data-e-type=\"widget\" data-widget_type=\"text-editor.default\">\n\t\t\t\t<div class=\"elementor-widget-container\">\n\t\t\t\t\t\t\t\t\t<p><span style=\"text-decoration: underline;\">In Video<\/span>\u00a0 Yes<\/p><p><span style=\"text-decoration: underline;\">Appeal<\/span> \u00a0<span data-sheets-root=\"1\">\u2726\u2726\u2726\u2727\u2727<\/span><br \/><span style=\"text-decoration: underline;\">Theme<\/span> \u00a0<span data-sheets-root=\"1\">Medieval &amp; Renaissance Art<br \/><\/span><u>Price<\/u>\u00a0 \u20ac7.50<\/p><p><span style=\"text-decoration: underline;\">Full Name<\/span><br \/><em>Mus\u00e9e de l&#8217;Oeuvre Notre-Dame<\/em><\/p><p>This museum is primarily dedicated to Medieval and Renaissance art and architecture, with a particular focus on the Notre-Dame Cathedral of Strasbourg and its heritage.<\/p><p>The museum houses an extensive collection of artworks, including sculptures, stained glass, tapestries, and liturgical objects, some of which come directly from the cathedral. Visitors can discover models of the cathedral, architectural elements, and handcrafted works that illustrate the history of the building&#8217;s construction and the cathedral&#8217;s significance in the cultural and religious life of Strasbourg.<\/p><p>It is located in a historic building dating back to the 14th century, which was extensively renovated in the 16th century.<\/p><p>\ud83d\udccd <a href=\"https:\/\/maps.app.goo.gl\/EpXiWqbizzB4mLBx7\" rel=\"nofollow noopener\" target=\"_blank\">Google Maps<\/a><\/p><p>\ud83c\udfde\ufe0f\u00a0<a href=\"https:\/\/www.google.fr\/search?q=mus\u00e9e+de+l&#039;oeuvre+notre+dame+strasbourg+int%C3%A9rieur&amp;udm=2\" rel=\"nofollow noopener\" data-wpel-link=\"external\" target=\"_blank\">Google Images \u2013 Interior<\/a><\/p><p>\u2699\ufe0f\u00a0<a href=\"https:\/\/en.musees.strasbourg.eu\/museum-oeuvre-notre-dame\" target=\"_blank\" rel=\"noopener\">Hours &amp; Prices (Official Website)<\/a><\/p><p>\ud83d\udcdc <a href=\"https:\/\/en.wikipedia.org\/wiki\/Mus%C3%A9e_de_l%27%C5%92uvre_Notre-Dame\" rel=\"nofollow noopener\" target=\"_blank\">Wikipedia<\/a><\/p>\t\t\t\t\t\t\t\t<\/div>\n\t\t\t\t<\/div>\n\t\t\t\t<\/div>\n\t\t<div class=\"elementor-element elementor-element-8ec20a3 e-con-full container-h3 e-flex e-con e-child\" data-id=\"8ec20a3\" data-element_type=\"container\" data-e-type=\"container\">\n\t\t\t\t<div class=\"elementor-element elementor-element-4315dbe elementor-widget elementor-widget-heading\" data-id=\"4315dbe\" data-element_type=\"widget\" data-e-type=\"widget\" data-widget_type=\"heading.default\">\n\t\t\t\t<div class=\"elementor-widget-container\">\n\t\t\t\t\t<h3 class=\"elementor-heading-title elementor-size-default\">*Palais Rohan*<\/h3>\t\t\t\t<\/div>\n\t\t\t\t<\/div>\n\t\t\t\t<div class=\"elementor-element elementor-element-b319440 elementor-widget elementor-widget-text-editor\" data-id=\"b319440\" data-element_type=\"widget\" data-e-type=\"widget\" data-widget_type=\"text-editor.default\">\n\t\t\t\t<div class=\"elementor-widget-container\">\n\t\t\t\t\t\t\t\t\t<div class=\"flex max-w-full flex-col flex-grow\"><div class=\"min-h-8 text-message flex w-full flex-col items-end gap-2 whitespace-normal break-words [.text-message+&amp;]:mt-5\" dir=\"auto\" data-message-author-role=\"assistant\" data-message-id=\"6fd0f58e-6d0f-4a48-ad6a-0b1885f72166\"><div class=\"flex w-full flex-col gap-1 empty:hidden first:pt-[3px]\"><div class=\"markdown prose w-full break-words dark:prose-invert light\"><p>The Palais Rohan in Strasbourg is a majestic building constructed in the 18th century, distinguished by its classical style.<\/p><p>Formerly a residence for nobles and cardinals, it now houses 3 museums, detailed in the following sections.<\/p><ul><li>Fine Arts Museum, on the first floor<\/li><li>Decorative Arts Museum, on the ground floor<\/li><li>Archaeological Museum, in the basement<\/li><\/ul><p>Each museum has a separate admission ticket, as they occupy distinct sections of the palace.<\/p><\/div><\/div><\/div><\/div><p>\ud83d\udccd <a href=\"https:\/\/maps.app.goo.gl\/cUa3LexDKstgdgW39\" rel=\"nofollow noopener\" target=\"_blank\">Google Maps<\/a><\/p><p>\ud83c\udfde\ufe0f\u00a0<a href=\"https:\/\/www.google.fr\/search?q=palais+rohan+strasbourg+ext%C3%A9rieur&amp;udm=2\" rel=\"nofollow noopener\" data-wpel-link=\"external\" target=\"_blank\">Google Images \u2013 Exterior<\/a><\/p><p>\ud83d\udcdc <a href=\"https:\/\/en.wikipedia.org\/wiki\/Palais_Rohan,_Strasbourg\" rel=\"nofollow noopener\" target=\"_blank\">Wikipedia<\/a><\/p>\t\t\t\t\t\t\t\t<\/div>\n\t\t\t\t<\/div>\n\t\t\t\t<\/div>\n\t\t<div class=\"elementor-element elementor-element-6d16540 e-con-full container-h3 e-flex e-con e-child\" data-id=\"6d16540\" data-element_type=\"container\" data-e-type=\"container\">\n\t\t\t\t<div class=\"elementor-element elementor-element-aed8768 elementor-widget elementor-widget-heading\" data-id=\"aed8768\" data-element_type=\"widget\" data-e-type=\"widget\" data-widget_type=\"heading.default\">\n\t\t\t\t<div class=\"elementor-widget-container\">\n\t\t\t\t\t<h3 class=\"elementor-heading-title elementor-size-default\">2. Decorative Art<\/h3>\t\t\t\t<\/div>\n\t\t\t\t<\/div>\n\t\t\t\t<div class=\"elementor-element elementor-element-73779be elementor-widget elementor-widget-image\" data-id=\"73779be\" data-element_type=\"widget\" data-e-type=\"widget\" data-widget_type=\"image.default\">\n\t\t\t\t<div class=\"elementor-widget-container\">\n\t\t\t\t\t\t\t\t\t\t\t\t\t\t\t<img loading=\"lazy\" decoding=\"async\" width=\"1200\" height=\"480\" src=\"https:\/\/culturefrancia.com\/wp-content\/uploads\/museum-decorative-art-strasbourg.webp\" class=\"attachment-full size-full wp-image-35774\" alt=\"\" srcset=\"https:\/\/culturefrancia.com\/wp-content\/uploads\/museum-decorative-art-strasbourg.webp 1200w, https:\/\/culturefrancia.com\/wp-content\/uploads\/museum-decorative-art-strasbourg-300x120.webp 300w, https:\/\/culturefrancia.com\/wp-content\/uploads\/museum-decorative-art-strasbourg-1024x410.webp 1024w, https:\/\/culturefrancia.com\/wp-content\/uploads\/museum-decorative-art-strasbourg-768x307.webp 768w\" sizes=\"(max-width: 1200px) 100vw, 1200px\" \/>\t\t\t\t\t\t\t\t\t\t\t\t\t\t\t<\/div>\n\t\t\t\t<\/div>\n\t\t\t\t<div class=\"elementor-element elementor-element-aae61a5 elementor-widget elementor-widget-text-editor\" data-id=\"aae61a5\" data-element_type=\"widget\" data-e-type=\"widget\" data-widget_type=\"text-editor.default\">\n\t\t\t\t<div class=\"elementor-widget-container\">\n\t\t\t\t\t\t\t\t\t<p><span style=\"text-decoration: underline;\">In Video<\/span>\u00a0 Yes<\/p><p><span style=\"text-decoration: underline;\">Appeal<\/span> \u00a0<span data-sheets-root=\"1\">\u2726\u2726\u2726\u2727\u2727<\/span><br \/><span data-sheets-root=\"1\"><span style=\"text-decoration: underline;\">Theme<\/span> \u00a0Decorative Art<br \/><\/span><u>Price<\/u>\u00a0 \u20ac7.50<\/p><p><span style=\"text-decoration: underline;\">Full Name<\/span><br \/><em>Mus\u00e9e des Arts D\u00e9coratifs<\/em><\/p><p>This museum showcases the diversity and evolution of decorative arts in Strasbourg from the 17th to the 18th century, notably in the fields of furniture, ceramics, horology, and goldsmithing.<\/p><p>It is located in the luxurious apartments of the Palais Rohan.<\/p><p>\ud83d\udccd <a href=\"https:\/\/maps.app.goo.gl\/nZ2u6S1XRXWBiif79\" rel=\"nofollow noopener\" target=\"_blank\">Google Maps<\/a><\/p><p>\ud83c\udfde\ufe0f\u00a0<a href=\"https:\/\/www.google.fr\/search?q=mus\u00e9e+des+arts+d\u00e9coratifs+strasbourg+int%C3%A9rieur&amp;udm=2\" rel=\"nofollow noopener\" data-wpel-link=\"external\" target=\"_blank\">Google Images \u2013 Interior<\/a><\/p><p>\u2699\ufe0f <a href=\"https:\/\/en.musees.strasbourg.eu\/museum-of-decorative-arts\" rel=\"nofollow noopener\" target=\"_blank\">Hours &amp; Prices (Official Website)<\/a><\/p><p>\ud83d\udcdc <a href=\"https:\/\/en.wikipedia.org\/wiki\/Mus%C3%A9e_des_Arts_d%C3%A9coratifs,_Strasbourg\" rel=\"nofollow noopener\" target=\"_blank\">Wikipedia<\/a><\/p>\t\t\t\t\t\t\t\t<\/div>\n\t\t\t\t<\/div>\n\t\t\t\t<\/div>\n\t\t<div class=\"elementor-element elementor-element-949705d e-con-full container-h3 e-flex e-con e-child\" data-id=\"949705d\" data-element_type=\"container\" data-e-type=\"container\">\n\t\t\t\t<div class=\"elementor-element elementor-element-c29bc28 elementor-widget elementor-widget-heading\" data-id=\"c29bc28\" data-element_type=\"widget\" data-e-type=\"widget\" data-widget_type=\"heading.default\">\n\t\t\t\t<div class=\"elementor-widget-container\">\n\t\t\t\t\t<h3 class=\"elementor-heading-title elementor-size-default\">3. Fine Arts<\/h3>\t\t\t\t<\/div>\n\t\t\t\t<\/div>\n\t\t\t\t<div class=\"elementor-element elementor-element-9f73851 elementor-widget elementor-widget-image\" data-id=\"9f73851\" data-element_type=\"widget\" data-e-type=\"widget\" data-widget_type=\"image.default\">\n\t\t\t\t<div class=\"elementor-widget-container\">\n\t\t\t\t\t\t\t\t\t\t\t\t\t\t\t<img loading=\"lazy\" decoding=\"async\" width=\"1200\" height=\"479\" src=\"https:\/\/culturefrancia.com\/wp-content\/uploads\/museum-fine-arts-strasbourg.webp\" class=\"attachment-full size-full wp-image-35777\" alt=\"\" srcset=\"https:\/\/culturefrancia.com\/wp-content\/uploads\/museum-fine-arts-strasbourg.webp 1200w, https:\/\/culturefrancia.com\/wp-content\/uploads\/museum-fine-arts-strasbourg-300x120.webp 300w, https:\/\/culturefrancia.com\/wp-content\/uploads\/museum-fine-arts-strasbourg-1024x409.webp 1024w, https:\/\/culturefrancia.com\/wp-content\/uploads\/museum-fine-arts-strasbourg-768x307.webp 768w\" sizes=\"(max-width: 1200px) 100vw, 1200px\" \/>\t\t\t\t\t\t\t\t\t\t\t\t\t\t\t<\/div>\n\t\t\t\t<\/div>\n\t\t\t\t<div class=\"elementor-element elementor-element-7356852 elementor-widget elementor-widget-text-editor\" data-id=\"7356852\" data-element_type=\"widget\" data-e-type=\"widget\" data-widget_type=\"text-editor.default\">\n\t\t\t\t<div class=\"elementor-widget-container\">\n\t\t\t\t\t\t\t\t\t<p><span style=\"text-decoration: underline;\">In Video<\/span>\u00a0 Yes<\/p><p><span style=\"text-decoration: underline;\">Appeal<\/span> \u00a0<span data-sheets-root=\"1\">\u2726\u2726\u2726\u2727\u2727<\/span><br \/><span data-sheets-root=\"1\"><span style=\"text-decoration: underline;\">Theme<\/span> \u00a0Fine Arts<br \/><\/span><u>Price<\/u>\u00a0 \u20ac7.50<\/p><p><span style=\"text-decoration: underline;\">Full Name<\/span><br \/><em>Mus\u00e9e des Beaux-Arts<\/em><\/p><p>The Museum of Fine Arts houses a rich collection of European paintings, including French, Italian, Dutch, Flemish, and Spanish works, ranging from the Middle Ages to the 19th century.<\/p><p>\ud83d\udccd <a href=\"https:\/\/maps.app.goo.gl\/E3BkuxhCBhfJP1SB6\" rel=\"nofollow noopener\" target=\"_blank\">Google Maps<\/a><\/p><p>\ud83c\udfde\ufe0f\u00a0<a href=\"https:\/\/www.google.fr\/search?q=mus\u00e9e+des+beaux+arts+strasbourg+int%C3%A9rieur&amp;udm=2\" rel=\"nofollow noopener\" data-wpel-link=\"external\" target=\"_blank\">Google Images \u2013 Interior<\/a><\/p><p>\u2699\ufe0f <a href=\"https:\/\/en.musees.strasbourg.eu\/museum-of-fine-arts\" rel=\"nofollow noopener\" target=\"_blank\">Hours &amp; Prices (Official Website)<\/a><\/p><p>\ud83d\udcdc <a href=\"https:\/\/en.wikipedia.org\/wiki\/Mus%C3%A9e_des_Beaux-Arts_de_Strasbourg\" rel=\"nofollow noopener\" target=\"_blank\">Wikipedia<\/a><\/p>\t\t\t\t\t\t\t\t<\/div>\n\t\t\t\t<\/div>\n\t\t\t\t<\/div>\n\t\t<div class=\"elementor-element elementor-element-061332a e-con-full container-h3 e-flex e-con e-child\" data-id=\"061332a\" data-element_type=\"container\" data-e-type=\"container\">\n\t\t\t\t<div class=\"elementor-element elementor-element-1e91e11 elementor-widget elementor-widget-heading\" data-id=\"1e91e11\" data-element_type=\"widget\" data-e-type=\"widget\" data-widget_type=\"heading.default\">\n\t\t\t\t<div class=\"elementor-widget-container\">\n\t\t\t\t\t<h3 class=\"elementor-heading-title elementor-size-default\">4. Archeological<\/h3>\t\t\t\t<\/div>\n\t\t\t\t<\/div>\n\t\t\t\t<div class=\"elementor-element elementor-element-fa315fb elementor-widget elementor-widget-image\" data-id=\"fa315fb\" data-element_type=\"widget\" data-e-type=\"widget\" data-widget_type=\"image.default\">\n\t\t\t\t<div class=\"elementor-widget-container\">\n\t\t\t\t\t\t\t\t\t\t\t\t\t\t\t<img loading=\"lazy\" decoding=\"async\" width=\"1200\" height=\"480\" src=\"https:\/\/culturefrancia.com\/wp-content\/uploads\/museum-archeology-strasbourg.webp\" class=\"attachment-full size-full wp-image-35768\" alt=\"\" srcset=\"https:\/\/culturefrancia.com\/wp-content\/uploads\/museum-archeology-strasbourg.webp 1200w, https:\/\/culturefrancia.com\/wp-content\/uploads\/museum-archeology-strasbourg-300x120.webp 300w, https:\/\/culturefrancia.com\/wp-content\/uploads\/museum-archeology-strasbourg-1024x410.webp 1024w, https:\/\/culturefrancia.com\/wp-content\/uploads\/museum-archeology-strasbourg-768x307.webp 768w\" sizes=\"(max-width: 1200px) 100vw, 1200px\" \/>\t\t\t\t\t\t\t\t\t\t\t\t\t\t\t<\/div>\n\t\t\t\t<\/div>\n\t\t\t\t<div class=\"elementor-element elementor-element-870b0cb elementor-widget elementor-widget-text-editor\" data-id=\"870b0cb\" data-element_type=\"widget\" data-e-type=\"widget\" data-widget_type=\"text-editor.default\">\n\t\t\t\t<div class=\"elementor-widget-container\">\n\t\t\t\t\t\t\t\t\t<p><span style=\"text-decoration: underline;\">In Video<\/span>\u00a0 No<\/p><p><span style=\"text-decoration: underline;\">Appeal<\/span> \u00a0<span data-sheets-root=\"1\">\u2726\u2726\u2727\u2727\u2727<\/span><br \/><span style=\"text-decoration: underline;\">Theme<\/span> \u00a0Prehistory &amp; <span data-sheets-root=\"1\">Archeology<br \/><\/span><u>Price<\/u>\u00a0 \u20ac7.50<\/p><p><span style=\"text-decoration: underline;\">Full Name<\/span><br \/><em>Mus\u00e9e Arch\u00e9ologique<\/em><\/p><p>This museum showcases a collection of regional prehistoric and ancient objects, ranging from the Paleolithic period to the early Middle Ages.<\/p><p>\ud83d\udccd <a href=\"https:\/\/maps.app.goo.gl\/5UmaK3aUvt9qguED8\" rel=\"nofollow noopener\" target=\"_blank\">Google Maps<\/a><\/p><p>\ud83c\udfde\ufe0f\u00a0<a href=\"https:\/\/www.google.fr\/search?q=mus\u00e9e+arch\u00e9ologique+strasbourg+int%C3%A9rieur&amp;udm=2\" rel=\"nofollow noopener\" data-wpel-link=\"external\" target=\"_blank\">Google Images \u2013 Interior<\/a><\/p><p>\u2699\ufe0f <a href=\"https:\/\/en.musees.strasbourg.eu\/archaeological-museum\" rel=\"nofollow noopener\" target=\"_blank\">Hours &amp; Prices (Official Website)<\/a><\/p><p>\ud83d\udcdc <a href=\"https:\/\/en.wikipedia.org\/wiki\/Mus%C3%A9e_arch%C3%A9ologique_(Strasbourg)\" rel=\"nofollow noopener\" target=\"_blank\">Wikipedia<\/a><\/p>\t\t\t\t\t\t\t\t<\/div>\n\t\t\t\t<\/div>\n\t\t\t\t<\/div>\n\t\t<div class=\"elementor-element elementor-element-cc8daa8 e-con-full container-h3 e-flex e-con e-child\" data-id=\"cc8daa8\" data-element_type=\"container\" data-e-type=\"container\">\n\t\t\t\t<div class=\"elementor-element elementor-element-4bdb2c7 elementor-widget elementor-widget-heading\" data-id=\"4bdb2c7\" data-element_type=\"widget\" data-e-type=\"widget\" data-widget_type=\"heading.default\">\n\t\t\t\t<div class=\"elementor-widget-container\">\n\t\t\t\t\t<h3 class=\"elementor-heading-title elementor-size-default\">5. History of Strasbourg<\/h3>\t\t\t\t<\/div>\n\t\t\t\t<\/div>\n\t\t\t\t<div class=\"elementor-element elementor-element-da2d943 elementor-widget elementor-widget-image\" data-id=\"da2d943\" data-element_type=\"widget\" data-e-type=\"widget\" data-widget_type=\"image.default\">\n\t\t\t\t<div class=\"elementor-widget-container\">\n\t\t\t\t\t\t\t\t\t\t\t\t\t\t\t<img loading=\"lazy\" decoding=\"async\" width=\"1200\" height=\"480\" src=\"https:\/\/culturefrancia.com\/wp-content\/uploads\/museum-city-history-strasbourg.webp\" class=\"attachment-full size-full wp-image-35771\" alt=\"\" srcset=\"https:\/\/culturefrancia.com\/wp-content\/uploads\/museum-city-history-strasbourg.webp 1200w, https:\/\/culturefrancia.com\/wp-content\/uploads\/museum-city-history-strasbourg-300x120.webp 300w, https:\/\/culturefrancia.com\/wp-content\/uploads\/museum-city-history-strasbourg-1024x410.webp 1024w, https:\/\/culturefrancia.com\/wp-content\/uploads\/museum-city-history-strasbourg-768x307.webp 768w\" sizes=\"(max-width: 1200px) 100vw, 1200px\" \/>\t\t\t\t\t\t\t\t\t\t\t\t\t\t\t<\/div>\n\t\t\t\t<\/div>\n\t\t\t\t<div class=\"elementor-element elementor-element-2827a93 elementor-widget elementor-widget-text-editor\" data-id=\"2827a93\" data-element_type=\"widget\" data-e-type=\"widget\" data-widget_type=\"text-editor.default\">\n\t\t\t\t<div class=\"elementor-widget-container\">\n\t\t\t\t\t\t\t\t\t<p><span style=\"text-decoration: underline;\">In Video<\/span>\u00a0 No<\/p><p><span style=\"text-decoration: underline;\">Appeal<\/span> \u00a0<span data-sheets-root=\"1\">\u2726\u2726\u2727\u2727\u2727<\/span><br \/><span data-sheets-root=\"1\"><span style=\"text-decoration: underline;\">Theme<\/span> \u00a0City History<br \/><\/span><u>Price<\/u>\u00a0 \u20ac7.50<\/p><p><span style=\"text-decoration: underline;\">Full Name<\/span><br \/><em>Mus\u00e9e Historique de Strasbourg<br \/><\/em><\/p><p>This museum is dedicated to the history of the city of Strasbourg. It features a diverse collection of objects, artworks, and documents that trace the evolution of Strasbourg from the Middle Ages to the present day.<\/p><p>Several themes are covered, including urban planning, daily life, culture, and politics in Strasbourg. Visitors can discover historical artifacts, models of the city, paintings, sculptures, and handcrafted items that illustrate the richness of Strasbourg&#8217;s heritage.<\/p><p>The museum is located in a historic 16th-century building that once housed the city&#8217;s former grand butcher shop.<\/p><p>\ud83d\udccd <a href=\"https:\/\/maps.app.goo.gl\/nFLup7os9wC5T5UF6\" rel=\"nofollow noopener\" target=\"_blank\">Google Maps<\/a><\/p><p>\ud83c\udfde\ufe0f\u00a0<a href=\"https:\/\/www.google.fr\/search?q=mus\u00e9e+historique+de+strasbourg+int%C3%A9rieur&amp;udm=2\" rel=\"nofollow noopener\" data-wpel-link=\"external\" target=\"_blank\">Google Images \u2013 Interior<\/a><\/p><p>\u2699\ufe0f\u00a0<a href=\"https:\/\/en.musees.strasbourg.eu\/historical-museum\" rel=\"nofollow noopener\" target=\"_blank\">Hours &amp; Prices (Official Website)<\/a><\/p><p>\ud83d\udcdc <a href=\"https:\/\/en.wikipedia.org\/wiki\/Mus%C3%A9e_historique_de_Strasbourg\" rel=\"nofollow noopener\" target=\"_blank\">Wikipedia<\/a><\/p>\t\t\t\t\t\t\t\t<\/div>\n\t\t\t\t<\/div>\n\t\t\t\t<\/div>\n\t\t<div class=\"elementor-element elementor-element-7fa180a e-con-full container-h3 e-flex e-con e-child\" data-id=\"7fa180a\" data-element_type=\"container\" data-e-type=\"container\">\n\t\t\t\t<div class=\"elementor-element elementor-element-dae1420 elementor-widget elementor-widget-heading\" data-id=\"dae1420\" data-element_type=\"widget\" data-e-type=\"widget\" data-widget_type=\"heading.default\">\n\t\t\t\t<div class=\"elementor-widget-container\">\n\t\t\t\t\t<h3 class=\"elementor-heading-title elementor-size-default\">6. Modern &amp; Contemporary Art<\/h3>\t\t\t\t<\/div>\n\t\t\t\t<\/div>\n\t\t\t\t<div class=\"elementor-element elementor-element-8af4b2a elementor-widget elementor-widget-image\" data-id=\"8af4b2a\" data-element_type=\"widget\" data-e-type=\"widget\" data-widget_type=\"image.default\">\n\t\t\t\t<div class=\"elementor-widget-container\">\n\t\t\t\t\t\t\t\t\t\t\t\t\t\t\t<img loading=\"lazy\" decoding=\"async\" width=\"1200\" height=\"480\" src=\"https:\/\/culturefrancia.com\/wp-content\/uploads\/museum-modern-contemporary-art-strasbourg.webp\" class=\"attachment-full size-full wp-image-35783\" alt=\"\" srcset=\"https:\/\/culturefrancia.com\/wp-content\/uploads\/museum-modern-contemporary-art-strasbourg.webp 1200w, https:\/\/culturefrancia.com\/wp-content\/uploads\/museum-modern-contemporary-art-strasbourg-300x120.webp 300w, https:\/\/culturefrancia.com\/wp-content\/uploads\/museum-modern-contemporary-art-strasbourg-1024x410.webp 1024w, https:\/\/culturefrancia.com\/wp-content\/uploads\/museum-modern-contemporary-art-strasbourg-768x307.webp 768w\" sizes=\"(max-width: 1200px) 100vw, 1200px\" \/>\t\t\t\t\t\t\t\t\t\t\t\t\t\t\t<\/div>\n\t\t\t\t<\/div>\n\t\t\t\t<div class=\"elementor-element elementor-element-f265bb8 elementor-widget elementor-widget-text-editor\" data-id=\"f265bb8\" data-element_type=\"widget\" data-e-type=\"widget\" data-widget_type=\"text-editor.default\">\n\t\t\t\t<div class=\"elementor-widget-container\">\n\t\t\t\t\t\t\t\t\t<p><span style=\"text-decoration: underline;\">In Video<\/span>\u00a0 No<\/p><p><span style=\"text-decoration: underline;\">Appeal<\/span> \u00a0 <span data-sheets-root=\"1\">\u2726\u2726\u2726\u2727\u2727<\/span><br \/><span style=\"text-decoration: underline;\">Theme<\/span>\u00a0 Modern &amp; Contemporary Art<br \/><u>Price<\/u>\u00a0 \u20ac7.50<\/p><p><span style=\"text-decoration: underline;\">Full Name<\/span><br \/><em>Mus\u00e9e d&#8217;Art Moderne et Contemporain<\/em><\/p><p>This vast museum offers a rich collection of works, including paintings, sculptures, graphic arts, multimedia, and design of modern and contemporary art, from the late 19th century to the present day.<\/p><p>It is located in a large building featuring contemporary architecture.<\/p><p>\ud83d\udccd <a href=\"https:\/\/maps.app.goo.gl\/z6o1hntbNZKs9K5CA\" rel=\"nofollow noopener\" target=\"_blank\">Google Maps<\/a><\/p><p>\ud83c\udfde\ufe0f\u00a0<a href=\"https:\/\/www.google.fr\/search?q=mus\u00e9e+d&#039;art+moderne+et+contemporain+strasbourg+int%C3%A9rieur&amp;udm=2\" rel=\"nofollow noopener\" data-wpel-link=\"external\" target=\"_blank\">Google Images \u2013 Interior<\/a><\/p><p>\u2699\ufe0f <a href=\"https:\/\/en.musees.strasbourg.eu\/museum-of-modern-and-contemporary-art\" rel=\"nofollow noopener\" target=\"_blank\">Hours &amp; Prices (Official Website)<\/a><\/p><p>\ud83d\udcdc <a href=\"https:\/\/en.wikipedia.org\/wiki\/Strasbourg_Museum_of_Modern_and_Contemporary_Art\" rel=\"nofollow noopener\" target=\"_blank\">Wikipedia<\/a><\/p>\t\t\t\t\t\t\t\t<\/div>\n\t\t\t\t<\/div>\n\t\t\t\t<\/div>\n\t\t<div class=\"elementor-element elementor-element-e5fd8ce e-con-full container-h3 e-flex e-con e-child\" data-id=\"e5fd8ce\" data-element_type=\"container\" data-e-type=\"container\">\n\t\t\t\t<div class=\"elementor-element elementor-element-d8088c4 elementor-widget elementor-widget-heading\" data-id=\"d8088c4\" data-element_type=\"widget\" data-e-type=\"widget\" data-widget_type=\"heading.default\">\n\t\t\t\t<div class=\"elementor-widget-container\">\n\t\t\t\t\t<h3 class=\"elementor-heading-title elementor-size-default\">7. Hospice Cellar<\/h3>\t\t\t\t<\/div>\n\t\t\t\t<\/div>\n\t\t\t\t<div class=\"elementor-element elementor-element-0fa20e4 elementor-widget elementor-widget-image\" data-id=\"0fa20e4\" data-element_type=\"widget\" data-e-type=\"widget\" data-widget_type=\"image.default\">\n\t\t\t\t<div class=\"elementor-widget-container\">\n\t\t\t\t\t\t\t\t\t\t\t\t\t\t\t<img loading=\"lazy\" decoding=\"async\" width=\"1200\" height=\"480\" src=\"https:\/\/culturefrancia.com\/wp-content\/uploads\/cellars-hospice-strasbourg.webp\" class=\"attachment-full size-full wp-image-35711\" alt=\"\" srcset=\"https:\/\/culturefrancia.com\/wp-content\/uploads\/cellars-hospice-strasbourg.webp 1200w, https:\/\/culturefrancia.com\/wp-content\/uploads\/cellars-hospice-strasbourg-300x120.webp 300w, https:\/\/culturefrancia.com\/wp-content\/uploads\/cellars-hospice-strasbourg-1024x410.webp 1024w, https:\/\/culturefrancia.com\/wp-content\/uploads\/cellars-hospice-strasbourg-768x307.webp 768w\" sizes=\"(max-width: 1200px) 100vw, 1200px\" \/>\t\t\t\t\t\t\t\t\t\t\t\t\t\t\t<\/div>\n\t\t\t\t<\/div>\n\t\t\t\t<div class=\"elementor-element elementor-element-b88198f elementor-widget elementor-widget-text-editor\" data-id=\"b88198f\" data-element_type=\"widget\" data-e-type=\"widget\" data-widget_type=\"text-editor.default\">\n\t\t\t\t<div class=\"elementor-widget-container\">\n\t\t\t\t\t\t\t\t\t<p><span style=\"text-decoration: underline;\">In Video<\/span>\u00a0 No<\/p><p><span style=\"text-decoration: underline;\">Appeal<\/span> \u00a0<span data-sheets-root=\"1\">\u2726\u2726\u2727\u2727\u2727<\/span><br \/><span data-sheets-root=\"1\"><span style=\"text-decoration: underline;\">Theme<\/span> \u00a0Historic Wine Cellar<br \/><\/span><u>Price<\/u>\u00a0 \u20ac7.50<\/p><p><span style=\"text-decoration: underline;\">Full Name<\/span><br \/><em>Cave Historique des Hospices de Strasbourg<\/em><\/p><p>This historic cellar is a medieval wine cellar covering 1,200 m\u00b2 from the 14th century, located within the grounds of the hospice managed by religious figures.<\/p><p>The main attraction of the site is the visit to the cellars. <br \/>(Wine tastings are available only on a few select dates each year.)<\/p><p>The site also features a wine shop.<\/p><p>\ud83d\udccd <a href=\"https:\/\/maps.app.goo.gl\/xKmZd5n5XjkBtwVf6\" rel=\"nofollow noopener\" target=\"_blank\">Google Maps<\/a><\/p><p>\ud83c\udfde\ufe0f\u00a0<a href=\"https:\/\/www.google.fr\/search?q=cave+historique+des+hospices+de+strasbourg+int%C3%A9rieur&amp;udm=2\" rel=\"nofollow noopener\" data-wpel-link=\"external\" target=\"_blank\">Google Images \u2013 Interior<\/a><\/p><p>\u2699\ufe0f <a href=\"https:\/\/www.vins-des-hospices-de-strasbourg.fr\/en\/practical-information\/\" target=\"_blank\" rel=\"noopener\">Hours (Official Website)<\/a><\/p><p>\ud83d\udcdc <a href=\"https:\/\/fr.wikipedia.org\/wiki\/Cave_historique_des_hospices_de_Strasbourg\" rel=\"nofollow noopener\" target=\"_blank\">Wikipedia (Fr)<\/a><\/p>\t\t\t\t\t\t\t\t<\/div>\n\t\t\t\t<\/div>\n\t\t\t\t<\/div>\n\t\t<div class=\"elementor-element elementor-element-7c4883a e-con-full container-h3 e-flex e-con e-child\" data-id=\"7c4883a\" data-element_type=\"container\" data-e-type=\"container\">\n\t\t\t\t<div class=\"elementor-element elementor-element-def28b7 elementor-widget elementor-widget-heading\" data-id=\"def28b7\" data-element_type=\"widget\" data-e-type=\"widget\" data-widget_type=\"heading.default\">\n\t\t\t\t<div class=\"elementor-widget-container\">\n\t\t\t\t\t<h3 class=\"elementor-heading-title elementor-size-default\">8. 5e Lieu<\/h3>\t\t\t\t<\/div>\n\t\t\t\t<\/div>\n\t\t\t\t<div class=\"elementor-element elementor-element-38457cd elementor-widget elementor-widget-image\" data-id=\"38457cd\" data-element_type=\"widget\" data-e-type=\"widget\" data-widget_type=\"image.default\">\n\t\t\t\t<div class=\"elementor-widget-container\">\n\t\t\t\t\t\t\t\t\t\t\t\t\t\t\t<img loading=\"lazy\" decoding=\"async\" width=\"1200\" height=\"480\" src=\"https:\/\/culturefrancia.com\/wp-content\/uploads\/museum-5e-lieu-strasbourg.webp\" class=\"attachment-full size-full wp-image-35765\" alt=\"\" srcset=\"https:\/\/culturefrancia.com\/wp-content\/uploads\/museum-5e-lieu-strasbourg.webp 1200w, https:\/\/culturefrancia.com\/wp-content\/uploads\/museum-5e-lieu-strasbourg-300x120.webp 300w, https:\/\/culturefrancia.com\/wp-content\/uploads\/museum-5e-lieu-strasbourg-1024x410.webp 1024w, https:\/\/culturefrancia.com\/wp-content\/uploads\/museum-5e-lieu-strasbourg-768x307.webp 768w\" sizes=\"(max-width: 1200px) 100vw, 1200px\" \/>\t\t\t\t\t\t\t\t\t\t\t\t\t\t\t<\/div>\n\t\t\t\t<\/div>\n\t\t\t\t<div class=\"elementor-element elementor-element-6a38bad elementor-widget elementor-widget-text-editor\" data-id=\"6a38bad\" data-element_type=\"widget\" data-e-type=\"widget\" data-widget_type=\"text-editor.default\">\n\t\t\t\t<div class=\"elementor-widget-container\">\n\t\t\t\t\t\t\t\t\t<p><span style=\"text-decoration: underline;\">In Video<\/span>\u00a0 No<\/p><p><span style=\"text-decoration: underline;\">Appeal<\/span> \u00a0<span data-sheets-root=\"1\">\u2726\u2726\u2727\u2727\u2727<\/span><br \/><span data-sheets-root=\"1\"><span style=\"text-decoration: underline;\">Theme<\/span> \u00a0Urbanism<br \/><\/span><u>Price<\/u>\u00a0 Free<\/p><p><span style=\"text-decoration: underline;\">Full Name<\/span><br \/><em>5e Lieu<\/em><\/p><p>This museum is dedicated to the architecture and heritage of Strasbourg, as well as its neighborhoods, religious life, commerce, and universities.<\/p><p>\ud83d\udccd <a href=\"https:\/\/maps.app.goo.gl\/tbNpxLpWbz4VKoPo7\" rel=\"nofollow noopener\" target=\"_blank\">Google Maps<\/a><\/p><p>\ud83c\udfde\ufe0f\u00a0<a href=\"https:\/\/www.google.fr\/search?q=5e+lieu+strasbourg+int%C3%A9rieur&amp;udm=2\" rel=\"nofollow noopener\" data-wpel-link=\"external\" target=\"_blank\">Google Images \u2013 Interior<\/a><\/p><p>\u2699\ufe0f <a href=\"https:\/\/5elieu.strasbourg.eu\/en\/coming-to-the-5th-place\/\" target=\"_blank\" rel=\"noopener\">Hours (Official Website)<\/a><\/p>\t\t\t\t\t\t\t\t<\/div>\n\t\t\t\t<\/div>\n\t\t\t\t<\/div>\n\t\t<div class=\"elementor-element elementor-element-bc5ce8b e-con-full container-h3 e-flex e-con e-child\" data-id=\"bc5ce8b\" data-element_type=\"container\" data-e-type=\"container\">\n\t\t\t\t<div class=\"elementor-element elementor-element-b55f790 elementor-widget elementor-widget-heading\" data-id=\"b55f790\" data-element_type=\"widget\" data-e-type=\"widget\" data-widget_type=\"heading.default\">\n\t\t\t\t<div class=\"elementor-widget-container\">\n\t\t\t\t\t<h3 class=\"elementor-heading-title elementor-size-default\">9. Le Vaisseau<\/h3>\t\t\t\t<\/div>\n\t\t\t\t<\/div>\n\t\t\t\t<div class=\"elementor-element elementor-element-fca7140 elementor-widget elementor-widget-image\" data-id=\"fca7140\" data-element_type=\"widget\" data-e-type=\"widget\" data-widget_type=\"image.default\">\n\t\t\t\t<div class=\"elementor-widget-container\">\n\t\t\t\t\t\t\t\t\t\t\t\t\t\t\t<img loading=\"lazy\" decoding=\"async\" width=\"1200\" height=\"481\" src=\"https:\/\/culturefrancia.com\/wp-content\/uploads\/museum-le-vaisseau-strasbourg.webp\" class=\"attachment-full size-full wp-image-35780\" alt=\"\" srcset=\"https:\/\/culturefrancia.com\/wp-content\/uploads\/museum-le-vaisseau-strasbourg.webp 1200w, https:\/\/culturefrancia.com\/wp-content\/uploads\/museum-le-vaisseau-strasbourg-300x120.webp 300w, https:\/\/culturefrancia.com\/wp-content\/uploads\/museum-le-vaisseau-strasbourg-1024x410.webp 1024w, https:\/\/culturefrancia.com\/wp-content\/uploads\/museum-le-vaisseau-strasbourg-768x308.webp 768w\" sizes=\"(max-width: 1200px) 100vw, 1200px\" \/>\t\t\t\t\t\t\t\t\t\t\t\t\t\t\t<\/div>\n\t\t\t\t<\/div>\n\t\t\t\t<div class=\"elementor-element elementor-element-4b5bbe0 elementor-widget elementor-widget-text-editor\" data-id=\"4b5bbe0\" data-element_type=\"widget\" data-e-type=\"widget\" data-widget_type=\"text-editor.default\">\n\t\t\t\t<div class=\"elementor-widget-container\">\n\t\t\t\t\t\t\t\t\t<p><span style=\"text-decoration: underline;\">In Video<\/span>\u00a0 No<\/p><p><span style=\"text-decoration: underline;\">Appeal<\/span> \u00a0<span data-sheets-root=\"1\">\u2726\u2726\u2726\u2727\u2727<\/span><br \/><span data-sheets-root=\"1\"><span style=\"text-decoration: underline;\">Theme<\/span> \u00a0Science for Kids<br \/><\/span><u>Price<\/u>\u00a0 \u20ac12<\/p><p><span style=\"text-decoration: underline;\">Full Name<\/span><br \/><em>Le Vaisseau<\/em><\/p><p>The Vaisseau is a scientific and cultural museum, specifically designed for children and families. It stands out for its interactive and playful approach, allowing visitors to explore science and technology through exhibitions and hands-on workshops.<\/p><p>The building, featuring a contemporary design inspired by a spaceship, houses thematic spaces dedicated to various fields such as physics, biology, technology, and the environment.<\/p><p>\ud83d\udccd <a href=\"https:\/\/maps.app.goo.gl\/yH419Nuxcy6XZ8Qv5\" rel=\"nofollow noopener\" target=\"_blank\">Google Maps<\/a><\/p><p>\ud83c\udfde\ufe0f\u00a0<a href=\"https:\/\/www.google.fr\/search?q=le+vaisseau+strasbourg+int%C3%A9rieur&amp;udm=2\" rel=\"nofollow noopener\" data-wpel-link=\"external\" target=\"_blank\">Google Images \u2013 Interior<\/a><\/p><p>\u2699\ufe0f\u00a0<a href=\"https:\/\/www.levaisseau.com\/en\/prepare-for-my-visit\/\" target=\"_blank\" rel=\"noopener\">Hours &amp; Prices (Official Website)<\/a><\/p><p>\ud83d\udcdc <a href=\"https:\/\/fr.wikipedia.org\/wiki\/Le_Vaisseau\" rel=\"nofollow noopener\" target=\"_blank\">Wikipedia (Fr)<\/a><\/p>\t\t\t\t\t\t\t\t<\/div>\n\t\t\t\t<\/div>\n\t\t\t\t<\/div>\n\t\t<div class=\"elementor-element elementor-element-06521ef e-con-full container-h3 e-flex e-con e-child\" data-id=\"06521ef\" data-element_type=\"container\" data-e-type=\"container\">\n\t\t\t\t<div class=\"elementor-element elementor-element-499ed7c elementor-widget elementor-widget-heading\" data-id=\"499ed7c\" data-element_type=\"widget\" data-e-type=\"widget\" data-widget_type=\"heading.default\">\n\t\t\t\t<div class=\"elementor-widget-container\">\n\t\t\t\t\t<h3 class=\"elementor-heading-title elementor-size-default\">10. Vodou<\/h3>\t\t\t\t<\/div>\n\t\t\t\t<\/div>\n\t\t\t\t<div class=\"elementor-element elementor-element-19bc23c elementor-widget elementor-widget-image\" data-id=\"19bc23c\" data-element_type=\"widget\" data-e-type=\"widget\" data-widget_type=\"image.default\">\n\t\t\t\t<div class=\"elementor-widget-container\">\n\t\t\t\t\t\t\t\t\t\t\t\t\t\t\t<img loading=\"lazy\" decoding=\"async\" width=\"1200\" height=\"480\" src=\"https:\/\/culturefrancia.com\/wp-content\/uploads\/museum-vodou-strasbourg.webp\" class=\"attachment-full size-full wp-image-35792\" alt=\"\" srcset=\"https:\/\/culturefrancia.com\/wp-content\/uploads\/museum-vodou-strasbourg.webp 1200w, https:\/\/culturefrancia.com\/wp-content\/uploads\/museum-vodou-strasbourg-300x120.webp 300w, https:\/\/culturefrancia.com\/wp-content\/uploads\/museum-vodou-strasbourg-1024x410.webp 1024w, https:\/\/culturefrancia.com\/wp-content\/uploads\/museum-vodou-strasbourg-768x307.webp 768w\" sizes=\"(max-width: 1200px) 100vw, 1200px\" \/>\t\t\t\t\t\t\t\t\t\t\t\t\t\t\t<\/div>\n\t\t\t\t<\/div>\n\t\t\t\t<div class=\"elementor-element elementor-element-7e44189 elementor-widget elementor-widget-text-editor\" data-id=\"7e44189\" data-element_type=\"widget\" data-e-type=\"widget\" data-widget_type=\"text-editor.default\">\n\t\t\t\t<div class=\"elementor-widget-container\">\n\t\t\t\t\t\t\t\t\t<p><span style=\"text-decoration: underline;\">In Video<\/span>\u00a0 No<\/p><p><span style=\"text-decoration: underline;\">Appeal<\/span> \u00a0<span data-sheets-root=\"1\">\u2726\u2727\u2727\u2727\u2727<\/span><br \/><span data-sheets-root=\"1\"><span style=\"text-decoration: underline;\">Theme<\/span> \u00a0Vodou<br \/><\/span><u>Price<\/u>\u00a0 \u20ac14<\/p><p><span style=\"text-decoration: underline;\">Full Name<\/span><br \/><em>Ch\u00e2teau Mus\u00e9e Vodou<\/em><\/p><p>This private museum showcases a collection of items related to the Vodou religion in West Africa, covering the regions of present-day Benin and Togo. With over 1,000 items, it holds the world&#8217;s largest collection of Vodou artifacts.<\/p><p>The museum is housed in a former late 19th-century water tower.<\/p><p>\ud83d\udccd <a href=\"https:\/\/maps.app.goo.gl\/CRFemBSEjR63Yqmj8\" rel=\"nofollow noopener\" target=\"_blank\">Google Maps<\/a><\/p><p>\ud83c\udfde\ufe0f\u00a0<a href=\"https:\/\/www.google.fr\/search?q=ch\u00e2teau+mus\u00e9e+vodou+strasbourg+ext%C3%A9rieur&amp;udm=2\" rel=\"nofollow noopener\" data-wpel-link=\"external\" target=\"_blank\">Google Images \u2013 Exterior<\/a><\/p><p>\ud83c\udfde\ufe0f\u00a0<a href=\"https:\/\/www.google.fr\/search?q=mus\u00e9e+vodou+strasbourg+int%C3%A9rieur&amp;udm=2\" rel=\"nofollow noopener\" data-wpel-link=\"external\" target=\"_blank\">Google Images \u2013 Interior<\/a><\/p><p>\u2699\ufe0f <a href=\"https:\/\/www.chateau-vodou.com\/your-visit\/\" target=\"_blank\" rel=\"noopener\">Hours &amp; Prices (Official Website)<\/a><\/p><p>\ud83d\udcdc <a href=\"https:\/\/en.wikipedia.org\/wiki\/Voodoo_Castle_(Strasbourg)\" rel=\"nofollow noopener\" target=\"_blank\">Wikipedia<\/a><\/p>\t\t\t\t\t\t\t\t<\/div>\n\t\t\t\t<\/div>\n\t\t\t\t<\/div>\n\t\t<div class=\"elementor-element elementor-element-44439c1 e-con-full container-h3 e-flex e-con e-child\" data-id=\"44439c1\" data-element_type=\"container\" data-e-type=\"container\">\n\t\t\t\t<div class=\"elementor-element elementor-element-fa111f1 elementor-widget elementor-widget-heading\" data-id=\"fa111f1\" data-element_type=\"widget\" data-e-type=\"widget\" data-widget_type=\"heading.default\">\n\t\t\t\t<div class=\"elementor-widget-container\">\n\t\t\t\t\t<h3 class=\"elementor-heading-title elementor-size-default\">11. Tomi Ungerer<\/h3>\t\t\t\t<\/div>\n\t\t\t\t<\/div>\n\t\t\t\t<div class=\"elementor-element elementor-element-e486a3a elementor-widget elementor-widget-image\" data-id=\"e486a3a\" data-element_type=\"widget\" data-e-type=\"widget\" data-widget_type=\"image.default\">\n\t\t\t\t<div class=\"elementor-widget-container\">\n\t\t\t\t\t\t\t\t\t\t\t\t\t\t\t<img loading=\"lazy\" decoding=\"async\" width=\"1200\" height=\"480\" src=\"https:\/\/culturefrancia.com\/wp-content\/uploads\/museum-tomi-ungerer-strasbourg.webp\" class=\"attachment-full size-full wp-image-35789\" alt=\"\" srcset=\"https:\/\/culturefrancia.com\/wp-content\/uploads\/museum-tomi-ungerer-strasbourg.webp 1200w, https:\/\/culturefrancia.com\/wp-content\/uploads\/museum-tomi-ungerer-strasbourg-300x120.webp 300w, https:\/\/culturefrancia.com\/wp-content\/uploads\/museum-tomi-ungerer-strasbourg-1024x410.webp 1024w, https:\/\/culturefrancia.com\/wp-content\/uploads\/museum-tomi-ungerer-strasbourg-768x307.webp 768w\" sizes=\"(max-width: 1200px) 100vw, 1200px\" \/>\t\t\t\t\t\t\t\t\t\t\t\t\t\t\t<\/div>\n\t\t\t\t<\/div>\n\t\t\t\t<div class=\"elementor-element elementor-element-af9f01d elementor-widget elementor-widget-text-editor\" data-id=\"af9f01d\" data-element_type=\"widget\" data-e-type=\"widget\" data-widget_type=\"text-editor.default\">\n\t\t\t\t<div class=\"elementor-widget-container\">\n\t\t\t\t\t\t\t\t\t<p><span style=\"text-decoration: underline;\">In Video<\/span>\u00a0 No<\/p><p><span style=\"text-decoration: underline;\">Appeal<\/span> \u00a0<span data-sheets-root=\"1\">\u2726\u2727\u2727\u2727\u2727<\/span><br \/><span data-sheets-root=\"1\"><span style=\"text-decoration: underline;\">Theme<\/span> \u00a0Illustrations<br \/><\/span><u>Price<\/u>\u00a0 \u20ac7.50<\/p><p><span style=\"text-decoration: underline;\">Full Names<\/span><br \/><em>Mus\u00e9e Tomi-Ungerer<br \/>Centre international de l&#8217;Illustration<\/em><\/p><p>This museum is dedicated to the work of <em>Tomi Ungerer<\/em>, a 20th-century Alsatian artist and illustrator.<\/p><p>It houses several thousand of his works, which are presented on a rotating basis. These include children&#8217;s illustrations, advertising posters, political art, humorous and satirical drawings, and even erotic works (in the basement).<\/p><p>It&#8217;s located in the Villa Greiner, a 19th-century building.<\/p><p>\ud83d\udccd <a href=\"https:\/\/maps.app.goo.gl\/fyFxHk8kyb4kCCFTA\" rel=\"nofollow noopener\" target=\"_blank\">Google Maps<\/a><\/p><p>\ud83c\udfde\ufe0f\u00a0<a href=\"https:\/\/www.google.fr\/search?q=mus\u00e9e+tomi-ungerer+strasbourg+int%C3%A9rieur&amp;udm=2\" rel=\"nofollow noopener\" data-wpel-link=\"external\" target=\"_blank\">Google Images \u2013 Interior<\/a><\/p><p>\u2699\ufe0f <a href=\"https:\/\/en.musees.strasbourg.eu\/museum-tomi-ungerer\" rel=\"nofollow noopener\" target=\"_blank\">Hours &amp; Prices (Official Website)<\/a><\/p><p>\ud83d\udcdc <a href=\"https:\/\/en.wikipedia.org\/wiki\/Tomi_Ungerer_Museum\" rel=\"nofollow noopener\" target=\"_blank\">Wikipedia<\/a><\/p>\t\t\t\t\t\t\t\t<\/div>\n\t\t\t\t<\/div>\n\t\t\t\t<\/div>\n\t\t<div class=\"elementor-element elementor-element-70f7e4c e-con-full container-h3 e-flex e-con e-child\" data-id=\"70f7e4c\" data-element_type=\"container\" data-e-type=\"container\">\n\t\t\t\t<div class=\"elementor-element elementor-element-c2651ca elementor-widget elementor-widget-heading\" data-id=\"c2651ca\" data-element_type=\"widget\" data-e-type=\"widget\" data-widget_type=\"heading.default\">\n\t\t\t\t<div class=\"elementor-widget-container\">\n\t\t\t\t\t<h3 class=\"elementor-heading-title elementor-size-default\">12. Zoological<\/h3>\t\t\t\t<\/div>\n\t\t\t\t<\/div>\n\t\t\t\t<div class=\"elementor-element elementor-element-f8f2f74 elementor-widget elementor-widget-image\" data-id=\"f8f2f74\" data-element_type=\"widget\" data-e-type=\"widget\" data-widget_type=\"image.default\">\n\t\t\t\t<div class=\"elementor-widget-container\">\n\t\t\t\t\t\t\t\t\t\t\t\t\t\t\t<img loading=\"lazy\" decoding=\"async\" width=\"1200\" height=\"480\" src=\"https:\/\/culturefrancia.com\/wp-content\/uploads\/museum-zoo-strasbourg.webp\" class=\"attachment-full size-full wp-image-35795\" alt=\"\" srcset=\"https:\/\/culturefrancia.com\/wp-content\/uploads\/museum-zoo-strasbourg.webp 1200w, https:\/\/culturefrancia.com\/wp-content\/uploads\/museum-zoo-strasbourg-300x120.webp 300w, https:\/\/culturefrancia.com\/wp-content\/uploads\/museum-zoo-strasbourg-1024x410.webp 1024w, https:\/\/culturefrancia.com\/wp-content\/uploads\/museum-zoo-strasbourg-768x307.webp 768w\" sizes=\"(max-width: 1200px) 100vw, 1200px\" \/>\t\t\t\t\t\t\t\t\t\t\t\t\t\t\t<\/div>\n\t\t\t\t<\/div>\n\t\t\t\t<div class=\"elementor-element elementor-element-dde56e8 elementor-widget elementor-widget-text-editor\" data-id=\"dde56e8\" data-element_type=\"widget\" data-e-type=\"widget\" data-widget_type=\"text-editor.default\">\n\t\t\t\t<div class=\"elementor-widget-container\">\n\t\t\t\t\t\t\t\t\t<p><span style=\"text-decoration: underline;\">In Video<\/span>\u00a0 No<\/p><p><span style=\"text-decoration: underline;\">Appeal<\/span> \u00a0<span data-sheets-root=\"1\">\u2726\u2727\u2727\u2727\u2727<\/span><br \/><span data-sheets-root=\"1\"><span style=\"text-decoration: underline;\">Theme<\/span> \u00a0Zoological<br \/><\/span><u>Price<\/u>\u00a0 \u20ac9<\/p><p><span style=\"text-decoration: underline;\">Full Name<\/span><br \/><em>Mus\u00e9e Zoologique\u00a0<\/em><\/p><p>The museum features a rich and diverse collection of birds, mammals, reptiles and amphibians, marine mollusks, invertebrates, and insects from different regions of the world.<\/p><p>\ud83d\udccd <a href=\"https:\/\/maps.app.goo.gl\/Y1h2r1QfCBXH7P2C8\" rel=\"nofollow noopener\" target=\"_blank\">Google Maps<\/a><\/p><p>\ud83c\udfde\ufe0f\u00a0<a href=\"https:\/\/www.google.fr\/search?q=mus\u00e9e+zoologique+strasbourg+int%C3%A9rieur&amp;udm=2\" rel=\"nofollow noopener\" data-wpel-link=\"external\" target=\"_blank\">Google Images \u2013 Interior<\/a><\/p><p>\u2699\ufe0f <a href=\"https:\/\/en.musees.strasbourg.eu\/zoological-museum\" rel=\"nofollow noopener\" target=\"_blank\">Hours &amp; Prices (Official Website)<\/a><\/p><p>\ud83d\udcdc <a href=\"https:\/\/en.wikipedia.org\/wiki\/Mus%C3%A9e_zoologique_de_la_ville_de_Strasbourg\" rel=\"nofollow noopener\" target=\"_blank\">Wikipedia<\/a><\/p>\t\t\t\t\t\t\t\t<\/div>\n\t\t\t\t<\/div>\n\t\t\t\t<\/div>\n\t\t<div class=\"elementor-element elementor-element-4f46f4a e-con-full container-h3 e-flex e-con e-child\" data-id=\"4f46f4a\" data-element_type=\"container\" data-e-type=\"container\">\n\t\t\t\t<div class=\"elementor-element elementor-element-8877e68 elementor-widget elementor-widget-heading\" data-id=\"8877e68\" data-element_type=\"widget\" data-e-type=\"widget\" data-widget_type=\"heading.default\">\n\t\t\t\t<div class=\"elementor-widget-container\">\n\t\t\t\t\t<h3 class=\"elementor-heading-title elementor-size-default\">13. ECCAS<\/h3>\t\t\t\t<\/div>\n\t\t\t\t<\/div>\n\t\t\t\t<div class=\"elementor-element elementor-element-dec002c elementor-widget elementor-widget-image\" data-id=\"dec002c\" data-element_type=\"widget\" data-e-type=\"widget\" data-widget_type=\"image.default\">\n\t\t\t\t<div class=\"elementor-widget-container\">\n\t\t\t\t\t\t\t\t\t\t\t\t\t\t\t<img loading=\"lazy\" decoding=\"async\" width=\"1200\" height=\"480\" src=\"https:\/\/culturefrancia.com\/wp-content\/uploads\/european-contemporary-artistic-actions-center-strasbourg.webp\" class=\"attachment-full size-full wp-image-35747\" alt=\"\" srcset=\"https:\/\/culturefrancia.com\/wp-content\/uploads\/european-contemporary-artistic-actions-center-strasbourg.webp 1200w, https:\/\/culturefrancia.com\/wp-content\/uploads\/european-contemporary-artistic-actions-center-strasbourg-300x120.webp 300w, https:\/\/culturefrancia.com\/wp-content\/uploads\/european-contemporary-artistic-actions-center-strasbourg-1024x410.webp 1024w, https:\/\/culturefrancia.com\/wp-content\/uploads\/european-contemporary-artistic-actions-center-strasbourg-768x307.webp 768w\" sizes=\"(max-width: 1200px) 100vw, 1200px\" \/>\t\t\t\t\t\t\t\t\t\t\t\t\t\t\t<\/div>\n\t\t\t\t<\/div>\n\t\t\t\t<div class=\"elementor-element elementor-element-74bac23 elementor-widget elementor-widget-text-editor\" data-id=\"74bac23\" data-element_type=\"widget\" data-e-type=\"widget\" data-widget_type=\"text-editor.default\">\n\t\t\t\t<div class=\"elementor-widget-container\">\n\t\t\t\t\t\t\t\t\t<p><span style=\"text-decoration: underline;\">In Video<\/span>\u00a0 No<\/p><p><span style=\"text-decoration: underline;\">Appeal<\/span> \u00a0<span data-sheets-root=\"1\">\u2726\u2727\u2727\u2727\u2727<\/span><br \/><span data-sheets-root=\"1\"><span style=\"text-decoration: underline;\">Theme<\/span> \u00a0Contemporary Art Exhibitions<br \/><\/span><u>Price<\/u>\u00a0 Free<\/p><p><span style=\"text-decoration: underline;\">Full Names<\/span><br \/><em>CEAAC<br \/>Centre Europ\u00e9en d&#8217;Actions Artistiques Contemporaines<br \/><\/em><\/p><p>The ECCAS (European Contemporary Artistic Actions Center) showcases temporary exhibitions of contemporary art by regional and international artists.<\/p><p>\ud83d\udccd <a href=\"https:\/\/maps.app.goo.gl\/Ed63jbzui1xBAitR6\" rel=\"nofollow noopener\" target=\"_blank\">Google Maps<\/a><\/p><p>\ud83c\udfde\ufe0f\u00a0<a href=\"https:\/\/www.google.fr\/search?q=ceaac+strasbourg+exposition&amp;udm=2\" rel=\"nofollow noopener\" data-wpel-link=\"external\" target=\"_blank\">Google Images \u2013 Interior<\/a><\/p><p>\u2699\ufe0f <a href=\"https:\/\/ceaac.org\/en\/the-ceaac\/practical-information\/\" target=\"_blank\" rel=\"noopener\">Hours (Official Website)<\/a><\/p><p>\ud83d\udcdc <a href=\"https:\/\/fr.wikipedia.org\/wiki\/Centre_europ%C3%A9en_d%27actions_artistiques_contemporaines\" rel=\"nofollow noopener\" target=\"_blank\">Wikipedia (Fr)<\/a><\/p>\t\t\t\t\t\t\t\t<\/div>\n\t\t\t\t<\/div>\n\t\t\t\t<\/div>\n\t\t\t\t\t<\/div>\n\t\t\t\t<\/div>\n\t\t<div class=\"elementor-element elementor-element-7981f06 container-h2 e-flex e-con-boxed e-con e-parent\" data-id=\"7981f06\" data-element_type=\"container\" data-e-type=\"container\">\n\t\t\t\t\t<div class=\"e-con-inner\">\n\t\t<div class=\"elementor-element elementor-element-3963dad e-con-full container-titre-h2 e-flex e-con e-child\" data-id=\"3963dad\" data-element_type=\"container\" data-e-type=\"container\">\n\t\t\t\t<div class=\"elementor-element elementor-element-3d13dae elementor-widget elementor-widget-heading\" data-id=\"3d13dae\" data-element_type=\"widget\" data-e-type=\"widget\" data-widget_type=\"heading.default\">\n\t\t\t\t<div class=\"elementor-widget-container\">\n\t\t\t\t\t<h2 class=\"elementor-heading-title elementor-size-default\">PARKS<\/h2>\t\t\t\t<\/div>\n\t\t\t\t<\/div>\n\t\t\t\t<\/div>\n\t\t<div class=\"elementor-element elementor-element-0b6d67c e-con-full container-h3 e-flex e-con e-child\" data-id=\"0b6d67c\" data-element_type=\"container\" data-e-type=\"container\">\n\t\t\t\t<div class=\"elementor-element elementor-element-2ddcc62 elementor-widget elementor-widget-heading\" data-id=\"2ddcc62\" data-element_type=\"widget\" data-e-type=\"widget\" data-widget_type=\"heading.default\">\n\t\t\t\t<div class=\"elementor-widget-container\">\n\t\t\t\t\t<h4 class=\"elementor-heading-title elementor-size-default\">Overview Table<\/h4>\t\t\t\t<\/div>\n\t\t\t\t<\/div>\n\t\t\t\t<div class=\"elementor-element elementor-element-8f26167 tableau elementor-widget elementor-widget-eael-advanced-data-table\" data-id=\"8f26167\" data-element_type=\"widget\" data-e-type=\"widget\" data-widget_type=\"eael-advanced-data-table.default\">\n\t\t\t\t<div class=\"elementor-widget-container\">\n\t\t\t\t\t<div class=\"ea-advanced-data-table-wrap\" data-id=\"8f26167\"><div class=\"ea-advanced-data-table-wrap-inner\">\n                <table class=\"ea-advanced-data-table ea-advanced-data-table-csv ea-advanced-data-table-8f26167\" data-id=\"8f26167\"><thead><tr><th><\/th><th>\tName<\/th><th>\tAppeal<\/th><th>\tType<\/th><th>\t\u20ac<\/th><\/tr><\/thead><tbody><tr><td>1<\/td><td>\tCathedral's Top Platform<\/td><td>\t\u2726\u2726\u2726\u2726\u2726<\/td><td>\tPark<\/td><td>\t\u20ac10<\/td><\/tr><tr><td>2<\/td><td>\tPont Royal<\/td><td>\t\u2726\u2726\u2727\u2727\u2727<\/td><td>\tBridge<\/td><td>\t0<\/td><\/tr><tr><td>3<\/td><td>\tPonts Couverts<\/td><td>\t\u2726\u2726\u2727\u2727\u2727<\/td><td>\tBridge<\/td><td>\t0<\/td><\/tr><tr><td>4<\/td><td>\tBarrage Vauban<\/td><td>\t\u2726\u2726\u2727\u2727\u2727<\/td><td>\tDam<\/td><td>\t0<\/td><\/tr><\/tbody><\/table>\n            <\/div><\/div>\t\t\t\t<\/div>\n\t\t\t\t<\/div>\n\t\t\t\t<\/div>\n\t\t<div class=\"elementor-element elementor-element-5170b0a e-con-full container-h3 e-flex e-con e-child\" data-id=\"5170b0a\" data-element_type=\"container\" data-e-type=\"container\">\n\t\t\t\t<div class=\"elementor-element elementor-element-c1328d3 elementor-widget elementor-widget-heading\" data-id=\"c1328d3\" data-element_type=\"widget\" data-e-type=\"widget\" data-widget_type=\"heading.default\">\n\t\t\t\t<div class=\"elementor-widget-container\">\n\t\t\t\t\t<h3 class=\"elementor-heading-title elementor-size-default\">1. Orangerie<\/h3>\t\t\t\t<\/div>\n\t\t\t\t<\/div>\n\t\t\t\t<div class=\"elementor-element elementor-element-96a957b elementor-widget elementor-widget-image\" data-id=\"96a957b\" data-element_type=\"widget\" data-e-type=\"widget\" data-widget_type=\"image.default\">\n\t\t\t\t<div class=\"elementor-widget-container\">\n\t\t\t\t\t\t\t\t\t\t\t\t\t\t\t<img loading=\"lazy\" decoding=\"async\" width=\"1200\" height=\"480\" src=\"https:\/\/culturefrancia.com\/wp-content\/uploads\/park-orangerie-strasbourg.webp\" class=\"attachment-full size-full wp-image-35801\" alt=\"\" srcset=\"https:\/\/culturefrancia.com\/wp-content\/uploads\/park-orangerie-strasbourg.webp 1200w, https:\/\/culturefrancia.com\/wp-content\/uploads\/park-orangerie-strasbourg-300x120.webp 300w, https:\/\/culturefrancia.com\/wp-content\/uploads\/park-orangerie-strasbourg-1024x410.webp 1024w, https:\/\/culturefrancia.com\/wp-content\/uploads\/park-orangerie-strasbourg-768x307.webp 768w\" sizes=\"(max-width: 1200px) 100vw, 1200px\" \/>\t\t\t\t\t\t\t\t\t\t\t\t\t\t\t<\/div>\n\t\t\t\t<\/div>\n\t\t\t\t<div class=\"elementor-element elementor-element-760c44c elementor-widget elementor-widget-text-editor\" data-id=\"760c44c\" data-element_type=\"widget\" data-e-type=\"widget\" data-widget_type=\"text-editor.default\">\n\t\t\t\t<div class=\"elementor-widget-container\">\n\t\t\t\t\t\t\t\t\t<p><span style=\"text-decoration: underline;\">In Video<\/span>\u00a0 Yes<\/p><p><span style=\"text-decoration: underline;\">Appeal<\/span> \u00a0<span data-sheets-root=\"1\">\u2726\u2726\u2726\u2727\u2727<\/span><br \/><span style=\"text-decoration: underline;\">Type<\/span> \u00a0<span data-sheets-root=\"1\">Park<\/span><br \/><span style=\"text-decoration: underline;\">Price<\/span>\u00a0 Free<\/p><p><span style=\"text-decoration: underline;\">Full Name<\/span><br \/><em>Parc de l&#8217;Orangerie<\/em><\/p><p>This vast 26-hectare park, created in the 17th century, is the largest in the city. It features a boating lake and play areas for children.<\/p><p>\ud83d\udccd <a href=\"https:\/\/maps.app.goo.gl\/2Zffm1xNP3GS8QZz5\" rel=\"nofollow noopener\" target=\"_blank\">Google Maps<\/a><\/p><p>\ud83c\udfde\ufe0f\u00a0<a href=\"https:\/\/www.google.fr\/search?q=parc+de+l&#039;orangerie+strasbourg&amp;udm=2\" rel=\"nofollow noopener\" data-wpel-link=\"external\" target=\"_blank\">Google Images<\/a><\/p><p>\ud83d\udcdc <a href=\"https:\/\/fr.wikipedia.org\/wiki\/Parc_de_l%27Orangerie\" rel=\"nofollow noopener\" target=\"_blank\">Wikipedia (Fr)<\/a><\/p>\t\t\t\t\t\t\t\t<\/div>\n\t\t\t\t<\/div>\n\t\t\t\t<\/div>\n\t\t<div class=\"elementor-element elementor-element-29d430c e-con-full container-h3 e-flex e-con e-child\" data-id=\"29d430c\" data-element_type=\"container\" data-e-type=\"container\">\n\t\t\t\t<div class=\"elementor-element elementor-element-54fa5fc elementor-widget elementor-widget-heading\" data-id=\"54fa5fc\" data-element_type=\"widget\" data-e-type=\"widget\" data-widget_type=\"heading.default\">\n\t\t\t\t<div class=\"elementor-widget-container\">\n\t\t\t\t\t<h3 class=\"elementor-heading-title elementor-size-default\">2. Jardin Botanique<\/h3>\t\t\t\t<\/div>\n\t\t\t\t<\/div>\n\t\t\t\t<div class=\"elementor-element elementor-element-f819a99 elementor-widget elementor-widget-image\" data-id=\"f819a99\" data-element_type=\"widget\" data-e-type=\"widget\" data-widget_type=\"image.default\">\n\t\t\t\t<div class=\"elementor-widget-container\">\n\t\t\t\t\t\t\t\t\t\t\t\t\t\t\t<img loading=\"lazy\" decoding=\"async\" width=\"1200\" height=\"480\" src=\"https:\/\/culturefrancia.com\/wp-content\/uploads\/botanical-garden-university-strasbourg.webp\" class=\"attachment-full size-full wp-image-35705\" alt=\"\" srcset=\"https:\/\/culturefrancia.com\/wp-content\/uploads\/botanical-garden-university-strasbourg.webp 1200w, https:\/\/culturefrancia.com\/wp-content\/uploads\/botanical-garden-university-strasbourg-300x120.webp 300w, https:\/\/culturefrancia.com\/wp-content\/uploads\/botanical-garden-university-strasbourg-1024x410.webp 1024w, https:\/\/culturefrancia.com\/wp-content\/uploads\/botanical-garden-university-strasbourg-768x307.webp 768w\" sizes=\"(max-width: 1200px) 100vw, 1200px\" \/>\t\t\t\t\t\t\t\t\t\t\t\t\t\t\t<\/div>\n\t\t\t\t<\/div>\n\t\t\t\t<div class=\"elementor-element elementor-element-752dd21 elementor-widget elementor-widget-text-editor\" data-id=\"752dd21\" data-element_type=\"widget\" data-e-type=\"widget\" data-widget_type=\"text-editor.default\">\n\t\t\t\t<div class=\"elementor-widget-container\">\n\t\t\t\t\t\t\t\t\t<p><span style=\"text-decoration: underline;\">In Video<\/span>\u00a0 Yes<\/p><p><span style=\"text-decoration: underline;\">Appeal<\/span> \u00a0<span data-sheets-root=\"1\">\u2726\u2726\u2726\u2727\u2727<\/span><br \/><span style=\"text-decoration: underline;\">Type<\/span>\u00a0 Garden<br \/><span style=\"text-decoration: underline;\">Price<\/span>\u00a0 Free<\/p><p><span style=\"text-decoration: underline;\">Full Name<\/span><br \/><em>Jardin Botanique de l&#8217;Universit\u00e9 de Strasbourg<\/em><\/p><p>This botanical garden, spanning 3 hectares and affiliated with the University of Strasbourg, was established in the 18th century on the site of an older garden. It features an arboretum, pond, flower beds, and a greenhouse that is sometimes open to the public.<\/p><p>\ud83d\udccd <a href=\"https:\/\/maps.app.goo.gl\/J8tDezpZHjCufA5r6\" rel=\"nofollow noopener\" target=\"_blank\">Google Maps<\/a><\/p><p>\ud83c\udfde\ufe0f\u00a0<a href=\"https:\/\/www.google.fr\/search?q=jardin+botanique+de+l&#039;universit\u00e9+de+strasbourg&amp;udm=2\" rel=\"nofollow noopener\" data-wpel-link=\"external\" target=\"_blank\">Google Images<\/a><\/p><p>\u2699\ufe0f <a href=\"https:\/\/jardin-botanique.unistra.fr\/sinformer\/contacts-horaires-et-plans\" rel=\"nofollow noopener\" target=\"_blank\">Hours (Official Website &#8211; Fr)<\/a><\/p><p>\ud83d\udcdc <a href=\"https:\/\/en.wikipedia.org\/wiki\/Jardin_botanique_de_l%27Universit%C3%A9_de_Strasbourg\" rel=\"nofollow noopener\" target=\"_blank\">Wikipedia<\/a><\/p>\t\t\t\t\t\t\t\t<\/div>\n\t\t\t\t<\/div>\n\t\t\t\t<\/div>\n\t\t<div class=\"elementor-element elementor-element-72d5ed9 e-con-full container-h3 e-flex e-con e-child\" data-id=\"72d5ed9\" data-element_type=\"container\" data-e-type=\"container\">\n\t\t\t\t<div class=\"elementor-element elementor-element-cd5f59f elementor-widget elementor-widget-heading\" data-id=\"cd5f59f\" data-element_type=\"widget\" data-e-type=\"widget\" data-widget_type=\"heading.default\">\n\t\t\t\t<div class=\"elementor-widget-container\">\n\t\t\t\t\t<h3 class=\"elementor-heading-title elementor-size-default\">3.  Place R\u00e9publique<\/h3>\t\t\t\t<\/div>\n\t\t\t\t<\/div>\n\t\t\t\t<div class=\"elementor-element elementor-element-5c59e20 elementor-widget elementor-widget-image\" data-id=\"5c59e20\" data-element_type=\"widget\" data-e-type=\"widget\" data-widget_type=\"image.default\">\n\t\t\t\t<div class=\"elementor-widget-container\">\n\t\t\t\t\t\t\t\t\t\t\t\t\t\t\t<img loading=\"lazy\" decoding=\"async\" width=\"1200\" height=\"480\" src=\"https:\/\/culturefrancia.com\/wp-content\/uploads\/garden-square-republique-strasbourg.webp\" class=\"attachment-full size-full wp-image-35762\" alt=\"\" srcset=\"https:\/\/culturefrancia.com\/wp-content\/uploads\/garden-square-republique-strasbourg.webp 1200w, https:\/\/culturefrancia.com\/wp-content\/uploads\/garden-square-republique-strasbourg-300x120.webp 300w, https:\/\/culturefrancia.com\/wp-content\/uploads\/garden-square-republique-strasbourg-1024x410.webp 1024w, https:\/\/culturefrancia.com\/wp-content\/uploads\/garden-square-republique-strasbourg-768x307.webp 768w\" sizes=\"(max-width: 1200px) 100vw, 1200px\" \/>\t\t\t\t\t\t\t\t\t\t\t\t\t\t\t<\/div>\n\t\t\t\t<\/div>\n\t\t\t\t<div class=\"elementor-element elementor-element-def2526 elementor-widget elementor-widget-text-editor\" data-id=\"def2526\" data-element_type=\"widget\" data-e-type=\"widget\" data-widget_type=\"text-editor.default\">\n\t\t\t\t<div class=\"elementor-widget-container\">\n\t\t\t\t\t\t\t\t\t<p><span style=\"text-decoration: underline;\">In Video<\/span>\u00a0 No<\/p><p><span style=\"text-decoration: underline;\">Appeal<\/span> \u00a0<span data-sheets-root=\"1\">\u2726\u2727\u2727\u2727\u2727<\/span><br \/><span style=\"text-decoration: underline;\">Type<\/span> \u00a0<span data-sheets-root=\"1\">Square\/Garden<br \/><\/span><span style=\"text-decoration: underline;\">Price<\/span>\u00a0 Free<\/p><p><span style=\"text-decoration: underline;\">Full Name<\/span><br \/><em>Place de la R\u00e9publique<\/em><\/p><p><em>Place de la R\u00e9publique<\/em> is one of the major squares in the city. It features a garden and is surrounded by several historic buildings.<\/p><p>\ud83d\udccd <a href=\"https:\/\/maps.app.goo.gl\/WTN96HgjfqjjWHxh7\" rel=\"nofollow noopener\" target=\"_blank\">Google Maps<\/a><\/p><p>\ud83c\udfde\ufe0f\u00a0<a href=\"https:\/\/www.google.fr\/search?q=place+de+la+r\u00e9publique+strasbourg&amp;udm=2\" rel=\"nofollow noopener\" data-wpel-link=\"external\" target=\"_blank\">Google Images<\/a><\/p><p>\ud83d\udcdc <a href=\"https:\/\/en.wikipedia.org\/wiki\/Place_de_la_R%C3%A9publique,_Strasbourg\" rel=\"nofollow noopener\" target=\"_blank\">Wikipedia<\/a><\/p>\t\t\t\t\t\t\t\t<\/div>\n\t\t\t\t<\/div>\n\t\t\t\t<\/div>\n\t\t<div class=\"elementor-element elementor-element-012d111 e-con-full container-h3 e-flex e-con e-child\" data-id=\"012d111\" data-element_type=\"container\" data-e-type=\"container\">\n\t\t\t\t<div class=\"elementor-element elementor-element-37e074c elementor-widget elementor-widget-heading\" data-id=\"37e074c\" data-element_type=\"widget\" data-e-type=\"widget\" data-widget_type=\"heading.default\">\n\t\t\t\t<div class=\"elementor-widget-container\">\n\t\t\t\t\t<h3 class=\"elementor-heading-title elementor-size-default\">4. Citadelle<\/h3>\t\t\t\t<\/div>\n\t\t\t\t<\/div>\n\t\t\t\t<div class=\"elementor-element elementor-element-1752af1 elementor-widget elementor-widget-image\" data-id=\"1752af1\" data-element_type=\"widget\" data-e-type=\"widget\" data-widget_type=\"image.default\">\n\t\t\t\t<div class=\"elementor-widget-container\">\n\t\t\t\t\t\t\t\t\t\t\t\t\t\t\t<img loading=\"lazy\" decoding=\"async\" width=\"1200\" height=\"481\" src=\"https:\/\/culturefrancia.com\/wp-content\/uploads\/park-citadelle-strasbourg.webp\" class=\"attachment-full size-full wp-image-35798\" alt=\"\" srcset=\"https:\/\/culturefrancia.com\/wp-content\/uploads\/park-citadelle-strasbourg.webp 1200w, https:\/\/culturefrancia.com\/wp-content\/uploads\/park-citadelle-strasbourg-300x120.webp 300w, https:\/\/culturefrancia.com\/wp-content\/uploads\/park-citadelle-strasbourg-1024x410.webp 1024w, https:\/\/culturefrancia.com\/wp-content\/uploads\/park-citadelle-strasbourg-768x308.webp 768w\" sizes=\"(max-width: 1200px) 100vw, 1200px\" \/>\t\t\t\t\t\t\t\t\t\t\t\t\t\t\t<\/div>\n\t\t\t\t<\/div>\n\t\t\t\t<div class=\"elementor-element elementor-element-28cf9b6 elementor-widget elementor-widget-text-editor\" data-id=\"28cf9b6\" data-element_type=\"widget\" data-e-type=\"widget\" data-widget_type=\"text-editor.default\">\n\t\t\t\t<div class=\"elementor-widget-container\">\n\t\t\t\t\t\t\t\t\t<p><span style=\"text-decoration: underline;\">In Video<\/span>\u00a0 No<\/p><p><span style=\"text-decoration: underline;\">Appeal<\/span> \u00a0<span data-sheets-root=\"1\">\u2726\u2727\u2727\u2727\u2727<\/span><br \/><span style=\"text-decoration: underline;\">Type<\/span> \u00a0<span data-sheets-root=\"1\">Park<br \/><\/span><span style=\"text-decoration: underline;\">Price<\/span>\u00a0 Free<\/p><p><span style=\"text-decoration: underline;\">Full Name<\/span><br \/><em>Parc de la Citadelle<\/em><\/p><p>This large city park, built around an old citadel, features a water playground, sports fields, and walking paths.<\/p><p>\ud83d\udccd <a href=\"https:\/\/maps.app.goo.gl\/T6qmKVV1jouabGnb6\" rel=\"nofollow noopener\" target=\"_blank\">Google Maps<\/a><\/p><p>\ud83c\udfde\ufe0f\u00a0<a href=\"https:\/\/www.google.fr\/search?q=parc+de+la+citadelle+strasbourg&amp;udm=2\" rel=\"nofollow noopener\" data-wpel-link=\"external\" target=\"_blank\">Google Images<\/a><\/p><p>\ud83d\udcdc <a href=\"https:\/\/fr.wikipedia.org\/wiki\/Parc_de_la_Citadelle_(Strasbourg)\" rel=\"nofollow noopener\" target=\"_blank\">Wikipedia (Fr)<\/a><\/p>\t\t\t\t\t\t\t\t<\/div>\n\t\t\t\t<\/div>\n\t\t\t\t<\/div>\n\t\t<div class=\"elementor-element elementor-element-23e1dde e-con-full container-h3 e-flex e-con e-child\" data-id=\"23e1dde\" data-element_type=\"container\" data-e-type=\"container\">\n\t\t\t\t<div class=\"elementor-element elementor-element-bb7e755 elementor-widget elementor-widget-heading\" data-id=\"bb7e755\" data-element_type=\"widget\" data-e-type=\"widget\" data-widget_type=\"heading.default\">\n\t\t\t\t<div class=\"elementor-widget-container\">\n\t\t\t\t\t<h3 class=\"elementor-heading-title elementor-size-default\">5. 2 Rives<\/h3>\t\t\t\t<\/div>\n\t\t\t\t<\/div>\n\t\t\t\t<div class=\"elementor-element elementor-element-dba66a8 elementor-widget elementor-widget-image\" data-id=\"dba66a8\" data-element_type=\"widget\" data-e-type=\"widget\" data-widget_type=\"image.default\">\n\t\t\t\t<div class=\"elementor-widget-container\">\n\t\t\t\t\t\t\t\t\t\t\t\t\t\t\t<img loading=\"lazy\" decoding=\"async\" width=\"1200\" height=\"480\" src=\"https:\/\/culturefrancia.com\/wp-content\/uploads\/garden-deux-rives-strasbourg.webp\" class=\"attachment-full size-full wp-image-35759\" alt=\"\" srcset=\"https:\/\/culturefrancia.com\/wp-content\/uploads\/garden-deux-rives-strasbourg.webp 1200w, https:\/\/culturefrancia.com\/wp-content\/uploads\/garden-deux-rives-strasbourg-300x120.webp 300w, https:\/\/culturefrancia.com\/wp-content\/uploads\/garden-deux-rives-strasbourg-1024x410.webp 1024w, https:\/\/culturefrancia.com\/wp-content\/uploads\/garden-deux-rives-strasbourg-768x307.webp 768w\" sizes=\"(max-width: 1200px) 100vw, 1200px\" \/>\t\t\t\t\t\t\t\t\t\t\t\t\t\t\t<\/div>\n\t\t\t\t<\/div>\n\t\t\t\t<div class=\"elementor-element elementor-element-462ffcc elementor-widget elementor-widget-text-editor\" data-id=\"462ffcc\" data-element_type=\"widget\" data-e-type=\"widget\" data-widget_type=\"text-editor.default\">\n\t\t\t\t<div class=\"elementor-widget-container\">\n\t\t\t\t\t\t\t\t\t<p><span style=\"text-decoration: underline;\">In Video<\/span>\u00a0 No<\/p><p><span style=\"text-decoration: underline;\">Appeal<\/span> \u00a0<span data-sheets-root=\"1\">\u2726\u2727\u2727\u2727\u2727<\/span><br \/><span style=\"text-decoration: underline;\">Type<\/span> \u00a0<span data-sheets-root=\"1\">Park<br \/><\/span><span style=\"text-decoration: underline;\">Price<\/span>\u00a0 Free<\/p><p><span style=\"text-decoration: underline;\">Full Name<\/span><br \/><em>Jardin des Deux Rives<\/em><\/p><p>This city park, located at the eastern edge of the city, is a transboundary park between Strasbourg and the town of Kehl in Germany. It spans both sides of the Rhine River, connected by a bridge designed for pedestrians and cyclists.<\/p><p>\ud83d\udccd <a href=\"https:\/\/maps.app.goo.gl\/zroNBhDkfLFuUHFc9\" rel=\"nofollow noopener\" target=\"_blank\">Google Maps<\/a><\/p><p>\ud83c\udfde\ufe0f\u00a0<a href=\"https:\/\/www.google.fr\/search?q=jardin+des+deux+rives+strasbourg&amp;udm=2\" rel=\"nofollow noopener\" data-wpel-link=\"external\" target=\"_blank\">Google Images<\/a><\/p><p>\ud83d\udcdc <a href=\"https:\/\/fr.wikipedia.org\/wiki\/Jardin_des_Deux_Rives\" rel=\"nofollow noopener\" target=\"_blank\">Wikipedia (Fr)<\/a><\/p>\t\t\t\t\t\t\t\t<\/div>\n\t\t\t\t<\/div>\n\t\t\t\t<\/div>\n\t\t\t\t\t<\/div>\n\t\t\t\t<\/div>\n\t\t<div class=\"elementor-element elementor-element-3954122 container-h2 e-flex e-con-boxed e-con e-parent\" data-id=\"3954122\" data-element_type=\"container\" data-e-type=\"container\">\n\t\t\t\t\t<div class=\"e-con-inner\">\n\t\t<div class=\"elementor-element elementor-element-87486be e-con-full container-titre-h2 e-flex e-con e-child\" data-id=\"87486be\" data-element_type=\"container\" data-e-type=\"container\">\n\t\t\t\t<div class=\"elementor-element elementor-element-6cf73d0 elementor-widget elementor-widget-heading\" data-id=\"6cf73d0\" data-element_type=\"widget\" data-e-type=\"widget\" data-widget_type=\"heading.default\">\n\t\t\t\t<div class=\"elementor-widget-container\">\n\t\t\t\t\t<h2 class=\"elementor-heading-title elementor-size-default\">OTHERS<\/h2>\t\t\t\t<\/div>\n\t\t\t\t<\/div>\n\t\t\t\t<\/div>\n\t\t<div class=\"elementor-element elementor-element-e780f7f e-con-full container-h3 e-flex e-con e-child\" data-id=\"e780f7f\" data-element_type=\"container\" data-e-type=\"container\">\n\t\t\t\t<div class=\"elementor-element elementor-element-6dfc623 elementor-widget elementor-widget-heading\" data-id=\"6dfc623\" data-element_type=\"widget\" data-e-type=\"widget\" data-widget_type=\"heading.default\">\n\t\t\t\t<div class=\"elementor-widget-container\">\n\t\t\t\t\t<h4 class=\"elementor-heading-title elementor-size-default\">Overview Table<\/h4>\t\t\t\t<\/div>\n\t\t\t\t<\/div>\n\t\t\t\t<div class=\"elementor-element elementor-element-d8dfc36 tableau elementor-widget elementor-widget-eael-advanced-data-table\" data-id=\"d8dfc36\" data-element_type=\"widget\" data-e-type=\"widget\" data-widget_type=\"eael-advanced-data-table.default\">\n\t\t\t\t<div class=\"elementor-widget-container\">\n\t\t\t\t\t<div class=\"ea-advanced-data-table-wrap\" data-id=\"d8dfc36\"><div class=\"ea-advanced-data-table-wrap-inner\">\n                <table class=\"ea-advanced-data-table ea-advanced-data-table-csv ea-advanced-data-table-d8dfc36\" data-id=\"d8dfc36\"><thead><tr><th><\/th><th>\tName<\/th><th>\tAppeal<\/th><th>\tType<\/th><th>\t\u20ac<\/th><\/tr><\/thead><tbody><tr><td>1<\/td><td>\tEuropean Parliament<\/td><td>\t\u2726\u2726\u2727\u2727\u2727<\/td><td>\tPolitical Institution<\/td><td>\t0<\/td><\/tr><\/tbody><\/table>\n            <\/div><\/div>\t\t\t\t<\/div>\n\t\t\t\t<\/div>\n\t\t\t\t<\/div>\n\t\t<div class=\"elementor-element elementor-element-18cb080 e-con-full container-h3 e-flex e-con e-child\" data-id=\"18cb080\" data-element_type=\"container\" data-e-type=\"container\">\n\t\t\t\t<div class=\"elementor-element elementor-element-eb9285f elementor-widget elementor-widget-heading\" data-id=\"eb9285f\" data-element_type=\"widget\" data-e-type=\"widget\" data-widget_type=\"heading.default\">\n\t\t\t\t<div class=\"elementor-widget-container\">\n\t\t\t\t\t<h3 class=\"elementor-heading-title elementor-size-default\">1. European Parliament<\/h3>\t\t\t\t<\/div>\n\t\t\t\t<\/div>\n\t\t\t\t<div class=\"elementor-element elementor-element-6ffb143 elementor-widget elementor-widget-image\" data-id=\"6ffb143\" data-element_type=\"widget\" data-e-type=\"widget\" data-widget_type=\"image.default\">\n\t\t\t\t<div class=\"elementor-widget-container\">\n\t\t\t\t\t\t\t\t\t\t\t\t\t\t\t<img loading=\"lazy\" decoding=\"async\" width=\"1200\" height=\"480\" src=\"https:\/\/culturefrancia.com\/wp-content\/uploads\/european-parliament-strasbourg.webp\" class=\"attachment-full size-full wp-image-35750\" alt=\"\" srcset=\"https:\/\/culturefrancia.com\/wp-content\/uploads\/european-parliament-strasbourg.webp 1200w, https:\/\/culturefrancia.com\/wp-content\/uploads\/european-parliament-strasbourg-300x120.webp 300w, https:\/\/culturefrancia.com\/wp-content\/uploads\/european-parliament-strasbourg-1024x410.webp 1024w, https:\/\/culturefrancia.com\/wp-content\/uploads\/european-parliament-strasbourg-768x307.webp 768w\" sizes=\"(max-width: 1200px) 100vw, 1200px\" \/>\t\t\t\t\t\t\t\t\t\t\t\t\t\t\t<\/div>\n\t\t\t\t<\/div>\n\t\t\t\t<div class=\"elementor-element elementor-element-7288dbe elementor-widget elementor-widget-text-editor\" data-id=\"7288dbe\" data-element_type=\"widget\" data-e-type=\"widget\" data-widget_type=\"text-editor.default\">\n\t\t\t\t<div class=\"elementor-widget-container\">\n\t\t\t\t\t\t\t\t\t<p><span style=\"text-decoration: underline;\">In Video<\/span>\u00a0 No<\/p><p><span style=\"text-decoration: underline;\">Appeal<\/span> \u00a0<span data-sheets-root=\"1\">\u2726\u2726\u2727\u2727\u2727<\/span><br \/><span style=\"text-decoration: underline;\">Type<\/span> \u00a0<span data-sheets-root=\"1\">European Parliament<br \/><\/span><span style=\"text-decoration: underline;\">Price<\/span>\u00a0 Free (Self or Guided Visit)<\/p><p><span style=\"text-decoration: underline;\">Full Names<br \/><\/span><em>Parlement Europ\u00e9en<br \/>B\u00e2timent Louise-Weiss<\/em><\/p><p>The seat of the European Parliament is located in Strasbourg and is open for visits to learn about the European Union, its history, and the functioning of its institutions.<\/p><p>There are two types of visits available: outside plenary sessions or during plenary sessions.<\/p><p>\ud83d\udccd <a href=\"https:\/\/maps.app.goo.gl\/sUkDj2Aisa76tTan8\" rel=\"nofollow noopener\" target=\"_blank\">Google Maps<\/a><\/p><p>\ud83c\udfde\ufe0f\u00a0<a href=\"https:\/\/www.google.fr\/search?q=parlement+europ\u00e9en+strasbourg+ext%C3%A9rieur&amp;udm=2\" rel=\"nofollow noopener\" data-wpel-link=\"external\" target=\"_blank\">Google Images \u2013 Exterior<\/a><\/p><p>\ud83c\udfde\ufe0f\u00a0<a href=\"https:\/\/www.google.fr\/search?q=parlement+europ\u00e9en+strasbourg+int%C3%A9rieur&amp;udm=2\" rel=\"nofollow noopener\" data-wpel-link=\"external\" target=\"_blank\">Google Images \u2013 Interior<\/a><\/p><p>\u2699\ufe0f <a href=\"https:\/\/visiting.europarl.europa.eu\/en\/visitor-offer\/strasbourg\/hemicycle\" target=\"_blank\" rel=\"noopener\">Visitor Info (Official Website)<\/a><\/p><p>\ud83d\udcdc <a href=\"https:\/\/en.wikipedia.org\/wiki\/Seat_of_the_European_Parliament_in_Strasbourg\" rel=\"nofollow noopener\" target=\"_blank\">Wikipedia<\/a><\/p>\t\t\t\t\t\t\t\t<\/div>\n\t\t\t\t<\/div>\n\t\t\t\t<\/div>\n\t\t\t\t\t<\/div>\n\t\t\t\t<\/div>\n\t\t<div class=\"elementor-element elementor-element-d1b3674 container-h2 e-flex e-con-boxed e-con e-parent\" data-id=\"d1b3674\" data-element_type=\"container\" data-e-type=\"container\">\n\t\t\t\t\t<div class=\"e-con-inner\">\n\t\t<div class=\"elementor-element elementor-element-b8f1a5a e-con-full container-titre-h2 e-flex e-con e-child\" data-id=\"b8f1a5a\" data-element_type=\"container\" data-e-type=\"container\">\n\t\t\t\t<div class=\"elementor-element elementor-element-5ca6c51 elementor-widget elementor-widget-heading\" data-id=\"5ca6c51\" data-element_type=\"widget\" data-e-type=\"widget\" data-widget_type=\"heading.default\">\n\t\t\t\t<div class=\"elementor-widget-container\">\n\t\t\t\t\t<h2 class=\"elementor-heading-title elementor-size-default\">VIEWPOINTS<\/h2>\t\t\t\t<\/div>\n\t\t\t\t<\/div>\n\t\t\t\t<\/div>\n\t\t<div class=\"elementor-element elementor-element-093d498 e-con-full container-h3 e-flex e-con e-child\" data-id=\"093d498\" data-element_type=\"container\" data-e-type=\"container\">\n\t\t\t\t<div class=\"elementor-element elementor-element-ad02e8a elementor-widget elementor-widget-heading\" data-id=\"ad02e8a\" data-element_type=\"widget\" data-e-type=\"widget\" data-widget_type=\"heading.default\">\n\t\t\t\t<div class=\"elementor-widget-container\">\n\t\t\t\t\t<h4 class=\"elementor-heading-title elementor-size-default\">Overview Table<\/h4>\t\t\t\t<\/div>\n\t\t\t\t<\/div>\n\t\t\t\t<div class=\"elementor-element elementor-element-eb47a97 tableau elementor-widget elementor-widget-eael-advanced-data-table\" data-id=\"eb47a97\" data-element_type=\"widget\" data-e-type=\"widget\" data-widget_type=\"eael-advanced-data-table.default\">\n\t\t\t\t<div class=\"elementor-widget-container\">\n\t\t\t\t\t<div class=\"ea-advanced-data-table-wrap\" data-id=\"eb47a97\"><div class=\"ea-advanced-data-table-wrap-inner\">\n                <table class=\"ea-advanced-data-table ea-advanced-data-table-csv ea-advanced-data-table-eb47a97\" data-id=\"eb47a97\"><thead><tr><th><\/th><th>\tName<\/th><th>\tAppeal<\/th><th>\tType<\/th><th>\t\u20ac<\/th><\/tr><\/thead><tbody><tr><td>1<\/td><td>\tCathedral's Top Platform<\/td><td>\t\u2726\u2726\u2726\u2726\u2726<\/td><td>\tPlatform<\/td><td>\t\u20ac10<\/td><\/tr><tr><td>2<\/td><td>\tBarrage Vauban<\/td><td>\t\u2726\u2726\u2727\u2727\u2727<\/td><td>\tDam<\/td><td>\t0<\/td><\/tr><tr><td>3<\/td><td>\tPont Royal<\/td><td>\t\u2726\u2726\u2727\u2727\u2727<\/td><td>\tBridge<\/td><td>\t0<\/td><\/tr><\/tbody><\/table>\n            <\/div><\/div>\t\t\t\t<\/div>\n\t\t\t\t<\/div>\n\t\t\t\t<\/div>\n\t\t<div class=\"elementor-element elementor-element-eff4858 container-h3 e-con-full e-flex e-con e-child\" data-id=\"eff4858\" data-element_type=\"container\" data-e-type=\"container\">\n\t\t\t\t<div class=\"elementor-element elementor-element-8f02089 elementor-widget elementor-widget-heading\" data-id=\"8f02089\" data-element_type=\"widget\" data-e-type=\"widget\" data-widget_type=\"heading.default\">\n\t\t\t\t<div class=\"elementor-widget-container\">\n\t\t\t\t\t<h3 class=\"elementor-heading-title elementor-size-default\">1. Cathedral's Top Platform<\/h3>\t\t\t\t<\/div>\n\t\t\t\t<\/div>\n\t\t\t\t<div class=\"elementor-element elementor-element-5871fe9 elementor-widget elementor-widget-image\" data-id=\"5871fe9\" data-element_type=\"widget\" data-e-type=\"widget\" data-widget_type=\"image.default\">\n\t\t\t\t<div class=\"elementor-widget-container\">\n\t\t\t\t\t\t\t\t\t\t\t\t\t\t\t<img loading=\"lazy\" decoding=\"async\" width=\"1200\" height=\"480\" src=\"https:\/\/culturefrancia.com\/wp-content\/uploads\/strasbourg-cathedral-top-platform-viewpoint.webp\" class=\"attachment-full size-full wp-image-58487\" alt=\"\" srcset=\"https:\/\/culturefrancia.com\/wp-content\/uploads\/strasbourg-cathedral-top-platform-viewpoint.webp 1200w, https:\/\/culturefrancia.com\/wp-content\/uploads\/strasbourg-cathedral-top-platform-viewpoint-300x120.webp 300w, https:\/\/culturefrancia.com\/wp-content\/uploads\/strasbourg-cathedral-top-platform-viewpoint-1024x410.webp 1024w, https:\/\/culturefrancia.com\/wp-content\/uploads\/strasbourg-cathedral-top-platform-viewpoint-768x307.webp 768w\" sizes=\"(max-width: 1200px) 100vw, 1200px\" \/>\t\t\t\t\t\t\t\t\t\t\t\t\t\t\t<\/div>\n\t\t\t\t<\/div>\n\t\t\t\t<div class=\"elementor-element elementor-element-0092103 elementor-widget elementor-widget-text-editor\" data-id=\"0092103\" data-element_type=\"widget\" data-e-type=\"widget\" data-widget_type=\"text-editor.default\">\n\t\t\t\t<div class=\"elementor-widget-container\">\n\t\t\t\t\t\t\t\t\t<p><span style=\"text-decoration: underline;\">In Video<\/span>\u00a0 Yes<\/p><p><span style=\"text-decoration: underline;\">Appeal<\/span> \u00a0<span data-sheets-root=\"1\">\u2726\u2726\u2726\u2726\u2726<\/span><br \/><span style=\"text-decoration: underline;\">Type<\/span> \u00a0<span data-sheets-root=\"1\">Platform<br \/><\/span><span style=\"text-decoration: underline;\">Price<\/span>\u00a0 \u20ac10<\/p><p><span style=\"text-decoration: underline;\">Full Name<\/span><br \/><em>Plateforme de la Cath\u00e9drale<\/em><\/p><p>\ud83d\udccd <a href=\"https:\/\/maps.app.goo.gl\/UzgMrVquZJ3E5krz5\" rel=\"nofollow noopener\" target=\"_blank\">Google Maps<\/a><\/p><p>\ud83d\udcdc <a href=\"https:\/\/en.wikipedia.org\/wiki\/Strasbourg_Cathedral\" rel=\"nofollow noopener\" target=\"_blank\">Wikipedia<\/a><\/p><p>The platform at the top of the Strasbourg Cathedral of Notre-Dame, located 66 meters high, offers a spectacular panorama of the city and its surroundings. Accessible after climbing 330 steps, it rewards visitors with a breathtaking view of Strasbourg\u2019s rooftops and, on clear days, the hills of the <em>Black Forest<\/em> in Germany.<\/p><p>\u2699\ufe0f\u00a0<a href=\"https:\/\/www.visitstrasbourg.fr\/en\/fiche-sit\/F223007614_climbing-up-to-the-cathedral-s-platform-strasbourg\/\" rel=\"nofollow noopener\" target=\"_blank\">Hours &amp; Prices (Tourist Office Website)<\/a><\/p>\t\t\t\t\t\t\t\t<\/div>\n\t\t\t\t<\/div>\n\t\t\t\t<\/div>\n\t\t<div class=\"elementor-element elementor-element-f072ee7 container-h3 e-con-full e-flex e-con e-child\" data-id=\"f072ee7\" data-element_type=\"container\" data-e-type=\"container\">\n\t\t\t\t<div class=\"elementor-element elementor-element-d540bf9 elementor-widget elementor-widget-heading\" data-id=\"d540bf9\" data-element_type=\"widget\" data-e-type=\"widget\" data-widget_type=\"heading.default\">\n\t\t\t\t<div class=\"elementor-widget-container\">\n\t\t\t\t\t<h3 class=\"elementor-heading-title elementor-size-default\">2. Barrage Vauban<\/h3>\t\t\t\t<\/div>\n\t\t\t\t<\/div>\n\t\t\t\t<div class=\"elementor-element elementor-element-24f15c7 elementor-widget elementor-widget-image\" data-id=\"24f15c7\" data-element_type=\"widget\" data-e-type=\"widget\" data-widget_type=\"image.default\">\n\t\t\t\t<div class=\"elementor-widget-container\">\n\t\t\t\t\t\t\t\t\t\t\t\t\t\t\t<img loading=\"lazy\" decoding=\"async\" width=\"1200\" height=\"480\" src=\"https:\/\/culturefrancia.com\/wp-content\/uploads\/strasbourg-vaubam-dam-viewpoint.webp\" class=\"attachment-full size-full wp-image-58489\" alt=\"\" srcset=\"https:\/\/culturefrancia.com\/wp-content\/uploads\/strasbourg-vaubam-dam-viewpoint.webp 1200w, https:\/\/culturefrancia.com\/wp-content\/uploads\/strasbourg-vaubam-dam-viewpoint-300x120.webp 300w, https:\/\/culturefrancia.com\/wp-content\/uploads\/strasbourg-vaubam-dam-viewpoint-1024x410.webp 1024w, https:\/\/culturefrancia.com\/wp-content\/uploads\/strasbourg-vaubam-dam-viewpoint-768x307.webp 768w\" sizes=\"(max-width: 1200px) 100vw, 1200px\" \/>\t\t\t\t\t\t\t\t\t\t\t\t\t\t\t<\/div>\n\t\t\t\t<\/div>\n\t\t\t\t<div class=\"elementor-element elementor-element-83f76a1 elementor-widget elementor-widget-text-editor\" data-id=\"83f76a1\" data-element_type=\"widget\" data-e-type=\"widget\" data-widget_type=\"text-editor.default\">\n\t\t\t\t<div class=\"elementor-widget-container\">\n\t\t\t\t\t\t\t\t\t<p><span style=\"text-decoration: underline;\">In Video<\/span>\u00a0 Yes<\/p><p><span style=\"text-decoration: underline;\">Appeal<\/span>\u00a0 \u2726\u2726\u2727\u2727\u2727<br \/><span style=\"text-decoration: underline;\">Type<\/span> \u00a0<span data-sheets-root=\"1\">Dam<br \/><\/span><span style=\"text-decoration: underline;\">Price<\/span>\u00a0 Free<\/p><p><span style=\"text-decoration: underline;\">Full Name<\/span><br \/><em>Barrage Vauban<\/em><\/p><p>From here you&#8217;ll get a viewpoint over the Petite France area, mainly over the bridge and its three towers.<\/p><p>\ud83d\udccd <a href=\"https:\/\/maps.app.goo.gl\/bUNiYCbUd8QD6bbW7\" rel=\"nofollow noopener\" target=\"_blank\">Google Maps<\/a><\/p>\t\t\t\t\t\t\t\t<\/div>\n\t\t\t\t<\/div>\n\t\t\t\t<\/div>\n\t\t<div class=\"elementor-element elementor-element-5ab8220 container-h3 e-con-full e-flex e-con e-child\" data-id=\"5ab8220\" data-element_type=\"container\" data-e-type=\"container\">\n\t\t\t\t<div class=\"elementor-element elementor-element-5d6fda9 elementor-widget elementor-widget-heading\" data-id=\"5d6fda9\" data-element_type=\"widget\" data-e-type=\"widget\" data-widget_type=\"heading.default\">\n\t\t\t\t<div class=\"elementor-widget-container\">\n\t\t\t\t\t<h3 class=\"elementor-heading-title elementor-size-default\">3. Pont Royal<\/h3>\t\t\t\t<\/div>\n\t\t\t\t<\/div>\n\t\t\t\t<div class=\"elementor-element elementor-element-6fcb83a elementor-widget elementor-widget-image\" data-id=\"6fcb83a\" data-element_type=\"widget\" data-e-type=\"widget\" data-widget_type=\"image.default\">\n\t\t\t\t<div class=\"elementor-widget-container\">\n\t\t\t\t\t\t\t\t\t\t\t\t\t\t\t<img loading=\"lazy\" decoding=\"async\" width=\"1200\" height=\"480\" src=\"https:\/\/culturefrancia.com\/wp-content\/uploads\/church-saint-paul-strasbourg.webp\" class=\"attachment-full size-full wp-image-35723\" alt=\"\" srcset=\"https:\/\/culturefrancia.com\/wp-content\/uploads\/church-saint-paul-strasbourg.webp 1200w, https:\/\/culturefrancia.com\/wp-content\/uploads\/church-saint-paul-strasbourg-300x120.webp 300w, https:\/\/culturefrancia.com\/wp-content\/uploads\/church-saint-paul-strasbourg-1024x410.webp 1024w, https:\/\/culturefrancia.com\/wp-content\/uploads\/church-saint-paul-strasbourg-768x307.webp 768w\" sizes=\"(max-width: 1200px) 100vw, 1200px\" \/>\t\t\t\t\t\t\t\t\t\t\t\t\t\t\t<\/div>\n\t\t\t\t<\/div>\n\t\t\t\t<div class=\"elementor-element elementor-element-7c88c92 elementor-widget elementor-widget-text-editor\" data-id=\"7c88c92\" data-element_type=\"widget\" data-e-type=\"widget\" data-widget_type=\"text-editor.default\">\n\t\t\t\t<div class=\"elementor-widget-container\">\n\t\t\t\t\t\t\t\t\t<p><span style=\"text-decoration: underline;\">In Video<\/span>\u00a0 No<\/p><p><span style=\"text-decoration: underline;\">Appeal<\/span>\u00a0 \u2726\u2726\u2727\u2727\u2727<br \/><span style=\"text-decoration: underline;\">Type<\/span> \u00a0<span data-sheets-root=\"1\">Bridge<br \/><\/span><span style=\"text-decoration: underline;\">Price<\/span>\u00a0 Free<\/p><p><span style=\"text-decoration: underline;\">Full Name<\/span><br \/><em>Pont Royal<\/em><\/p><p>From here, you can get a nice view over the facade of the Saint-Thomas church.<\/p><p>\ud83d\udccd <a href=\"https:\/\/maps.app.goo.gl\/TVii46dhDpJAsu9p7\" rel=\"nofollow noopener\" target=\"_blank\">Google Maps<\/a><\/p>\t\t\t\t\t\t\t\t<\/div>\n\t\t\t\t<\/div>\n\t\t\t\t<\/div>\n\t\t\t\t\t<\/div>\n\t\t\t\t<\/div>\n\t\t<div class=\"elementor-element elementor-element-b50d081 container-h2 e-flex e-con-boxed e-con e-parent\" data-id=\"b50d081\" data-element_type=\"container\" data-e-type=\"container\">\n\t\t\t\t\t<div class=\"e-con-inner\">\n\t\t<div class=\"elementor-element elementor-element-cac19f3 e-con-full container-titre-h2 e-flex e-con e-child\" data-id=\"cac19f3\" data-element_type=\"container\" data-e-type=\"container\">\n\t\t\t\t<div class=\"elementor-element elementor-element-c1d0235 elementor-widget elementor-widget-heading\" data-id=\"c1d0235\" data-element_type=\"widget\" data-e-type=\"widget\" data-widget_type=\"heading.default\">\n\t\t\t\t<div class=\"elementor-widget-container\">\n\t\t\t\t\t<h2 class=\"elementor-heading-title elementor-size-default\">CHRISTMAS MARKET<\/h2>\t\t\t\t<\/div>\n\t\t\t\t<\/div>\n\t\t\t\t<\/div>\n\t\t<div class=\"elementor-element elementor-element-43b212d e-con-full container-h3 e-flex e-con e-child\" data-id=\"43b212d\" data-element_type=\"container\" data-e-type=\"container\">\n\t\t\t\t<div class=\"elementor-element elementor-element-0fd999e elementor-widget elementor-widget-image\" data-id=\"0fd999e\" data-element_type=\"widget\" data-e-type=\"widget\" data-widget_type=\"image.default\">\n\t\t\t\t<div class=\"elementor-widget-container\">\n\t\t\t\t\t\t\t\t\t\t\t\t\t\t\t<img loading=\"lazy\" decoding=\"async\" width=\"1200\" height=\"480\" src=\"https:\/\/culturefrancia.com\/wp-content\/uploads\/christmas-market-strasbourg.webp\" class=\"attachment-full size-full wp-image-35714\" alt=\"\" srcset=\"https:\/\/culturefrancia.com\/wp-content\/uploads\/christmas-market-strasbourg.webp 1200w, https:\/\/culturefrancia.com\/wp-content\/uploads\/christmas-market-strasbourg-300x120.webp 300w, https:\/\/culturefrancia.com\/wp-content\/uploads\/christmas-market-strasbourg-1024x410.webp 1024w, https:\/\/culturefrancia.com\/wp-content\/uploads\/christmas-market-strasbourg-768x307.webp 768w\" sizes=\"(max-width: 1200px) 100vw, 1200px\" \/>\t\t\t\t\t\t\t\t\t\t\t\t\t\t\t<\/div>\n\t\t\t\t<\/div>\n\t\t\t\t<div class=\"elementor-element elementor-element-4526930 elementor-widget elementor-widget-text-editor\" data-id=\"4526930\" data-element_type=\"widget\" data-e-type=\"widget\" data-widget_type=\"text-editor.default\">\n\t\t\t\t<div class=\"elementor-widget-container\">\n\t\t\t\t\t\t\t\t\t<p><span style=\"text-decoration: underline;\">In Video<\/span>\u00a0 Yes<\/p><p><span style=\"text-decoration: underline;\">Appeal<\/span> \u00a0<span data-sheets-root=\"1\">\u2726\u2726\u2726\u2726\u2726<\/span><\/p><p><span style=\"text-decoration: underline;\">Full Names<\/span><br \/><em>March\u00e9 de No\u00ebl<br \/>Christkindelsm\u00e4rik<\/em><\/p><p>The Strasbourg Christmas market takes place every year from late November to late December.<\/p><p>Also known as &#8220;Christkindelsm\u00e4rik&#8221; in Alsatian language, is the largest in France. Established in 1570, it attracts millions of visitors each year. Located on the <em>Grande \u00cele<\/em>, it offers a magical and festive atmosphere, especially at dusk.<\/p><p>The typical wooden chalets of the market showcase a variety of handcrafted products, Christmas decorations, handmade gifts, and of course, Alsatian culinary specialties such as pretzels, sauerkraut, and spiced mulled wine. The ambiance is enhanced by twinkling lights, creating a warm and friendly experience.<\/p><p>\ud83c\udfde\ufe0f\u00a0<a href=\"https:\/\/www.google.fr\/search?q=march\u00e9+de+no\u00ebl+strasbourg&amp;udm=2\" rel=\"nofollow noopener\" data-wpel-link=\"external\" target=\"_blank\">Google Images<\/a><\/p><p>\ud83d\udcdc <a href=\"https:\/\/en.wikipedia.org\/wiki\/Christkindelsm%C3%A4rik,_Strasbourg\" rel=\"nofollow noopener\" target=\"_blank\">Wikipedia<\/a><\/p>\t\t\t\t\t\t\t\t<\/div>\n\t\t\t\t<\/div>\n\t\t\t\t<\/div>\n\t\t\t\t\t<\/div>\n\t\t\t\t<\/div>\n\t\t<div class=\"elementor-element elementor-element-22a430b e-flex e-con-boxed e-con e-parent\" data-id=\"22a430b\" data-element_type=\"container\" data-e-type=\"container\">\n\t\t\t\t\t<div class=\"e-con-inner\">\n\t\t\t\t<div class=\"elementor-element elementor-element-af12098 elementor-widget elementor-widget-template\" data-id=\"af12098\" data-element_type=\"widget\" data-e-type=\"widget\" data-widget_type=\"template.default\">\n\t\t\t\t<div class=\"elementor-widget-container\">\n\t\t\t\t\t\t\t<div class=\"elementor-template\">\n\t\t\t\t\t<div data-elementor-type=\"container\" data-elementor-id=\"50794\" class=\"elementor elementor-50794\" data-elementor-post-type=\"elementor_library\">\n\t\t\t\t<div class=\"elementor-element elementor-element-3237893 container-tg-h2 e-flex e-con-boxed e-con e-parent\" data-id=\"3237893\" data-element_type=\"container\" data-e-type=\"container\">\n\t\t\t\t\t<div class=\"e-con-inner\">\n\t\t<div class=\"elementor-element elementor-element-07f3cc9 e-con-full container-titre-h2 e-flex e-con e-child\" data-id=\"07f3cc9\" data-element_type=\"container\" data-e-type=\"container\">\n\t\t\t\t<div class=\"elementor-element elementor-element-9823c15 elementor-widget elementor-widget-heading\" data-id=\"9823c15\" data-element_type=\"widget\" data-e-type=\"widget\" data-widget_type=\"heading.default\">\n\t\t\t\t<div class=\"elementor-widget-container\">\n\t\t\t\t\t<h2 class=\"elementor-heading-title elementor-size-default\"><a href=\"https:\/\/culturefrancia.com\/en\/alsace-travel-guide\/\">ALSACE TRAVEL GUIDE<\/a><\/h2>\t\t\t\t<\/div>\n\t\t\t\t<\/div>\n\t\t\t\t<\/div>\n\t\t<div class=\"elementor-element elementor-element-558b699 e-con-full e-flex e-con e-child\" data-id=\"558b699\" data-element_type=\"container\" data-e-type=\"container\">\n\t\t\t\t<div class=\"elementor-element elementor-element-5929552 elementor-widget__width-initial elementor-widget elementor-widget-image\" data-id=\"5929552\" data-element_type=\"widget\" data-e-type=\"widget\" data-widget_type=\"image.default\">\n\t\t\t\t<div class=\"elementor-widget-container\">\n\t\t\t\t\t\t\t\t\t\t\t\t\t\t\t\t<a href=\"https:\/\/culturefrancia.com\/en\/alsace-travel-guide\/\" rel=\"nofollow\">\n\t\t\t\t\t\t\t<img loading=\"lazy\" decoding=\"async\" width=\"1200\" height=\"481\" src=\"https:\/\/culturefrancia.com\/wp-content\/uploads\/viewpoint-north-riquewihr.webp\" class=\"attachment-full size-full wp-image-37067\" alt=\"\" srcset=\"https:\/\/culturefrancia.com\/wp-content\/uploads\/viewpoint-north-riquewihr.webp 1200w, https:\/\/culturefrancia.com\/wp-content\/uploads\/viewpoint-north-riquewihr-300x120.webp 300w, https:\/\/culturefrancia.com\/wp-content\/uploads\/viewpoint-north-riquewihr-1024x410.webp 1024w, https:\/\/culturefrancia.com\/wp-content\/uploads\/viewpoint-north-riquewihr-768x308.webp 768w\" sizes=\"(max-width: 1200px) 100vw, 1200px\" \/>\t\t\t\t\t\t\t\t<\/a>\n\t\t\t\t\t\t\t\t\t\t\t\t\t\t\t<\/div>\n\t\t\t\t<\/div>\n\t\t\t\t<div class=\"elementor-element elementor-element-266f1e5 elementor-widget__width-initial elementor-hidden-mobile elementor-widget elementor-widget-image\" data-id=\"266f1e5\" data-element_type=\"widget\" data-e-type=\"widget\" data-widget_type=\"image.default\">\n\t\t\t\t<div class=\"elementor-widget-container\">\n\t\t\t\t\t\t\t\t\t\t\t\t\t\t\t\t<a href=\"https:\/\/culturefrancia.com\/en\/alsace-travel-guide\/\" rel=\"nofollow\">\n\t\t\t\t\t\t\t<img loading=\"lazy\" decoding=\"async\" width=\"1000\" height=\"1000\" src=\"https:\/\/culturefrancia.com\/wp-content\/uploads\/alsace-glimpse-map.png\" class=\"attachment-full size-full wp-image-36076\" alt=\"\" srcset=\"https:\/\/culturefrancia.com\/wp-content\/uploads\/alsace-glimpse-map.png 1000w, https:\/\/culturefrancia.com\/wp-content\/uploads\/alsace-glimpse-map-300x300.png 300w, https:\/\/culturefrancia.com\/wp-content\/uploads\/alsace-glimpse-map-150x150.png 150w, https:\/\/culturefrancia.com\/wp-content\/uploads\/alsace-glimpse-map-768x768.png 768w\" sizes=\"(max-width: 1000px) 100vw, 1000px\" \/>\t\t\t\t\t\t\t\t<\/a>\n\t\t\t\t\t\t\t\t\t\t\t\t\t\t\t<\/div>\n\t\t\t\t<\/div>\n\t\t\t\t<\/div>\n\t\t\t\t\t<\/div>\n\t\t\t\t<\/div>\n\t\t<div class=\"elementor-element elementor-element-8f3246e container-h2 e-flex e-con-boxed e-con e-parent\" data-id=\"8f3246e\" data-element_type=\"container\" data-e-type=\"container\">\n\t\t\t\t\t<div class=\"e-con-inner\">\n\t\t<div class=\"elementor-element elementor-element-929bbce e-con-full container-titre-h2 e-flex e-con e-child\" data-id=\"929bbce\" data-element_type=\"container\" data-e-type=\"container\">\n\t\t\t\t<div class=\"elementor-element elementor-element-fcdccfc elementor-widget elementor-widget-heading\" data-id=\"fcdccfc\" data-element_type=\"widget\" data-e-type=\"widget\" data-widget_type=\"heading.default\">\n\t\t\t\t<div class=\"elementor-widget-container\">\n\t\t\t\t\t<h2 class=\"elementor-heading-title elementor-size-default\">OTHER THINGS TO DO IN ALSACE<\/h2>\t\t\t\t<\/div>\n\t\t\t\t<\/div>\n\t\t\t\t<\/div>\n\t\t<div class=\"elementor-element elementor-element-7889cb2 e-con-full container-h3 e-flex e-con e-child\" data-id=\"7889cb2\" data-element_type=\"container\" data-e-type=\"container\">\n\t\t\t\t<div class=\"elementor-element elementor-element-3fa6f11 elementor-widget elementor-widget-text-editor\" data-id=\"3fa6f11\" data-element_type=\"widget\" data-e-type=\"widget\" data-widget_type=\"text-editor.default\">\n\t\t\t\t<div class=\"elementor-widget-container\">\n\t\t\t\t\t\t\t\t\t<p><a href=\"https:\/\/culturefrancia.com\/en\/alsace-tourist-map\/\">Alsace Tourist <strong>Map<\/strong><\/a><\/p><p><a href=\"https:\/\/culturefrancia.com\/en\/alsace-best-things-to-do\/\" data-wpel-link=\"internal\"><strong>Top<\/strong> Places to See<\/a><\/p>\t\t\t\t\t\t\t\t<\/div>\n\t\t\t\t<\/div>\n\t\t\t\t<div class=\"elementor-element elementor-element-4e8978c elementor-widget elementor-widget-text-editor\" data-id=\"4e8978c\" data-element_type=\"widget\" data-e-type=\"widget\" data-widget_type=\"text-editor.default\">\n\t\t\t\t<div class=\"elementor-widget-container\">\n\t\t\t\t\t\t\t\t\t<p><a href=\"https:\/\/culturefrancia.com\/en\/bergheim-things-to-do\/\" data-wpel-link=\"internal\">Things to Do in\u00a0<b>Bergheim<\/b> Village<\/a><\/p><p><a href=\"https:\/\/culturefrancia.com\/en\/colmar-things-to-do\/\" data-wpel-link=\"internal\">Things to Do in\u00a0<b>Colmar<\/b> City<\/a><\/p><p><a href=\"https:\/\/culturefrancia.com\/en\/eguisheim-things-to-do\/\" data-wpel-link=\"internal\">Things to Do in\u00a0<b>Eguisheim<\/b> Village<\/a><\/p><p><a href=\"https:\/\/culturefrancia.com\/en\/hunawihr-things-to-do\/\" data-wpel-link=\"internal\">Things to Do in\u00a0<b>Hunawihr<\/b> Village<\/a><\/p><p><a href=\"https:\/\/culturefrancia.com\/en\/kaysersberg-things-to-do\/\" data-wpel-link=\"internal\">Things to Do in\u00a0<b>Kaysersberg<\/b> Village<\/a><\/p><p><a href=\"https:\/\/culturefrancia.com\/en\/mulhouse-things-to-do\/\" data-wpel-link=\"internal\">Things to Do in\u00a0<b>Mulhouse<\/b> City<\/a><\/p><p><a href=\"https:\/\/culturefrancia.com\/en\/obernai-things-to-do\/\" data-wpel-link=\"internal\">Things to Do in\u00a0<b>Obernai<\/b> Town<\/a><\/p><p><a href=\"https:\/\/culturefrancia.com\/en\/ribeauville-things-to-do\/\" data-wpel-link=\"internal\">Things to Do in\u00a0<b>Ribeauvill\u00e9<\/b> Village<\/a><\/p><p><a href=\"https:\/\/culturefrancia.com\/en\/riquewihr-things-to-do\/\" data-wpel-link=\"internal\">Things to Do in\u00a0<b>Riquewihr<\/b> Village<\/a><\/p><p><a href=\"https:\/\/culturefrancia.com\/en\/selestat-things-to-do\/\" data-wpel-link=\"internal\">Things to Do in\u00a0<b>Selestat<\/b> Town<\/a><\/p><p><a href=\"https:\/\/culturefrancia.com\/en\/strasbourg-tourist-map\/\"><strong>Strasbourg <\/strong>Tourist Map<\/a><\/p><p><a href=\"https:\/\/culturefrancia.com\/en\/strasbourg-things-to-do\/\" data-wpel-link=\"internal\">Things to Do in <b>Strasbourg<\/b> City<\/a><\/p><p><a href=\"https:\/\/culturefrancia.com\/en\/turckheim-things-to-do\/\" data-wpel-link=\"internal\">Things to Do in\u00a0<b>Turckheim<\/b> Village<\/a><\/p>\t\t\t\t\t\t\t\t<\/div>\n\t\t\t\t<\/div>\n\t\t\t\t<\/div>\n\t\t\t\t<div class=\"elementor-element elementor-element-1c3d5c5 elementor-widget elementor-widget-html\" data-id=\"1c3d5c5\" data-element_type=\"widget\" data-e-type=\"widget\" data-widget_type=\"html.default\">\n\t\t\t\t<div class=\"elementor-widget-container\">\n\t\t\t\t\t<style>\r\na.disabled-link {\r\n    pointer-events: none;\r\n    color: #000000;\r\n}\r\n<\/style>\r\n\r\n<script>\r\ndocument.addEventListener(\"DOMContentLoaded\", function () {\r\n    const currentBaseURL = (window.location.origin + window.location.pathname).replace(\/\\\/$\/, '');\r\n\r\n    document.querySelectorAll('a[href]').forEach(function(anchor) {\r\n        const href = anchor.getAttribute('href');\r\n\r\n        if (\r\n            href === '#' ||\r\n            href.startsWith('#') ||\r\n            href.startsWith('javascript:')\r\n        ) {\r\n            return;\r\n        }\r\n\r\n        try {\r\n            const anchorURL = new URL(anchor.href, window.location.origin);\r\n            const anchorBaseURL = (anchorURL.origin + anchorURL.pathname).replace(\/\\\/$\/, '');\r\n\r\n            if (anchorBaseURL === currentBaseURL) {\r\n                anchor.classList.add('disabled-link');\r\n            }\r\n        } catch (e) {\r\n            console.warn(\"Lien ignor\u00e9 :\", anchor.href);\r\n        }\r\n    });\r\n});\r\n<\/script>\r\n\t\t\t\t<\/div>\n\t\t\t\t<\/div>\n\t\t\t\t\t<\/div>\n\t\t\t\t<\/div>\n\t\t\t\t<\/div>\n\t\t\t\t<\/div>\n\t\t\t\t\t\t<\/div>\n\t\t\t\t<\/div>\n\t\t\t\t\t<\/div>\n\t\t\t\t<\/div>\n\t\t\t\t<\/div>\n\t\t","protected":false},"excerpt":{"rendered":"<p>YOUTUBE VIDEO (12:12) INTERACTIVE MAP STROLLS Overview Table Name Appeal Type 1 Grande \u00cele \u2726\u2726\u2726\u2726\u2726 Old Town 2 Petite France \u2726\u2726\u2726\u2726\u2726 Neighborhood 3 Ponts Couverts \u2726\u2726\u2726\u2727\u2727 Bridge 4 Barrage Vauban \u2726\u2726\u2727\u2727\u2727 Dam + Passage 1. Grande \u00cele In Video\u00a0 Yes Appeal \u00a0\u2726\u2726\u2726\u2726\u2726Type \u00a0Old Town Full NamesGrande \u00celeCentre Ville The historic heart of Strasbourg is called [&hellip;]<\/p>\n","protected":false},"author":2,"featured_media":35741,"parent":0,"menu_order":0,"comment_status":"closed","ping_status":"closed","template":"","meta":{"footnotes":""},"categories":[45],"wf_page_folders":[82],"class_list":["post-35945","page","type-page","status-publish","has-post-thumbnail","hentry","category-category-ttd-subpages"],"_links":{"self":[{"href":"https:\/\/culturefrancia.com\/en\/wp-json\/wp\/v2\/pages\/35945","targetHints":{"allow":["GET"]}}],"collection":[{"href":"https:\/\/culturefrancia.com\/en\/wp-json\/wp\/v2\/pages"}],"about":[{"href":"https:\/\/culturefrancia.com\/en\/wp-json\/wp\/v2\/types\/page"}],"author":[{"embeddable":true,"href":"https:\/\/culturefrancia.com\/en\/wp-json\/wp\/v2\/users\/2"}],"replies":[{"embeddable":true,"href":"https:\/\/culturefrancia.com\/en\/wp-json\/wp\/v2\/comments?post=35945"}],"version-history":[{"count":405,"href":"https:\/\/culturefrancia.com\/en\/wp-json\/wp\/v2\/pages\/35945\/revisions"}],"predecessor-version":[{"id":59823,"href":"https:\/\/culturefrancia.com\/en\/wp-json\/wp\/v2\/pages\/35945\/revisions\/59823"}],"wp:featuredmedia":[{"embeddable":true,"href":"https:\/\/culturefrancia.com\/en\/wp-json\/wp\/v2\/media\/35741"}],"wp:attachment":[{"href":"https:\/\/culturefrancia.com\/en\/wp-json\/wp\/v2\/media?parent=35945"}],"wp:term":[{"taxonomy":"category","embeddable":true,"href":"https:\/\/culturefrancia.com\/en\/wp-json\/wp\/v2\/categories?post=35945"},{"taxonomy":"wf_page_folders","embeddable":true,"href":"https:\/\/culturefrancia.com\/en\/wp-json\/wp\/v2\/wf_page_folders?post=35945"}],"curies":[{"name":"wp","href":"https:\/\/api.w.org\/{rel}","templated":true}]}}